{"id":17831,"date":"2023-11-06T13:05:40","date_gmt":"2023-11-06T18:05:40","guid":{"rendered":"https:\/\/thebusinesscouncil.ca\/?post_type=report&#038;p=17831"},"modified":"2023-11-09T10:05:12","modified_gmt":"2023-11-09T15:05:12","slug":"un-quebec-plus-innovant-plus-productif-et-plus-prospere","status":"publish","type":"report","link":"https:\/\/www.thebusinesscouncil.ca\/fr\/rapport\/un-quebec-plus-innovant-plus-productif-et-plus-prospere\/","title":{"rendered":"Un Qu\u00e9bec plus innovant,\u00a0plus productif et plus prosp\u00e8re"},"content":{"rendered":"\n<h2 class=\"wp-block-heading\">Mise en contexte<\/h2>\n\n\n\n<p>En mai 2023, le ministre des Finances du Qu\u00e9bec, M. \u00c9ric Girard, a lanc\u00e9 une consultation visant \u00e0 solliciter l\u2019avis d\u2019experts du milieu acad\u00e9mique et des affaires sur l\u2019enjeu de l\u2019\u00e9cart de richesse entre le Qu\u00e9bec et l\u2019Ontario. Je remercie le ministre de m\u2019offrir l\u2019occasion de prendre part et de contribuer \u00e0 cette importante initiative. Je salue son engagement personnel et celui de son gouvernement \u00e0 s\u2019attaquer de front \u00e0 un enjeu fondamental pour l\u2019avenir du Qu\u00e9bec.&nbsp;<\/p>\n\n\n\n<p>Le regain de productivit\u00e9 est une n\u00e9cessit\u00e9 et un enjeu central pour le Qu\u00e9bec.&nbsp; Le financement des programmes sociaux, si chers aux Qu\u00e9b\u00e9cois et Qu\u00e9b\u00e9coises, n\u2019est pas garanti pour les g\u00e9n\u00e9rations \u00e0 venir.&nbsp; Qui plus est, le vent de front que repr\u00e9sente le d\u00e9clin d\u00e9mographique risque d\u2019\u00eatre douloureux \u00e0 terme.<\/p>\n\n\n\n<p>D\u2019embl\u00e9e, je note le contexte singulier dans lequel nous nous trouvons. Bien que le probl\u00e8me que pose le manque de productivit\u00e9 ne soit pas nouveau et simple \u00e0 r\u00e9gler, il se pose \u00e0 un moment charni\u00e8re ou bien des \u00e9tats, les \u00c9tats-Unis en t\u00eate, entament un exercice de r\u00e9industrialisation majeur en faveur de la transition \u00e9cologique. Cela ram\u00e8ne in\u00e9luctablement la politique industrielle au centre des d\u00e9bats et de l\u2019action gouvernementale.&nbsp;<\/p>\n\n\n\n<p>L\u2019affaissement du consensus de Washington des ann\u00e9es 80 est l\u2019un des \u00e9v\u00e9nements les plus cons\u00e9quents des vingt derni\u00e8res ann\u00e9es sur le plan \u00e9conomique.&nbsp;<\/p>\n\n\n\n<figure class=\"wp-block-image size-large\"><img loading=\"lazy\" decoding=\"async\" width=\"1024\" height=\"649\" src=\"https:\/\/thebusinesscouncil.ca\/wp-content\/uploads\/2023\/11\/Trade-as-a-share-of-GDP_FR-1024x649.png\" alt=\"\" class=\"wp-image-17835\" srcset=\"https:\/\/www.thebusinesscouncil.ca\/wp-content\/uploads\/2023\/11\/Trade-as-a-share-of-GDP_FR-1024x649.png 1024w, https:\/\/www.thebusinesscouncil.ca\/wp-content\/uploads\/2023\/11\/Trade-as-a-share-of-GDP_FR-300x190.png 300w, https:\/\/www.thebusinesscouncil.ca\/wp-content\/uploads\/2023\/11\/Trade-as-a-share-of-GDP_FR-768x487.png 768w, https:\/\/www.thebusinesscouncil.ca\/wp-content\/uploads\/2023\/11\/Trade-as-a-share-of-GDP_FR-315x200.png 315w, https:\/\/www.thebusinesscouncil.ca\/wp-content\/uploads\/2023\/11\/Trade-as-a-share-of-GDP_FR.png 1088w\" sizes=\"auto, (max-width: 1024px) 100vw, 1024px\" \/><\/figure>\n\n\n\n<p>Ainsi, les nouveaux imp\u00e9ratifs de l\u2019\u00e9conomie politique (political economy) se manifestent et engendrent un interventionnisme \u00e9tatique plus marqu\u00e9. Ces imp\u00e9ratifs \u2013 au premier rang la transition \u00e9nerg\u00e9tique et la s\u00e9curit\u00e9 nationale \u2013 ne sont pas triviaux et passagers.<\/p>\n\n\n\n<div class=\"wp-block-buttons is-layout-flex wp-block-buttons-is-layout-flex\">\n<div class=\"wp-block-button\"><a class=\"wp-block-button__link wp-element-button\" href=\"https:\/\/www.thebusinesscouncil.ca\/wp-content\/uploads\/2023\/11\/Un-Quebec-plus-innovant-plus-productif-et-plus-prospere.pdf\">Lire le rapport complet<\/a><\/div>\n<\/div>\n","protected":false},"featured_media":17832,"template":"","post_types":[102],"topics":[67],"class_list":["post-17831","report","type-report","status-publish","has-post-thumbnail","hentry","post_types-rapports"],"acf":[],"yoast_head":"<!-- This site is optimized with the Yoast SEO plugin v27.1.1 - https:\/\/yoast.com\/product\/yoast-seo-wordpress\/ -->\n<title>Un Qu\u00e9bec plus innovant,\u00a0plus productif et plus prosp\u00e8re | Business Council of Canada<\/title>\n<meta name=\"robots\" content=\"index, follow, max-snippet:-1, max-image-preview:large, max-video-preview:-1\" \/>\n<link rel=\"canonical\" href=\"https:\/\/thebusinesscouncil.ca\/fr\/rapport\/un-quebec-plus-innovant-plus-productif-et-plus-prospere\/\" \/>\n<meta property=\"og:locale\" content=\"fr_FR\" \/>\n<meta property=\"og:type\" content=\"article\" \/>\n<meta property=\"og:title\" content=\"Un Qu\u00e9bec plus innovant,\u00a0plus productif et plus prosp\u00e8re | Business Council of Canada\" \/>\n<meta property=\"og:description\" content=\"Mise en contexte En mai 2023, le ministre des Finances du Qu\u00e9bec, M. \u00c9ric Girard, a lanc\u00e9 une consultation visant \u00e0 solliciter l\u2019avis d\u2019experts du milieu acad\u00e9mique et des affaires sur l\u2019enjeu de l\u2019\u00e9cart de richesse entre le Qu\u00e9bec et...\" \/>\n<meta property=\"og:url\" content=\"https:\/\/thebusinesscouncil.ca\/fr\/rapport\/un-quebec-plus-innovant-plus-productif-et-plus-prospere\/\" \/>\n<meta property=\"og:site_name\" content=\"Business Council of Canada\" \/>\n<meta property=\"article:modified_time\" content=\"2023-11-09T15:05:12+00:00\" \/>\n<meta property=\"og:image\" content=\"https:\/\/thebusinesscouncil.ca\/wp-content\/uploads\/2023\/11\/Template_Report_QuebecReport_FR.png\" \/>\n\t<meta property=\"og:image:width\" content=\"1440\" \/>\n\t<meta property=\"og:image:height\" content=\"900\" \/>\n\t<meta property=\"og:image:type\" content=\"image\/png\" \/>\n<meta name=\"twitter:card\" content=\"summary_large_image\" \/>\n<meta name=\"twitter:site\" content=\"@BizCouncilofCan\" \/>\n<script type=\"application\/ld+json\" class=\"yoast-schema-graph\">{\"@context\":\"https:\/\/schema.org\",\"@graph\":[{\"@type\":\"WebPage\",\"@id\":\"https:\/\/thebusinesscouncil.ca\/fr\/rapport\/un-quebec-plus-innovant-plus-productif-et-plus-prospere\/\",\"url\":\"https:\/\/thebusinesscouncil.ca\/fr\/rapport\/un-quebec-plus-innovant-plus-productif-et-plus-prospere\/\",\"name\":\"Un Qu\u00e9bec plus innovant,\u00a0plus productif et plus prosp\u00e8re | Business Council of Canada\",\"isPartOf\":{\"@id\":\"https:\/\/www.thebusinesscouncil.ca\/#website\"},\"primaryImageOfPage\":{\"@id\":\"https:\/\/thebusinesscouncil.ca\/fr\/rapport\/un-quebec-plus-innovant-plus-productif-et-plus-prospere\/#primaryimage\"},\"image\":{\"@id\":\"https:\/\/thebusinesscouncil.ca\/fr\/rapport\/un-quebec-plus-innovant-plus-productif-et-plus-prospere\/#primaryimage\"},\"thumbnailUrl\":\"https:\/\/www.thebusinesscouncil.ca\/wp-content\/uploads\/2023\/11\/Template_Report_QuebecReport_FR.png\",\"datePublished\":\"2023-11-06T18:05:40+00:00\",\"dateModified\":\"2023-11-09T15:05:12+00:00\",\"breadcrumb\":{\"@id\":\"https:\/\/thebusinesscouncil.ca\/fr\/rapport\/un-quebec-plus-innovant-plus-productif-et-plus-prospere\/#breadcrumb\"},\"inLanguage\":\"fr-FR\",\"potentialAction\":[{\"@type\":\"ReadAction\",\"target\":[\"https:\/\/thebusinesscouncil.ca\/fr\/rapport\/un-quebec-plus-innovant-plus-productif-et-plus-prospere\/\"]}]},{\"@type\":\"ImageObject\",\"inLanguage\":\"fr-FR\",\"@id\":\"https:\/\/thebusinesscouncil.ca\/fr\/rapport\/un-quebec-plus-innovant-plus-productif-et-plus-prospere\/#primaryimage\",\"url\":\"https:\/\/www.thebusinesscouncil.ca\/wp-content\/uploads\/2023\/11\/Template_Report_QuebecReport_FR.png\",\"contentUrl\":\"https:\/\/www.thebusinesscouncil.ca\/wp-content\/uploads\/2023\/11\/Template_Report_QuebecReport_FR.png\",\"width\":1440,\"height\":900},{\"@type\":\"BreadcrumbList\",\"@id\":\"https:\/\/thebusinesscouncil.ca\/fr\/rapport\/un-quebec-plus-innovant-plus-productif-et-plus-prospere\/#breadcrumb\",\"itemListElement\":[{\"@type\":\"ListItem\",\"position\":1,\"name\":\"Home\",\"item\":\"https:\/\/www.thebusinesscouncil.ca\/fr\/\"},{\"@type\":\"ListItem\",\"position\":2,\"name\":\"Un Qu\u00e9bec plus innovant,\u00a0plus productif et plus prosp\u00e8re\"}]},{\"@type\":\"WebSite\",\"@id\":\"https:\/\/www.thebusinesscouncil.ca\/#website\",\"url\":\"https:\/\/www.thebusinesscouncil.ca\/\",\"name\":\"Business Council of Canada\",\"description\":\"\",\"publisher\":{\"@id\":\"https:\/\/www.thebusinesscouncil.ca\/#organization\"},\"potentialAction\":[{\"@type\":\"SearchAction\",\"target\":{\"@type\":\"EntryPoint\",\"urlTemplate\":\"https:\/\/www.thebusinesscouncil.ca\/?s={search_term_string}\"},\"query-input\":{\"@type\":\"PropertyValueSpecification\",\"valueRequired\":true,\"valueName\":\"search_term_string\"}}],\"inLanguage\":\"fr-FR\"},{\"@type\":\"Organization\",\"@id\":\"https:\/\/www.thebusinesscouncil.ca\/#organization\",\"name\":\"Business Council of Canada\",\"url\":\"https:\/\/www.thebusinesscouncil.ca\/\",\"logo\":{\"@type\":\"ImageObject\",\"inLanguage\":\"fr-FR\",\"@id\":\"https:\/\/www.thebusinesscouncil.ca\/#\/schema\/logo\/image\/\",\"url\":\"https:\/\/www.thebusinesscouncil.ca\/wp-content\/uploads\/2020\/10\/Business-Council-of-Canada-Generic.png\",\"contentUrl\":\"https:\/\/www.thebusinesscouncil.ca\/wp-content\/uploads\/2020\/10\/Business-Council-of-Canada-Generic.png\",\"width\":1440,\"height\":900,\"caption\":\"Business Council of Canada\"},\"image\":{\"@id\":\"https:\/\/www.thebusinesscouncil.ca\/#\/schema\/logo\/image\/\"},\"sameAs\":[\"https:\/\/x.com\/BizCouncilofCan\",\"https:\/\/www.linkedin.com\/company\/business-council-of-canda\",\"https:\/\/www.youtube.com\/user\/CdnCEOCouncil\"]}]}<\/script>\n<!-- \/ Yoast SEO plugin. -->","yoast_head_json":{"title":"Un Qu\u00e9bec plus innovant,\u00a0plus productif et plus prosp\u00e8re | Business Council of Canada","robots":{"index":"index","follow":"follow","max-snippet":"max-snippet:-1","max-image-preview":"max-image-preview:large","max-video-preview":"max-video-preview:-1"},"canonical":"https:\/\/thebusinesscouncil.ca\/fr\/rapport\/un-quebec-plus-innovant-plus-productif-et-plus-prospere\/","og_locale":"fr_FR","og_type":"article","og_title":"Un Qu\u00e9bec plus innovant,\u00a0plus productif et plus prosp\u00e8re | Business Council of Canada","og_description":"Mise en contexte En mai 2023, le ministre des Finances du Qu\u00e9bec, M. \u00c9ric Girard, a lanc\u00e9 une consultation visant \u00e0 solliciter l\u2019avis d\u2019experts du milieu acad\u00e9mique et des affaires sur l\u2019enjeu de l\u2019\u00e9cart de richesse entre le Qu\u00e9bec et...","og_url":"https:\/\/thebusinesscouncil.ca\/fr\/rapport\/un-quebec-plus-innovant-plus-productif-et-plus-prospere\/","og_site_name":"Business Council of Canada","article_modified_time":"2023-11-09T15:05:12+00:00","og_image":[{"width":1440,"height":900,"url":"https:\/\/thebusinesscouncil.ca\/wp-content\/uploads\/2023\/11\/Template_Report_QuebecReport_FR.png","type":"image\/png"}],"twitter_card":"summary_large_image","twitter_site":"@BizCouncilofCan","schema":{"@context":"https:\/\/schema.org","@graph":[{"@type":"WebPage","@id":"https:\/\/thebusinesscouncil.ca\/fr\/rapport\/un-quebec-plus-innovant-plus-productif-et-plus-prospere\/","url":"https:\/\/thebusinesscouncil.ca\/fr\/rapport\/un-quebec-plus-innovant-plus-productif-et-plus-prospere\/","name":"Un Qu\u00e9bec plus innovant,\u00a0plus productif et plus prosp\u00e8re | Business Council of Canada","isPartOf":{"@id":"https:\/\/www.thebusinesscouncil.ca\/#website"},"primaryImageOfPage":{"@id":"https:\/\/thebusinesscouncil.ca\/fr\/rapport\/un-quebec-plus-innovant-plus-productif-et-plus-prospere\/#primaryimage"},"image":{"@id":"https:\/\/thebusinesscouncil.ca\/fr\/rapport\/un-quebec-plus-innovant-plus-productif-et-plus-prospere\/#primaryimage"},"thumbnailUrl":"https:\/\/www.thebusinesscouncil.ca\/wp-content\/uploads\/2023\/11\/Template_Report_QuebecReport_FR.png","datePublished":"2023-11-06T18:05:40+00:00","dateModified":"2023-11-09T15:05:12+00:00","breadcrumb":{"@id":"https:\/\/thebusinesscouncil.ca\/fr\/rapport\/un-quebec-plus-innovant-plus-productif-et-plus-prospere\/#breadcrumb"},"inLanguage":"fr-FR","potentialAction":[{"@type":"ReadAction","target":["https:\/\/thebusinesscouncil.ca\/fr\/rapport\/un-quebec-plus-innovant-plus-productif-et-plus-prospere\/"]}]},{"@type":"ImageObject","inLanguage":"fr-FR","@id":"https:\/\/thebusinesscouncil.ca\/fr\/rapport\/un-quebec-plus-innovant-plus-productif-et-plus-prospere\/#primaryimage","url":"https:\/\/www.thebusinesscouncil.ca\/wp-content\/uploads\/2023\/11\/Template_Report_QuebecReport_FR.png","contentUrl":"https:\/\/www.thebusinesscouncil.ca\/wp-content\/uploads\/2023\/11\/Template_Report_QuebecReport_FR.png","width":1440,"height":900},{"@type":"BreadcrumbList","@id":"https:\/\/thebusinesscouncil.ca\/fr\/rapport\/un-quebec-plus-innovant-plus-productif-et-plus-prospere\/#breadcrumb","itemListElement":[{"@type":"ListItem","position":1,"name":"Home","item":"https:\/\/www.thebusinesscouncil.ca\/fr\/"},{"@type":"ListItem","position":2,"name":"Un Qu\u00e9bec plus innovant,\u00a0plus productif et plus prosp\u00e8re"}]},{"@type":"WebSite","@id":"https:\/\/www.thebusinesscouncil.ca\/#website","url":"https:\/\/www.thebusinesscouncil.ca\/","name":"Business Council of Canada","description":"","publisher":{"@id":"https:\/\/www.thebusinesscouncil.ca\/#organization"},"potentialAction":[{"@type":"SearchAction","target":{"@type":"EntryPoint","urlTemplate":"https:\/\/www.thebusinesscouncil.ca\/?s={search_term_string}"},"query-input":{"@type":"PropertyValueSpecification","valueRequired":true,"valueName":"search_term_string"}}],"inLanguage":"fr-FR"},{"@type":"Organization","@id":"https:\/\/www.thebusinesscouncil.ca\/#organization","name":"Business Council of Canada","url":"https:\/\/www.thebusinesscouncil.ca\/","logo":{"@type":"ImageObject","inLanguage":"fr-FR","@id":"https:\/\/www.thebusinesscouncil.ca\/#\/schema\/logo\/image\/","url":"https:\/\/www.thebusinesscouncil.ca\/wp-content\/uploads\/2020\/10\/Business-Council-of-Canada-Generic.png","contentUrl":"https:\/\/www.thebusinesscouncil.ca\/wp-content\/uploads\/2020\/10\/Business-Council-of-Canada-Generic.png","width":1440,"height":900,"caption":"Business Council of Canada"},"image":{"@id":"https:\/\/www.thebusinesscouncil.ca\/#\/schema\/logo\/image\/"},"sameAs":["https:\/\/x.com\/BizCouncilofCan","https:\/\/www.linkedin.com\/company\/business-council-of-canda","https:\/\/www.youtube.com\/user\/CdnCEOCouncil"]}]}},"publishpress_future_workflow_manual_trigger":{"enabledWorkflows":[]},"_links":{"self":[{"href":"https:\/\/www.thebusinesscouncil.ca\/fr\/wp-json\/wp\/v2\/report\/17831","targetHints":{"allow":["GET"]}}],"collection":[{"href":"https:\/\/www.thebusinesscouncil.ca\/fr\/wp-json\/wp\/v2\/report"}],"about":[{"href":"https:\/\/www.thebusinesscouncil.ca\/fr\/wp-json\/wp\/v2\/types\/report"}],"wp:featuredmedia":[{"embeddable":true,"href":"https:\/\/www.thebusinesscouncil.ca\/fr\/wp-json\/wp\/v2\/media\/17832"}],"wp:attachment":[{"href":"https:\/\/www.thebusinesscouncil.ca\/fr\/wp-json\/wp\/v2\/media?parent=17831"}],"wp:term":[{"taxonomy":"post_types","embeddable":true,"href":"https:\/\/www.thebusinesscouncil.ca\/fr\/wp-json\/wp\/v2\/post_types?post=17831"},{"taxonomy":"topics","embeddable":true,"href":"https:\/\/www.thebusinesscouncil.ca\/fr\/wp-json\/wp\/v2\/topics?post=17831"}],"curies":[{"name":"wp","href":"https:\/\/api.w.org\/{rel}","templated":true}]}}