{"id":5870,"date":"2020-03-30T14:06:00","date_gmt":"2020-03-30T14:06:00","guid":{"rendered":"https:\/\/www.thebusinesscouncil.ca\/?post_type=publication&#038;p=5870"},"modified":"2020-11-05T15:14:28","modified_gmt":"2020-11-05T15:14:28","slug":"le-conseil-canadien-des-affaires-se-rejouit-de-lannonce-du-premier-ministre-selon-laquelle-des-subventions-salariales-seront-accordees-aux-employeurs-de-toutes-tailles","status":"publish","type":"publication","link":"https:\/\/www.thebusinesscouncil.ca\/fr\/publication\/le-conseil-canadien-des-affaires-se-rejouit-de-lannonce-du-premier-ministre-selon-laquelle-des-subventions-salariales-seront-accordees-aux-employeurs-de-toutes-tailles\/","title":{"rendered":"Le Conseil canadien des affaires se r\u00e9jouit de l\u2019annonce du Premier ministre selon laquelle des subventions salariales seront accord\u00e9es aux employeurs de toutes tailles"},"content":{"rendered":"\n<p>Nous sommes tr\u00e8s heureux de l\u2019annonce du Premier Ministre aujourd\u2019hui, que la Subvention canadienne d\u2019urgence pour les salaires sera offerte aux employeurs de toutes tailles qui ont vu leurs revenus baisser. La subvention salariale contribuera \u00e0 \u00e9viter de nouveaux licenciements, pr\u00e9servant autant d\u2019emplois que possible pendant la pand\u00e9mie de la COVID-19. Combin\u00e9es \u00e0 la prestation canadienne d\u2019urgence, ces mesures procurent un soulagement bien n\u00e9cessaire et m\u00e9rit\u00e9 aux employeurs et aux employ\u00e9s.<\/p>\n\n\n\n<p>Nous r\u00e9viserons les d\u00e9tails du programme lorsqu\u2019ils seront disponibles.<\/p>\n","protected":false},"author":3,"featured_media":5446,"template":"","post_types":[104],"topics":[89,76,83],"class_list":["post-5870","publication","type-publication","status-publish","has-post-thumbnail","hentry","post_types-declarations"],"acf":[],"yoast_head":"<!-- This site is optimized with the Yoast SEO plugin v27.1.1 - https:\/\/yoast.com\/product\/yoast-seo-wordpress\/ -->\n<title>Le Conseil canadien des affaires se r\u00e9jouit de l\u2019annonce du Premier ministre selon laquelle des subventions salariales seront accord\u00e9es aux employeurs de toutes tailles | Business Council of Canada<\/title>\n<meta name=\"robots\" content=\"index, follow, max-snippet:-1, max-image-preview:large, max-video-preview:-1\" \/>\n<link rel=\"canonical\" href=\"https:\/\/www.thebusinesscouncil.ca\/fr\/publication\/le-conseil-canadien-des-affaires-se-rejouit-de-lannonce-du-premier-ministre-selon-laquelle-des-subventions-salariales-seront-accordees-aux-employeurs-de-toutes-tailles\/\" \/>\n<meta property=\"og:locale\" content=\"fr_FR\" \/>\n<meta property=\"og:type\" content=\"article\" \/>\n<meta property=\"og:title\" content=\"Le Conseil canadien des affaires se r\u00e9jouit de l\u2019annonce du Premier ministre selon laquelle des subventions salariales seront accord\u00e9es aux employeurs de toutes tailles | Business Council of Canada\" \/>\n<meta property=\"og:description\" content=\"Nous sommes tr\u00e8s heureux de l\u2019annonce du Premier Ministre aujourd\u2019hui, que la Subvention canadienne d\u2019urgence pour les salaires sera offerte aux employeurs de toutes tailles qui ont vu leurs revenus baisser. La subvention salariale contribuera \u00e0 \u00e9viter de nouveaux licenciements,...\" \/>\n<meta property=\"og:url\" content=\"https:\/\/www.thebusinesscouncil.ca\/fr\/publication\/le-conseil-canadien-des-affaires-se-rejouit-de-lannonce-du-premier-ministre-selon-laquelle-des-subventions-salariales-seront-accordees-aux-employeurs-de-toutes-tailles\/\" \/>\n<meta property=\"og:site_name\" content=\"Business Council of Canada\" \/>\n<meta property=\"article:modified_time\" content=\"2020-11-05T15:14:28+00:00\" \/>\n<meta property=\"og:image\" content=\"https:\/\/www.thebusinesscouncil.ca\/wp-content\/uploads\/2020\/10\/De\u0301clarations.png\" \/>\n\t<meta property=\"og:image:width\" content=\"1440\" \/>\n\t<meta property=\"og:image:height\" content=\"900\" \/>\n\t<meta property=\"og:image:type\" content=\"image\/png\" \/>\n<meta name=\"twitter:card\" content=\"summary_large_image\" \/>\n<meta name=\"twitter:site\" content=\"@BizCouncilofCan\" \/>\n<script type=\"application\/ld+json\" class=\"yoast-schema-graph\">{\"@context\":\"https:\/\/schema.org\",\"@graph\":[{\"@type\":\"WebPage\",\"@id\":\"https:\/\/www.thebusinesscouncil.ca\/fr\/publication\/le-conseil-canadien-des-affaires-se-rejouit-de-lannonce-du-premier-ministre-selon-laquelle-des-subventions-salariales-seront-accordees-aux-employeurs-de-toutes-tailles\/\",\"url\":\"https:\/\/www.thebusinesscouncil.ca\/fr\/publication\/le-conseil-canadien-des-affaires-se-rejouit-de-lannonce-du-premier-ministre-selon-laquelle-des-subventions-salariales-seront-accordees-aux-employeurs-de-toutes-tailles\/\",\"name\":\"Le Conseil canadien des affaires se r\u00e9jouit de l\u2019annonce du Premier ministre selon laquelle des subventions salariales seront accord\u00e9es aux employeurs de toutes tailles | Business Council of Canada\",\"isPartOf\":{\"@id\":\"https:\/\/www.thebusinesscouncil.ca\/#website\"},\"primaryImageOfPage\":{\"@id\":\"https:\/\/www.thebusinesscouncil.ca\/fr\/publication\/le-conseil-canadien-des-affaires-se-rejouit-de-lannonce-du-premier-ministre-selon-laquelle-des-subventions-salariales-seront-accordees-aux-employeurs-de-toutes-tailles\/#primaryimage\"},\"image\":{\"@id\":\"https:\/\/www.thebusinesscouncil.ca\/fr\/publication\/le-conseil-canadien-des-affaires-se-rejouit-de-lannonce-du-premier-ministre-selon-laquelle-des-subventions-salariales-seront-accordees-aux-employeurs-de-toutes-tailles\/#primaryimage\"},\"thumbnailUrl\":\"https:\/\/www.thebusinesscouncil.ca\/wp-content\/uploads\/2020\/10\/De\u0301clarations.png\",\"datePublished\":\"2020-03-30T14:06:00+00:00\",\"dateModified\":\"2020-11-05T15:14:28+00:00\",\"breadcrumb\":{\"@id\":\"https:\/\/www.thebusinesscouncil.ca\/fr\/publication\/le-conseil-canadien-des-affaires-se-rejouit-de-lannonce-du-premier-ministre-selon-laquelle-des-subventions-salariales-seront-accordees-aux-employeurs-de-toutes-tailles\/#breadcrumb\"},\"inLanguage\":\"fr-FR\",\"potentialAction\":[{\"@type\":\"ReadAction\",\"target\":[\"https:\/\/www.thebusinesscouncil.ca\/fr\/publication\/le-conseil-canadien-des-affaires-se-rejouit-de-lannonce-du-premier-ministre-selon-laquelle-des-subventions-salariales-seront-accordees-aux-employeurs-de-toutes-tailles\/\"]}]},{\"@type\":\"ImageObject\",\"inLanguage\":\"fr-FR\",\"@id\":\"https:\/\/www.thebusinesscouncil.ca\/fr\/publication\/le-conseil-canadien-des-affaires-se-rejouit-de-lannonce-du-premier-ministre-selon-laquelle-des-subventions-salariales-seront-accordees-aux-employeurs-de-toutes-tailles\/#primaryimage\",\"url\":\"https:\/\/www.thebusinesscouncil.ca\/wp-content\/uploads\/2020\/10\/De\u0301clarations.png\",\"contentUrl\":\"https:\/\/www.thebusinesscouncil.ca\/wp-content\/uploads\/2020\/10\/De\u0301clarations.png\",\"width\":1440,\"height\":900},{\"@type\":\"BreadcrumbList\",\"@id\":\"https:\/\/www.thebusinesscouncil.ca\/fr\/publication\/le-conseil-canadien-des-affaires-se-rejouit-de-lannonce-du-premier-ministre-selon-laquelle-des-subventions-salariales-seront-accordees-aux-employeurs-de-toutes-tailles\/#breadcrumb\",\"itemListElement\":[{\"@type\":\"ListItem\",\"position\":1,\"name\":\"Home\",\"item\":\"https:\/\/www.thebusinesscouncil.ca\/fr\/\"},{\"@type\":\"ListItem\",\"position\":2,\"name\":\"Le Conseil canadien des affaires se r\u00e9jouit de l\u2019annonce du Premier ministre selon laquelle des subventions salariales seront accord\u00e9es aux employeurs de toutes tailles\"}]},{\"@type\":\"WebSite\",\"@id\":\"https:\/\/www.thebusinesscouncil.ca\/#website\",\"url\":\"https:\/\/www.thebusinesscouncil.ca\/\",\"name\":\"Business Council of Canada\",\"description\":\"\",\"publisher\":{\"@id\":\"https:\/\/www.thebusinesscouncil.ca\/#organization\"},\"potentialAction\":[{\"@type\":\"SearchAction\",\"target\":{\"@type\":\"EntryPoint\",\"urlTemplate\":\"https:\/\/www.thebusinesscouncil.ca\/?s={search_term_string}\"},\"query-input\":{\"@type\":\"PropertyValueSpecification\",\"valueRequired\":true,\"valueName\":\"search_term_string\"}}],\"inLanguage\":\"fr-FR\"},{\"@type\":\"Organization\",\"@id\":\"https:\/\/www.thebusinesscouncil.ca\/#organization\",\"name\":\"Business Council of Canada\",\"url\":\"https:\/\/www.thebusinesscouncil.ca\/\",\"logo\":{\"@type\":\"ImageObject\",\"inLanguage\":\"fr-FR\",\"@id\":\"https:\/\/www.thebusinesscouncil.ca\/#\/schema\/logo\/image\/\",\"url\":\"https:\/\/www.thebusinesscouncil.ca\/wp-content\/uploads\/2020\/10\/Business-Council-of-Canada-Generic.png\",\"contentUrl\":\"https:\/\/www.thebusinesscouncil.ca\/wp-content\/uploads\/2020\/10\/Business-Council-of-Canada-Generic.png\",\"width\":1440,\"height\":900,\"caption\":\"Business Council of Canada\"},\"image\":{\"@id\":\"https:\/\/www.thebusinesscouncil.ca\/#\/schema\/logo\/image\/\"},\"sameAs\":[\"https:\/\/x.com\/BizCouncilofCan\",\"https:\/\/www.linkedin.com\/company\/business-council-of-canda\",\"https:\/\/www.youtube.com\/user\/CdnCEOCouncil\"]}]}<\/script>\n<!-- \/ Yoast SEO plugin. -->","yoast_head_json":{"title":"Le Conseil canadien des affaires se r\u00e9jouit de l\u2019annonce du Premier ministre selon laquelle des subventions salariales seront accord\u00e9es aux employeurs de toutes tailles | Business Council of Canada","robots":{"index":"index","follow":"follow","max-snippet":"max-snippet:-1","max-image-preview":"max-image-preview:large","max-video-preview":"max-video-preview:-1"},"canonical":"https:\/\/www.thebusinesscouncil.ca\/fr\/publication\/le-conseil-canadien-des-affaires-se-rejouit-de-lannonce-du-premier-ministre-selon-laquelle-des-subventions-salariales-seront-accordees-aux-employeurs-de-toutes-tailles\/","og_locale":"fr_FR","og_type":"article","og_title":"Le Conseil canadien des affaires se r\u00e9jouit de l\u2019annonce du Premier ministre selon laquelle des subventions salariales seront accord\u00e9es aux employeurs de toutes tailles | Business Council of Canada","og_description":"Nous sommes tr\u00e8s heureux de l\u2019annonce du Premier Ministre aujourd\u2019hui, que la Subvention canadienne d\u2019urgence pour les salaires sera offerte aux employeurs de toutes tailles qui ont vu leurs revenus baisser. La subvention salariale contribuera \u00e0 \u00e9viter de nouveaux licenciements,...","og_url":"https:\/\/www.thebusinesscouncil.ca\/fr\/publication\/le-conseil-canadien-des-affaires-se-rejouit-de-lannonce-du-premier-ministre-selon-laquelle-des-subventions-salariales-seront-accordees-aux-employeurs-de-toutes-tailles\/","og_site_name":"Business Council of Canada","article_modified_time":"2020-11-05T15:14:28+00:00","og_image":[{"width":1440,"height":900,"url":"https:\/\/www.thebusinesscouncil.ca\/wp-content\/uploads\/2020\/10\/De\u0301clarations.png","type":"image\/png"}],"twitter_card":"summary_large_image","twitter_site":"@BizCouncilofCan","schema":{"@context":"https:\/\/schema.org","@graph":[{"@type":"WebPage","@id":"https:\/\/www.thebusinesscouncil.ca\/fr\/publication\/le-conseil-canadien-des-affaires-se-rejouit-de-lannonce-du-premier-ministre-selon-laquelle-des-subventions-salariales-seront-accordees-aux-employeurs-de-toutes-tailles\/","url":"https:\/\/www.thebusinesscouncil.ca\/fr\/publication\/le-conseil-canadien-des-affaires-se-rejouit-de-lannonce-du-premier-ministre-selon-laquelle-des-subventions-salariales-seront-accordees-aux-employeurs-de-toutes-tailles\/","name":"Le Conseil canadien des affaires se r\u00e9jouit de l\u2019annonce du Premier ministre selon laquelle des subventions salariales seront accord\u00e9es aux employeurs de toutes tailles | Business Council of Canada","isPartOf":{"@id":"https:\/\/www.thebusinesscouncil.ca\/#website"},"primaryImageOfPage":{"@id":"https:\/\/www.thebusinesscouncil.ca\/fr\/publication\/le-conseil-canadien-des-affaires-se-rejouit-de-lannonce-du-premier-ministre-selon-laquelle-des-subventions-salariales-seront-accordees-aux-employeurs-de-toutes-tailles\/#primaryimage"},"image":{"@id":"https:\/\/www.thebusinesscouncil.ca\/fr\/publication\/le-conseil-canadien-des-affaires-se-rejouit-de-lannonce-du-premier-ministre-selon-laquelle-des-subventions-salariales-seront-accordees-aux-employeurs-de-toutes-tailles\/#primaryimage"},"thumbnailUrl":"https:\/\/www.thebusinesscouncil.ca\/wp-content\/uploads\/2020\/10\/De\u0301clarations.png","datePublished":"2020-03-30T14:06:00+00:00","dateModified":"2020-11-05T15:14:28+00:00","breadcrumb":{"@id":"https:\/\/www.thebusinesscouncil.ca\/fr\/publication\/le-conseil-canadien-des-affaires-se-rejouit-de-lannonce-du-premier-ministre-selon-laquelle-des-subventions-salariales-seront-accordees-aux-employeurs-de-toutes-tailles\/#breadcrumb"},"inLanguage":"fr-FR","potentialAction":[{"@type":"ReadAction","target":["https:\/\/www.thebusinesscouncil.ca\/fr\/publication\/le-conseil-canadien-des-affaires-se-rejouit-de-lannonce-du-premier-ministre-selon-laquelle-des-subventions-salariales-seront-accordees-aux-employeurs-de-toutes-tailles\/"]}]},{"@type":"ImageObject","inLanguage":"fr-FR","@id":"https:\/\/www.thebusinesscouncil.ca\/fr\/publication\/le-conseil-canadien-des-affaires-se-rejouit-de-lannonce-du-premier-ministre-selon-laquelle-des-subventions-salariales-seront-accordees-aux-employeurs-de-toutes-tailles\/#primaryimage","url":"https:\/\/www.thebusinesscouncil.ca\/wp-content\/uploads\/2020\/10\/De\u0301clarations.png","contentUrl":"https:\/\/www.thebusinesscouncil.ca\/wp-content\/uploads\/2020\/10\/De\u0301clarations.png","width":1440,"height":900},{"@type":"BreadcrumbList","@id":"https:\/\/www.thebusinesscouncil.ca\/fr\/publication\/le-conseil-canadien-des-affaires-se-rejouit-de-lannonce-du-premier-ministre-selon-laquelle-des-subventions-salariales-seront-accordees-aux-employeurs-de-toutes-tailles\/#breadcrumb","itemListElement":[{"@type":"ListItem","position":1,"name":"Home","item":"https:\/\/www.thebusinesscouncil.ca\/fr\/"},{"@type":"ListItem","position":2,"name":"Le Conseil canadien des affaires se r\u00e9jouit de l\u2019annonce du Premier ministre selon laquelle des subventions salariales seront accord\u00e9es aux employeurs de toutes tailles"}]},{"@type":"WebSite","@id":"https:\/\/www.thebusinesscouncil.ca\/#website","url":"https:\/\/www.thebusinesscouncil.ca\/","name":"Business Council of Canada","description":"","publisher":{"@id":"https:\/\/www.thebusinesscouncil.ca\/#organization"},"potentialAction":[{"@type":"SearchAction","target":{"@type":"EntryPoint","urlTemplate":"https:\/\/www.thebusinesscouncil.ca\/?s={search_term_string}"},"query-input":{"@type":"PropertyValueSpecification","valueRequired":true,"valueName":"search_term_string"}}],"inLanguage":"fr-FR"},{"@type":"Organization","@id":"https:\/\/www.thebusinesscouncil.ca\/#organization","name":"Business Council of Canada","url":"https:\/\/www.thebusinesscouncil.ca\/","logo":{"@type":"ImageObject","inLanguage":"fr-FR","@id":"https:\/\/www.thebusinesscouncil.ca\/#\/schema\/logo\/image\/","url":"https:\/\/www.thebusinesscouncil.ca\/wp-content\/uploads\/2020\/10\/Business-Council-of-Canada-Generic.png","contentUrl":"https:\/\/www.thebusinesscouncil.ca\/wp-content\/uploads\/2020\/10\/Business-Council-of-Canada-Generic.png","width":1440,"height":900,"caption":"Business Council of Canada"},"image":{"@id":"https:\/\/www.thebusinesscouncil.ca\/#\/schema\/logo\/image\/"},"sameAs":["https:\/\/x.com\/BizCouncilofCan","https:\/\/www.linkedin.com\/company\/business-council-of-canda","https:\/\/www.youtube.com\/user\/CdnCEOCouncil"]}]}},"publishpress_future_workflow_manual_trigger":{"enabledWorkflows":[]},"_links":{"self":[{"href":"https:\/\/www.thebusinesscouncil.ca\/fr\/wp-json\/wp\/v2\/publication\/5870","targetHints":{"allow":["GET"]}}],"collection":[{"href":"https:\/\/www.thebusinesscouncil.ca\/fr\/wp-json\/wp\/v2\/publication"}],"about":[{"href":"https:\/\/www.thebusinesscouncil.ca\/fr\/wp-json\/wp\/v2\/types\/publication"}],"author":[{"embeddable":true,"href":"https:\/\/www.thebusinesscouncil.ca\/fr\/wp-json\/wp\/v2\/users\/3"}],"wp:featuredmedia":[{"embeddable":true,"href":"https:\/\/www.thebusinesscouncil.ca\/fr\/wp-json\/wp\/v2\/media\/5446"}],"wp:attachment":[{"href":"https:\/\/www.thebusinesscouncil.ca\/fr\/wp-json\/wp\/v2\/media?parent=5870"}],"wp:term":[{"taxonomy":"post_types","embeddable":true,"href":"https:\/\/www.thebusinesscouncil.ca\/fr\/wp-json\/wp\/v2\/post_types?post=5870"},{"taxonomy":"topics","embeddable":true,"href":"https:\/\/www.thebusinesscouncil.ca\/fr\/wp-json\/wp\/v2\/topics?post=5870"}],"curies":[{"name":"wp","href":"https:\/\/api.w.org\/{rel}","templated":true}]}}