{"id":5709,"date":"2020-05-08T19:28:00","date_gmt":"2020-05-08T19:28:00","guid":{"rendered":"https:\/\/www.thebusinesscouncil.ca\/?post_type=publication&#038;p=5709"},"modified":"2020-11-04T17:31:18","modified_gmt":"2020-11-04T17:31:18","slug":"declaration-au-sujet-de-lenquete-sur-la-population-active-avril-2020","status":"publish","type":"publication","link":"https:\/\/www.thebusinesscouncil.ca\/fr\/publication\/declaration-au-sujet-de-lenquete-sur-la-population-active-avril-2020\/","title":{"rendered":"D\u00e9claration au sujet de l\u2019Enqu\u00eate sur la population active, avril 2020"},"content":{"rendered":"\n<p>Les chiffres sur les pertes d\u2019emplois publi\u00e9s aujourd\u2019hui par Statistique Canada soulignent l\u2019impact d\u00e9vastateur li\u00e9 \u00e0 la pand\u00e9mie de la COVID-19 pour de nombreux Canadiens. Des millions de personnes \u00e0 travers le pays \u00e9prouvent de s\u00e9rieuses difficult\u00e9s qui sont hors de leur contr\u00f4le. Le gouvernement f\u00e9d\u00e9ral a agi rapidement pour fournir des secours d\u2019urgence \u00e0 ceux qui subissent une perte de revenu et nous en sommes tr\u00e8s reconnaissant.<\/p>\n\n\n\n<p>En tant que chefs d\u2019entreprise, nous sommes pr\u00e9occup\u00e9s par les cons\u00e9quences de cette pand\u00e9mie sur nos employ\u00e9s et nos communaut\u00e9s. Nous reconnaissons \u00e9galement qu\u2019une \u00e9conomie en sant\u00e9 n\u00e9cessite une population en sant\u00e9. Pour ramener les Canadiens au travail en toute s\u00e9curit\u00e9, il faut contenir le virus, mettre en place des mesures de protection pour les employ\u00e9s et les clients et restaurer la confiance des consommateurs.<\/p>\n\n\n\n<p>Les chefs d\u2019entreprise du Canada continueront de faire leur part pour prot\u00e9ger la sant\u00e9 de leurs employ\u00e9s et de leurs collectivit\u00e9s. Nous appr\u00e9cions les mesures prises par les divers ordres de gouvernement pour acc\u00e9l\u00e9rer les tests de d\u00e9pistage et augmenter l\u2019approvisionnement en \u00e9quipement de protection individuelle. En travaillant ensemble, nous pouvons ramener les Canadiens au travail de fa\u00e7on s\u00e9curitaire et durable.<\/p>\n","protected":false},"author":3,"featured_media":5446,"template":"","post_types":[104],"topics":[76,83],"class_list":["post-5709","publication","type-publication","status-publish","has-post-thumbnail","hentry","post_types-declarations"],"acf":[],"yoast_head":"<!-- This site is optimized with the Yoast SEO plugin v27.1.1 - https:\/\/yoast.com\/product\/yoast-seo-wordpress\/ -->\n<title>D\u00e9claration au sujet de l\u2019Enqu\u00eate sur la population active, avril 2020 | Business Council of Canada<\/title>\n<meta name=\"robots\" content=\"index, follow, max-snippet:-1, max-image-preview:large, max-video-preview:-1\" \/>\n<link rel=\"canonical\" href=\"https:\/\/www.thebusinesscouncil.ca\/fr\/publication\/declaration-au-sujet-de-lenquete-sur-la-population-active-avril-2020\/\" \/>\n<meta property=\"og:locale\" content=\"fr_FR\" \/>\n<meta property=\"og:type\" content=\"article\" \/>\n<meta property=\"og:title\" content=\"D\u00e9claration au sujet de l\u2019Enqu\u00eate sur la population active, avril 2020 | Business Council of Canada\" \/>\n<meta property=\"og:description\" content=\"Les chiffres sur les pertes d\u2019emplois publi\u00e9s aujourd\u2019hui par Statistique Canada soulignent l\u2019impact d\u00e9vastateur li\u00e9 \u00e0 la pand\u00e9mie de la COVID-19 pour de nombreux Canadiens. Des millions de personnes \u00e0 travers le pays \u00e9prouvent de s\u00e9rieuses difficult\u00e9s qui sont hors...\" \/>\n<meta property=\"og:url\" content=\"https:\/\/www.thebusinesscouncil.ca\/fr\/publication\/declaration-au-sujet-de-lenquete-sur-la-population-active-avril-2020\/\" \/>\n<meta property=\"og:site_name\" content=\"Business Council of Canada\" \/>\n<meta property=\"article:modified_time\" content=\"2020-11-04T17:31:18+00:00\" \/>\n<meta property=\"og:image\" content=\"https:\/\/www.thebusinesscouncil.ca\/wp-content\/uploads\/2020\/10\/De\u0301clarations.png\" \/>\n\t<meta property=\"og:image:width\" content=\"1440\" \/>\n\t<meta property=\"og:image:height\" content=\"900\" \/>\n\t<meta property=\"og:image:type\" content=\"image\/png\" \/>\n<meta name=\"twitter:card\" content=\"summary_large_image\" \/>\n<meta name=\"twitter:site\" content=\"@BizCouncilofCan\" \/>\n<script type=\"application\/ld+json\" class=\"yoast-schema-graph\">{\"@context\":\"https:\/\/schema.org\",\"@graph\":[{\"@type\":\"WebPage\",\"@id\":\"https:\/\/www.thebusinesscouncil.ca\/fr\/publication\/declaration-au-sujet-de-lenquete-sur-la-population-active-avril-2020\/\",\"url\":\"https:\/\/www.thebusinesscouncil.ca\/fr\/publication\/declaration-au-sujet-de-lenquete-sur-la-population-active-avril-2020\/\",\"name\":\"D\u00e9claration au sujet de l\u2019Enqu\u00eate sur la population active, avril 2020 | Business Council of Canada\",\"isPartOf\":{\"@id\":\"https:\/\/www.thebusinesscouncil.ca\/#website\"},\"primaryImageOfPage\":{\"@id\":\"https:\/\/www.thebusinesscouncil.ca\/fr\/publication\/declaration-au-sujet-de-lenquete-sur-la-population-active-avril-2020\/#primaryimage\"},\"image\":{\"@id\":\"https:\/\/www.thebusinesscouncil.ca\/fr\/publication\/declaration-au-sujet-de-lenquete-sur-la-population-active-avril-2020\/#primaryimage\"},\"thumbnailUrl\":\"https:\/\/www.thebusinesscouncil.ca\/wp-content\/uploads\/2020\/10\/De\u0301clarations.png\",\"datePublished\":\"2020-05-08T19:28:00+00:00\",\"dateModified\":\"2020-11-04T17:31:18+00:00\",\"breadcrumb\":{\"@id\":\"https:\/\/www.thebusinesscouncil.ca\/fr\/publication\/declaration-au-sujet-de-lenquete-sur-la-population-active-avril-2020\/#breadcrumb\"},\"inLanguage\":\"fr-FR\",\"potentialAction\":[{\"@type\":\"ReadAction\",\"target\":[\"https:\/\/www.thebusinesscouncil.ca\/fr\/publication\/declaration-au-sujet-de-lenquete-sur-la-population-active-avril-2020\/\"]}]},{\"@type\":\"ImageObject\",\"inLanguage\":\"fr-FR\",\"@id\":\"https:\/\/www.thebusinesscouncil.ca\/fr\/publication\/declaration-au-sujet-de-lenquete-sur-la-population-active-avril-2020\/#primaryimage\",\"url\":\"https:\/\/www.thebusinesscouncil.ca\/wp-content\/uploads\/2020\/10\/De\u0301clarations.png\",\"contentUrl\":\"https:\/\/www.thebusinesscouncil.ca\/wp-content\/uploads\/2020\/10\/De\u0301clarations.png\",\"width\":1440,\"height\":900},{\"@type\":\"BreadcrumbList\",\"@id\":\"https:\/\/www.thebusinesscouncil.ca\/fr\/publication\/declaration-au-sujet-de-lenquete-sur-la-population-active-avril-2020\/#breadcrumb\",\"itemListElement\":[{\"@type\":\"ListItem\",\"position\":1,\"name\":\"Home\",\"item\":\"https:\/\/www.thebusinesscouncil.ca\/fr\/\"},{\"@type\":\"ListItem\",\"position\":2,\"name\":\"D\u00e9claration au sujet de l\u2019Enqu\u00eate sur la population active, avril 2020\"}]},{\"@type\":\"WebSite\",\"@id\":\"https:\/\/www.thebusinesscouncil.ca\/#website\",\"url\":\"https:\/\/www.thebusinesscouncil.ca\/\",\"name\":\"Business Council of Canada\",\"description\":\"\",\"publisher\":{\"@id\":\"https:\/\/www.thebusinesscouncil.ca\/#organization\"},\"potentialAction\":[{\"@type\":\"SearchAction\",\"target\":{\"@type\":\"EntryPoint\",\"urlTemplate\":\"https:\/\/www.thebusinesscouncil.ca\/?s={search_term_string}\"},\"query-input\":{\"@type\":\"PropertyValueSpecification\",\"valueRequired\":true,\"valueName\":\"search_term_string\"}}],\"inLanguage\":\"fr-FR\"},{\"@type\":\"Organization\",\"@id\":\"https:\/\/www.thebusinesscouncil.ca\/#organization\",\"name\":\"Business Council of Canada\",\"url\":\"https:\/\/www.thebusinesscouncil.ca\/\",\"logo\":{\"@type\":\"ImageObject\",\"inLanguage\":\"fr-FR\",\"@id\":\"https:\/\/www.thebusinesscouncil.ca\/#\/schema\/logo\/image\/\",\"url\":\"https:\/\/www.thebusinesscouncil.ca\/wp-content\/uploads\/2020\/10\/Business-Council-of-Canada-Generic.png\",\"contentUrl\":\"https:\/\/www.thebusinesscouncil.ca\/wp-content\/uploads\/2020\/10\/Business-Council-of-Canada-Generic.png\",\"width\":1440,\"height\":900,\"caption\":\"Business Council of Canada\"},\"image\":{\"@id\":\"https:\/\/www.thebusinesscouncil.ca\/#\/schema\/logo\/image\/\"},\"sameAs\":[\"https:\/\/x.com\/BizCouncilofCan\",\"https:\/\/www.linkedin.com\/company\/business-council-of-canda\",\"https:\/\/www.youtube.com\/user\/CdnCEOCouncil\"]}]}<\/script>\n<!-- \/ Yoast SEO plugin. -->","yoast_head_json":{"title":"D\u00e9claration au sujet de l\u2019Enqu\u00eate sur la population active, avril 2020 | Business Council of Canada","robots":{"index":"index","follow":"follow","max-snippet":"max-snippet:-1","max-image-preview":"max-image-preview:large","max-video-preview":"max-video-preview:-1"},"canonical":"https:\/\/www.thebusinesscouncil.ca\/fr\/publication\/declaration-au-sujet-de-lenquete-sur-la-population-active-avril-2020\/","og_locale":"fr_FR","og_type":"article","og_title":"D\u00e9claration au sujet de l\u2019Enqu\u00eate sur la population active, avril 2020 | Business Council of Canada","og_description":"Les chiffres sur les pertes d\u2019emplois publi\u00e9s aujourd\u2019hui par Statistique Canada soulignent l\u2019impact d\u00e9vastateur li\u00e9 \u00e0 la pand\u00e9mie de la COVID-19 pour de nombreux Canadiens. Des millions de personnes \u00e0 travers le pays \u00e9prouvent de s\u00e9rieuses difficult\u00e9s qui sont hors...","og_url":"https:\/\/www.thebusinesscouncil.ca\/fr\/publication\/declaration-au-sujet-de-lenquete-sur-la-population-active-avril-2020\/","og_site_name":"Business Council of Canada","article_modified_time":"2020-11-04T17:31:18+00:00","og_image":[{"width":1440,"height":900,"url":"https:\/\/www.thebusinesscouncil.ca\/wp-content\/uploads\/2020\/10\/De\u0301clarations.png","type":"image\/png"}],"twitter_card":"summary_large_image","twitter_site":"@BizCouncilofCan","schema":{"@context":"https:\/\/schema.org","@graph":[{"@type":"WebPage","@id":"https:\/\/www.thebusinesscouncil.ca\/fr\/publication\/declaration-au-sujet-de-lenquete-sur-la-population-active-avril-2020\/","url":"https:\/\/www.thebusinesscouncil.ca\/fr\/publication\/declaration-au-sujet-de-lenquete-sur-la-population-active-avril-2020\/","name":"D\u00e9claration au sujet de l\u2019Enqu\u00eate sur la population active, avril 2020 | Business Council of Canada","isPartOf":{"@id":"https:\/\/www.thebusinesscouncil.ca\/#website"},"primaryImageOfPage":{"@id":"https:\/\/www.thebusinesscouncil.ca\/fr\/publication\/declaration-au-sujet-de-lenquete-sur-la-population-active-avril-2020\/#primaryimage"},"image":{"@id":"https:\/\/www.thebusinesscouncil.ca\/fr\/publication\/declaration-au-sujet-de-lenquete-sur-la-population-active-avril-2020\/#primaryimage"},"thumbnailUrl":"https:\/\/www.thebusinesscouncil.ca\/wp-content\/uploads\/2020\/10\/De\u0301clarations.png","datePublished":"2020-05-08T19:28:00+00:00","dateModified":"2020-11-04T17:31:18+00:00","breadcrumb":{"@id":"https:\/\/www.thebusinesscouncil.ca\/fr\/publication\/declaration-au-sujet-de-lenquete-sur-la-population-active-avril-2020\/#breadcrumb"},"inLanguage":"fr-FR","potentialAction":[{"@type":"ReadAction","target":["https:\/\/www.thebusinesscouncil.ca\/fr\/publication\/declaration-au-sujet-de-lenquete-sur-la-population-active-avril-2020\/"]}]},{"@type":"ImageObject","inLanguage":"fr-FR","@id":"https:\/\/www.thebusinesscouncil.ca\/fr\/publication\/declaration-au-sujet-de-lenquete-sur-la-population-active-avril-2020\/#primaryimage","url":"https:\/\/www.thebusinesscouncil.ca\/wp-content\/uploads\/2020\/10\/De\u0301clarations.png","contentUrl":"https:\/\/www.thebusinesscouncil.ca\/wp-content\/uploads\/2020\/10\/De\u0301clarations.png","width":1440,"height":900},{"@type":"BreadcrumbList","@id":"https:\/\/www.thebusinesscouncil.ca\/fr\/publication\/declaration-au-sujet-de-lenquete-sur-la-population-active-avril-2020\/#breadcrumb","itemListElement":[{"@type":"ListItem","position":1,"name":"Home","item":"https:\/\/www.thebusinesscouncil.ca\/fr\/"},{"@type":"ListItem","position":2,"name":"D\u00e9claration au sujet de l\u2019Enqu\u00eate sur la population active, avril 2020"}]},{"@type":"WebSite","@id":"https:\/\/www.thebusinesscouncil.ca\/#website","url":"https:\/\/www.thebusinesscouncil.ca\/","name":"Business Council of Canada","description":"","publisher":{"@id":"https:\/\/www.thebusinesscouncil.ca\/#organization"},"potentialAction":[{"@type":"SearchAction","target":{"@type":"EntryPoint","urlTemplate":"https:\/\/www.thebusinesscouncil.ca\/?s={search_term_string}"},"query-input":{"@type":"PropertyValueSpecification","valueRequired":true,"valueName":"search_term_string"}}],"inLanguage":"fr-FR"},{"@type":"Organization","@id":"https:\/\/www.thebusinesscouncil.ca\/#organization","name":"Business Council of Canada","url":"https:\/\/www.thebusinesscouncil.ca\/","logo":{"@type":"ImageObject","inLanguage":"fr-FR","@id":"https:\/\/www.thebusinesscouncil.ca\/#\/schema\/logo\/image\/","url":"https:\/\/www.thebusinesscouncil.ca\/wp-content\/uploads\/2020\/10\/Business-Council-of-Canada-Generic.png","contentUrl":"https:\/\/www.thebusinesscouncil.ca\/wp-content\/uploads\/2020\/10\/Business-Council-of-Canada-Generic.png","width":1440,"height":900,"caption":"Business Council of Canada"},"image":{"@id":"https:\/\/www.thebusinesscouncil.ca\/#\/schema\/logo\/image\/"},"sameAs":["https:\/\/x.com\/BizCouncilofCan","https:\/\/www.linkedin.com\/company\/business-council-of-canda","https:\/\/www.youtube.com\/user\/CdnCEOCouncil"]}]}},"publishpress_future_workflow_manual_trigger":{"enabledWorkflows":[]},"_links":{"self":[{"href":"https:\/\/www.thebusinesscouncil.ca\/fr\/wp-json\/wp\/v2\/publication\/5709","targetHints":{"allow":["GET"]}}],"collection":[{"href":"https:\/\/www.thebusinesscouncil.ca\/fr\/wp-json\/wp\/v2\/publication"}],"about":[{"href":"https:\/\/www.thebusinesscouncil.ca\/fr\/wp-json\/wp\/v2\/types\/publication"}],"author":[{"embeddable":true,"href":"https:\/\/www.thebusinesscouncil.ca\/fr\/wp-json\/wp\/v2\/users\/3"}],"wp:featuredmedia":[{"embeddable":true,"href":"https:\/\/www.thebusinesscouncil.ca\/fr\/wp-json\/wp\/v2\/media\/5446"}],"wp:attachment":[{"href":"https:\/\/www.thebusinesscouncil.ca\/fr\/wp-json\/wp\/v2\/media?parent=5709"}],"wp:term":[{"taxonomy":"post_types","embeddable":true,"href":"https:\/\/www.thebusinesscouncil.ca\/fr\/wp-json\/wp\/v2\/post_types?post=5709"},{"taxonomy":"topics","embeddable":true,"href":"https:\/\/www.thebusinesscouncil.ca\/fr\/wp-json\/wp\/v2\/topics?post=5709"}],"curies":[{"name":"wp","href":"https:\/\/api.w.org\/{rel}","templated":true}]}}