{"id":5691,"date":"2020-06-15T12:51:00","date_gmt":"2020-06-15T12:51:00","guid":{"rendered":"https:\/\/www.thebusinesscouncil.ca\/?post_type=publication&#038;p=5691"},"modified":"2020-11-04T08:59:31","modified_gmt":"2020-11-04T08:59:31","slug":"les-chefs-dentreprise-appellent-a-une-reforme-de-lomc","status":"publish","type":"publication","link":"https:\/\/www.thebusinesscouncil.ca\/fr\/publication\/les-chefs-dentreprise-appellent-a-une-reforme-de-lomc\/","title":{"rendered":"Les chefs d\u2019entreprise appellent \u00e0 une r\u00e9forme de l\u2019OMC"},"content":{"rendered":"\n<p>La d\u00e9claration conjointe suivante concernant la r\u00e9union virtuelle du Groupe d\u2019Ottawa sur la r\u00e9forme de l\u2019Organisation mondiale du commerce (OMC) et de la COVID-19 a \u00e9t\u00e9 publi\u00e9e aujourd\u2019hui :<\/p>\n\n\n\n<p>\u00ab L\u2019\u00e9conomie mondiale conna\u00eet des d\u00e9fis sans pr\u00e9c\u00e9dent en raison de la pand\u00e9mie de la COVID-19 et des restrictions associ\u00e9es. Pour se remettre de la pand\u00e9mie, il faut une coop\u00e9ration entre pays avec des affinit\u00e9s similaires afin de maintenir les \u00e9changes commerciaux, de soutenir les entreprises et de cr\u00e9er des emplois, tout en assurant la s\u00e9curit\u00e9 des personnes.<\/p>\n\n\n\n<p>\u00ab La pand\u00e9mie a soulign\u00e9 le r\u00f4le indispensable que joue l\u2019OMC dans la facilitation du commerce international fond\u00e9 sur des r\u00e8gles. Le Canada est une nation commer\u00e7ante et, plus que jamais, nous avons besoin de pr\u00e9visibilit\u00e9, de transparence et de disciplines dans l\u2019application des r\u00e8glements. Il ne faut m\u00e9nager aucun effort pour r\u00e9sister aux nouvelles barri\u00e8res commerciales et autres formes de protectionnisme.<\/p>\n\n\n\n<p>\u00ab Nous f\u00e9licitons la ministre Ng et les membres du Groupe d\u2019Ottawa sur la r\u00e9forme de l\u2019OMC pour leurs efforts visant \u00e0 garantir que le commerce demeure ouvert et pr\u00e9visible. Nous exhortons les autres membres de l\u2019OMC \u00e0 soutenir le Groupe d\u2019Ottawa dans ses efforts pour moderniser le syst\u00e8me commercial des entreprises au 21e si\u00e8cle.<\/p>\n\n\n\n<p>\u00ab Nous nous f\u00e9licitons du Plan d\u2019action du Groupe d\u2019Ottawa sur la COVID-19. Un engagement intensifi\u00e9 avec les entreprises est essentiel au succ\u00e8s du Plan d\u2019action et nous sommes pr\u00eats \u00e0 appuyer le Groupe d\u2019Ottawa. \u00bb<\/p>\n","protected":false},"author":3,"featured_media":5446,"template":"","post_types":[104],"topics":[81],"class_list":["post-5691","publication","type-publication","status-publish","has-post-thumbnail","hentry","post_types-declarations"],"acf":[],"yoast_head":"<!-- This site is optimized with the Yoast SEO plugin v27.1.1 - https:\/\/yoast.com\/product\/yoast-seo-wordpress\/ -->\n<title>Les chefs d\u2019entreprise appellent \u00e0 une r\u00e9forme de l\u2019OMC | Business Council of Canada<\/title>\n<meta name=\"robots\" content=\"index, follow, max-snippet:-1, max-image-preview:large, max-video-preview:-1\" \/>\n<link rel=\"canonical\" href=\"https:\/\/www.thebusinesscouncil.ca\/fr\/publication\/les-chefs-dentreprise-appellent-a-une-reforme-de-lomc\/\" \/>\n<meta property=\"og:locale\" content=\"fr_FR\" \/>\n<meta property=\"og:type\" content=\"article\" \/>\n<meta property=\"og:title\" content=\"Les chefs d\u2019entreprise appellent \u00e0 une r\u00e9forme de l\u2019OMC | Business Council of Canada\" \/>\n<meta property=\"og:description\" content=\"La d\u00e9claration conjointe suivante concernant la r\u00e9union virtuelle du Groupe d\u2019Ottawa sur la r\u00e9forme de l\u2019Organisation mondiale du commerce (OMC) et de la COVID-19 a \u00e9t\u00e9 publi\u00e9e aujourd\u2019hui : \u00ab L\u2019\u00e9conomie mondiale conna\u00eet des d\u00e9fis sans pr\u00e9c\u00e9dent en raison de...\" \/>\n<meta property=\"og:url\" content=\"https:\/\/www.thebusinesscouncil.ca\/fr\/publication\/les-chefs-dentreprise-appellent-a-une-reforme-de-lomc\/\" \/>\n<meta property=\"og:site_name\" content=\"Business Council of Canada\" \/>\n<meta property=\"article:modified_time\" content=\"2020-11-04T08:59:31+00:00\" \/>\n<meta property=\"og:image\" content=\"https:\/\/www.thebusinesscouncil.ca\/wp-content\/uploads\/2020\/10\/De\u0301clarations.png\" \/>\n\t<meta property=\"og:image:width\" content=\"1440\" \/>\n\t<meta property=\"og:image:height\" content=\"900\" \/>\n\t<meta property=\"og:image:type\" content=\"image\/png\" \/>\n<meta name=\"twitter:card\" content=\"summary_large_image\" \/>\n<meta name=\"twitter:site\" content=\"@BizCouncilofCan\" \/>\n<script type=\"application\/ld+json\" class=\"yoast-schema-graph\">{\"@context\":\"https:\/\/schema.org\",\"@graph\":[{\"@type\":\"WebPage\",\"@id\":\"https:\/\/www.thebusinesscouncil.ca\/fr\/publication\/les-chefs-dentreprise-appellent-a-une-reforme-de-lomc\/\",\"url\":\"https:\/\/www.thebusinesscouncil.ca\/fr\/publication\/les-chefs-dentreprise-appellent-a-une-reforme-de-lomc\/\",\"name\":\"Les chefs d\u2019entreprise appellent \u00e0 une r\u00e9forme de l\u2019OMC | Business Council of Canada\",\"isPartOf\":{\"@id\":\"https:\/\/www.thebusinesscouncil.ca\/#website\"},\"primaryImageOfPage\":{\"@id\":\"https:\/\/www.thebusinesscouncil.ca\/fr\/publication\/les-chefs-dentreprise-appellent-a-une-reforme-de-lomc\/#primaryimage\"},\"image\":{\"@id\":\"https:\/\/www.thebusinesscouncil.ca\/fr\/publication\/les-chefs-dentreprise-appellent-a-une-reforme-de-lomc\/#primaryimage\"},\"thumbnailUrl\":\"https:\/\/www.thebusinesscouncil.ca\/wp-content\/uploads\/2020\/10\/De\u0301clarations.png\",\"datePublished\":\"2020-06-15T12:51:00+00:00\",\"dateModified\":\"2020-11-04T08:59:31+00:00\",\"breadcrumb\":{\"@id\":\"https:\/\/www.thebusinesscouncil.ca\/fr\/publication\/les-chefs-dentreprise-appellent-a-une-reforme-de-lomc\/#breadcrumb\"},\"inLanguage\":\"fr-FR\",\"potentialAction\":[{\"@type\":\"ReadAction\",\"target\":[\"https:\/\/www.thebusinesscouncil.ca\/fr\/publication\/les-chefs-dentreprise-appellent-a-une-reforme-de-lomc\/\"]}]},{\"@type\":\"ImageObject\",\"inLanguage\":\"fr-FR\",\"@id\":\"https:\/\/www.thebusinesscouncil.ca\/fr\/publication\/les-chefs-dentreprise-appellent-a-une-reforme-de-lomc\/#primaryimage\",\"url\":\"https:\/\/www.thebusinesscouncil.ca\/wp-content\/uploads\/2020\/10\/De\u0301clarations.png\",\"contentUrl\":\"https:\/\/www.thebusinesscouncil.ca\/wp-content\/uploads\/2020\/10\/De\u0301clarations.png\",\"width\":1440,\"height\":900},{\"@type\":\"BreadcrumbList\",\"@id\":\"https:\/\/www.thebusinesscouncil.ca\/fr\/publication\/les-chefs-dentreprise-appellent-a-une-reforme-de-lomc\/#breadcrumb\",\"itemListElement\":[{\"@type\":\"ListItem\",\"position\":1,\"name\":\"Home\",\"item\":\"https:\/\/www.thebusinesscouncil.ca\/fr\/\"},{\"@type\":\"ListItem\",\"position\":2,\"name\":\"Les chefs d\u2019entreprise appellent \u00e0 une r\u00e9forme de l\u2019OMC\"}]},{\"@type\":\"WebSite\",\"@id\":\"https:\/\/www.thebusinesscouncil.ca\/#website\",\"url\":\"https:\/\/www.thebusinesscouncil.ca\/\",\"name\":\"Business Council of Canada\",\"description\":\"\",\"publisher\":{\"@id\":\"https:\/\/www.thebusinesscouncil.ca\/#organization\"},\"potentialAction\":[{\"@type\":\"SearchAction\",\"target\":{\"@type\":\"EntryPoint\",\"urlTemplate\":\"https:\/\/www.thebusinesscouncil.ca\/?s={search_term_string}\"},\"query-input\":{\"@type\":\"PropertyValueSpecification\",\"valueRequired\":true,\"valueName\":\"search_term_string\"}}],\"inLanguage\":\"fr-FR\"},{\"@type\":\"Organization\",\"@id\":\"https:\/\/www.thebusinesscouncil.ca\/#organization\",\"name\":\"Business Council of Canada\",\"url\":\"https:\/\/www.thebusinesscouncil.ca\/\",\"logo\":{\"@type\":\"ImageObject\",\"inLanguage\":\"fr-FR\",\"@id\":\"https:\/\/www.thebusinesscouncil.ca\/#\/schema\/logo\/image\/\",\"url\":\"https:\/\/www.thebusinesscouncil.ca\/wp-content\/uploads\/2020\/10\/Business-Council-of-Canada-Generic.png\",\"contentUrl\":\"https:\/\/www.thebusinesscouncil.ca\/wp-content\/uploads\/2020\/10\/Business-Council-of-Canada-Generic.png\",\"width\":1440,\"height\":900,\"caption\":\"Business Council of Canada\"},\"image\":{\"@id\":\"https:\/\/www.thebusinesscouncil.ca\/#\/schema\/logo\/image\/\"},\"sameAs\":[\"https:\/\/x.com\/BizCouncilofCan\",\"https:\/\/www.linkedin.com\/company\/business-council-of-canda\",\"https:\/\/www.youtube.com\/user\/CdnCEOCouncil\"]}]}<\/script>\n<!-- \/ Yoast SEO plugin. -->","yoast_head_json":{"title":"Les chefs d\u2019entreprise appellent \u00e0 une r\u00e9forme de l\u2019OMC | Business Council of Canada","robots":{"index":"index","follow":"follow","max-snippet":"max-snippet:-1","max-image-preview":"max-image-preview:large","max-video-preview":"max-video-preview:-1"},"canonical":"https:\/\/www.thebusinesscouncil.ca\/fr\/publication\/les-chefs-dentreprise-appellent-a-une-reforme-de-lomc\/","og_locale":"fr_FR","og_type":"article","og_title":"Les chefs d\u2019entreprise appellent \u00e0 une r\u00e9forme de l\u2019OMC | Business Council of Canada","og_description":"La d\u00e9claration conjointe suivante concernant la r\u00e9union virtuelle du Groupe d\u2019Ottawa sur la r\u00e9forme de l\u2019Organisation mondiale du commerce (OMC) et de la COVID-19 a \u00e9t\u00e9 publi\u00e9e aujourd\u2019hui : \u00ab L\u2019\u00e9conomie mondiale conna\u00eet des d\u00e9fis sans pr\u00e9c\u00e9dent en raison de...","og_url":"https:\/\/www.thebusinesscouncil.ca\/fr\/publication\/les-chefs-dentreprise-appellent-a-une-reforme-de-lomc\/","og_site_name":"Business Council of Canada","article_modified_time":"2020-11-04T08:59:31+00:00","og_image":[{"width":1440,"height":900,"url":"https:\/\/www.thebusinesscouncil.ca\/wp-content\/uploads\/2020\/10\/De\u0301clarations.png","type":"image\/png"}],"twitter_card":"summary_large_image","twitter_site":"@BizCouncilofCan","schema":{"@context":"https:\/\/schema.org","@graph":[{"@type":"WebPage","@id":"https:\/\/www.thebusinesscouncil.ca\/fr\/publication\/les-chefs-dentreprise-appellent-a-une-reforme-de-lomc\/","url":"https:\/\/www.thebusinesscouncil.ca\/fr\/publication\/les-chefs-dentreprise-appellent-a-une-reforme-de-lomc\/","name":"Les chefs d\u2019entreprise appellent \u00e0 une r\u00e9forme de l\u2019OMC | Business Council of Canada","isPartOf":{"@id":"https:\/\/www.thebusinesscouncil.ca\/#website"},"primaryImageOfPage":{"@id":"https:\/\/www.thebusinesscouncil.ca\/fr\/publication\/les-chefs-dentreprise-appellent-a-une-reforme-de-lomc\/#primaryimage"},"image":{"@id":"https:\/\/www.thebusinesscouncil.ca\/fr\/publication\/les-chefs-dentreprise-appellent-a-une-reforme-de-lomc\/#primaryimage"},"thumbnailUrl":"https:\/\/www.thebusinesscouncil.ca\/wp-content\/uploads\/2020\/10\/De\u0301clarations.png","datePublished":"2020-06-15T12:51:00+00:00","dateModified":"2020-11-04T08:59:31+00:00","breadcrumb":{"@id":"https:\/\/www.thebusinesscouncil.ca\/fr\/publication\/les-chefs-dentreprise-appellent-a-une-reforme-de-lomc\/#breadcrumb"},"inLanguage":"fr-FR","potentialAction":[{"@type":"ReadAction","target":["https:\/\/www.thebusinesscouncil.ca\/fr\/publication\/les-chefs-dentreprise-appellent-a-une-reforme-de-lomc\/"]}]},{"@type":"ImageObject","inLanguage":"fr-FR","@id":"https:\/\/www.thebusinesscouncil.ca\/fr\/publication\/les-chefs-dentreprise-appellent-a-une-reforme-de-lomc\/#primaryimage","url":"https:\/\/www.thebusinesscouncil.ca\/wp-content\/uploads\/2020\/10\/De\u0301clarations.png","contentUrl":"https:\/\/www.thebusinesscouncil.ca\/wp-content\/uploads\/2020\/10\/De\u0301clarations.png","width":1440,"height":900},{"@type":"BreadcrumbList","@id":"https:\/\/www.thebusinesscouncil.ca\/fr\/publication\/les-chefs-dentreprise-appellent-a-une-reforme-de-lomc\/#breadcrumb","itemListElement":[{"@type":"ListItem","position":1,"name":"Home","item":"https:\/\/www.thebusinesscouncil.ca\/fr\/"},{"@type":"ListItem","position":2,"name":"Les chefs d\u2019entreprise appellent \u00e0 une r\u00e9forme de l\u2019OMC"}]},{"@type":"WebSite","@id":"https:\/\/www.thebusinesscouncil.ca\/#website","url":"https:\/\/www.thebusinesscouncil.ca\/","name":"Business Council of Canada","description":"","publisher":{"@id":"https:\/\/www.thebusinesscouncil.ca\/#organization"},"potentialAction":[{"@type":"SearchAction","target":{"@type":"EntryPoint","urlTemplate":"https:\/\/www.thebusinesscouncil.ca\/?s={search_term_string}"},"query-input":{"@type":"PropertyValueSpecification","valueRequired":true,"valueName":"search_term_string"}}],"inLanguage":"fr-FR"},{"@type":"Organization","@id":"https:\/\/www.thebusinesscouncil.ca\/#organization","name":"Business Council of Canada","url":"https:\/\/www.thebusinesscouncil.ca\/","logo":{"@type":"ImageObject","inLanguage":"fr-FR","@id":"https:\/\/www.thebusinesscouncil.ca\/#\/schema\/logo\/image\/","url":"https:\/\/www.thebusinesscouncil.ca\/wp-content\/uploads\/2020\/10\/Business-Council-of-Canada-Generic.png","contentUrl":"https:\/\/www.thebusinesscouncil.ca\/wp-content\/uploads\/2020\/10\/Business-Council-of-Canada-Generic.png","width":1440,"height":900,"caption":"Business Council of Canada"},"image":{"@id":"https:\/\/www.thebusinesscouncil.ca\/#\/schema\/logo\/image\/"},"sameAs":["https:\/\/x.com\/BizCouncilofCan","https:\/\/www.linkedin.com\/company\/business-council-of-canda","https:\/\/www.youtube.com\/user\/CdnCEOCouncil"]}]}},"publishpress_future_workflow_manual_trigger":{"enabledWorkflows":[]},"_links":{"self":[{"href":"https:\/\/www.thebusinesscouncil.ca\/fr\/wp-json\/wp\/v2\/publication\/5691","targetHints":{"allow":["GET"]}}],"collection":[{"href":"https:\/\/www.thebusinesscouncil.ca\/fr\/wp-json\/wp\/v2\/publication"}],"about":[{"href":"https:\/\/www.thebusinesscouncil.ca\/fr\/wp-json\/wp\/v2\/types\/publication"}],"author":[{"embeddable":true,"href":"https:\/\/www.thebusinesscouncil.ca\/fr\/wp-json\/wp\/v2\/users\/3"}],"wp:featuredmedia":[{"embeddable":true,"href":"https:\/\/www.thebusinesscouncil.ca\/fr\/wp-json\/wp\/v2\/media\/5446"}],"wp:attachment":[{"href":"https:\/\/www.thebusinesscouncil.ca\/fr\/wp-json\/wp\/v2\/media?parent=5691"}],"wp:term":[{"taxonomy":"post_types","embeddable":true,"href":"https:\/\/www.thebusinesscouncil.ca\/fr\/wp-json\/wp\/v2\/post_types?post=5691"},{"taxonomy":"topics","embeddable":true,"href":"https:\/\/www.thebusinesscouncil.ca\/fr\/wp-json\/wp\/v2\/topics?post=5691"}],"curies":[{"name":"wp","href":"https:\/\/api.w.org\/{rel}","templated":true}]}}