{"id":24864,"date":"2026-04-01T06:00:00","date_gmt":"2026-04-01T10:00:00","guid":{"rendered":"https:\/\/www.thebusinesscouncil.ca\/?post_type=publication&#038;p=24864"},"modified":"2026-03-31T16:46:58","modified_gmt":"2026-03-31T20:46:58","slug":"marc-desormeaux-se-joint-au-conseil-canadien-des-affaires-a-titre-de-vice-president-politiques-et-economiste","status":"publish","type":"publication","link":"https:\/\/www.thebusinesscouncil.ca\/fr\/publication\/marc-desormeaux-se-joint-au-conseil-canadien-des-affaires-a-titre-de-vice-president-politiques-et-economiste\/","title":{"rendered":"Marc Desormeaux se joint au Conseil canadien des affaires \u00e0 titre de vice-pr\u00e9sident, Politiques et \u00e9conomiste"},"content":{"rendered":"\n<p>Le Conseil canadien des affaires (CCA) est heureux d\u2019accueillir Marc Desormeaux \u00e0 titre de vice-pr\u00e9sident, Politiques et \u00e9conomiste. \u00c0 ce titre, Marc dirigera les travaux du Conseil sur les march\u00e9s du travail, la d\u00e9mographie et l\u2019intelligence artificielle. En tant qu\u2019\u00e9conomiste interne du Conseil, il fournira \u00e9galement des analyses sur des enjeux macro\u00e9conomiques et de politique fiscale plus vastes. Marc a consacr\u00e9 sa carri\u00e8re \u00e0 aider les dirigeants \u00e0 relever les d\u00e9fis les plus complexes en mati\u00e8re de politiques publiques et des affaires au Canada. Il a occup\u00e9 des postes d&#8217;\u00e9conomiste principal dans deux des plus grandes institutions financi\u00e8res du Canada et, plus r\u00e9cemment, celui de conseiller \u00e9conomique en chef aupr\u00e8s du ministre des Finances de l&#8217;Ontario.<\/p>\n\n\n\n<p>Parfaitement bilingue, Marc est disponible pour des commentaires et des analyses dans les m\u00e9dias, dans les deux langues officielles.<\/p>\n\n\n\n<p>\u00ab Le Canada se trouve \u00e0 un tournant d\u00e9cisif, et il est plus important que jamais d\u2019adopter les bonnes politiques \u00e9conomiques \u00bb, a d\u00e9clar\u00e9 Goldy Hyder, pr\u00e9sident et chef de la direction du Conseil canadien des affaires. \u00ab L\u2019exp\u00e9rience de Marc au sein du gouvernement et dans le secteur financier sera d\u00e9terminante pour l\u2019\u00e9laboration de politiques qui aideront le Canada \u00e0 \u00eatre comp\u00e9titif, \u00e0 cro\u00eetre et \u00e0 prosp\u00e9rer dans un monde en constante \u00e9volution. \u00bb<\/p>\n","protected":false},"author":234,"featured_media":5430,"template":"","post_types":[101],"topics":[73,77],"class_list":["post-24864","publication","type-publication","status-publish","has-post-thumbnail","hentry","post_types-communiques-de-presse"],"acf":[],"yoast_head":"<!-- This site is optimized with the Yoast SEO plugin v27.1.1 - https:\/\/yoast.com\/product\/yoast-seo-wordpress\/ -->\n<title>Marc Desormeaux se joint au Conseil canadien des affaires \u00e0 titre de vice-pr\u00e9sident, Politiques et \u00e9conomiste | Business Council of Canada<\/title>\n<meta name=\"robots\" content=\"index, follow, max-snippet:-1, max-image-preview:large, max-video-preview:-1\" \/>\n<link rel=\"canonical\" href=\"https:\/\/www.thebusinesscouncil.ca\/fr\/publication\/marc-desormeaux-se-joint-au-conseil-canadien-des-affaires-a-titre-de-vice-president-politiques-et-economiste\/\" \/>\n<meta property=\"og:locale\" content=\"fr_FR\" \/>\n<meta property=\"og:type\" content=\"article\" \/>\n<meta property=\"og:title\" content=\"Marc Desormeaux se joint au Conseil canadien des affaires \u00e0 titre de vice-pr\u00e9sident, Politiques et \u00e9conomiste | Business Council of Canada\" \/>\n<meta property=\"og:description\" content=\"Le Conseil canadien des affaires (CCA) est heureux d\u2019accueillir Marc Desormeaux \u00e0 titre de vice-pr\u00e9sident, Politiques et \u00e9conomiste. \u00c0 ce titre, Marc dirigera les travaux du Conseil sur les march\u00e9s du travail, la d\u00e9mographie et l\u2019intelligence artificielle. En tant qu\u2019\u00e9conomiste...\" \/>\n<meta property=\"og:url\" content=\"https:\/\/www.thebusinesscouncil.ca\/fr\/publication\/marc-desormeaux-se-joint-au-conseil-canadien-des-affaires-a-titre-de-vice-president-politiques-et-economiste\/\" \/>\n<meta property=\"og:site_name\" content=\"Business Council of Canada\" \/>\n<meta property=\"og:image\" content=\"https:\/\/www.thebusinesscouncil.ca\/wp-content\/uploads\/2022\/07\/Press-Release_Generic_FR.png\" \/>\n\t<meta property=\"og:image:width\" content=\"1440\" \/>\n\t<meta property=\"og:image:height\" content=\"900\" \/>\n\t<meta property=\"og:image:type\" content=\"image\/png\" \/>\n<meta name=\"twitter:card\" content=\"summary_large_image\" \/>\n<meta name=\"twitter:site\" content=\"@BizCouncilofCan\" \/>\n<script type=\"application\/ld+json\" class=\"yoast-schema-graph\">{\"@context\":\"https:\/\/schema.org\",\"@graph\":[{\"@type\":\"WebPage\",\"@id\":\"https:\/\/www.thebusinesscouncil.ca\/fr\/publication\/marc-desormeaux-se-joint-au-conseil-canadien-des-affaires-a-titre-de-vice-president-politiques-et-economiste\/\",\"url\":\"https:\/\/www.thebusinesscouncil.ca\/fr\/publication\/marc-desormeaux-se-joint-au-conseil-canadien-des-affaires-a-titre-de-vice-president-politiques-et-economiste\/\",\"name\":\"Marc Desormeaux se joint au Conseil canadien des affaires \u00e0 titre de vice-pr\u00e9sident, Politiques et \u00e9conomiste | Business Council of Canada\",\"isPartOf\":{\"@id\":\"https:\/\/www.thebusinesscouncil.ca\/#website\"},\"primaryImageOfPage\":{\"@id\":\"https:\/\/www.thebusinesscouncil.ca\/fr\/publication\/marc-desormeaux-se-joint-au-conseil-canadien-des-affaires-a-titre-de-vice-president-politiques-et-economiste\/#primaryimage\"},\"image\":{\"@id\":\"https:\/\/www.thebusinesscouncil.ca\/fr\/publication\/marc-desormeaux-se-joint-au-conseil-canadien-des-affaires-a-titre-de-vice-president-politiques-et-economiste\/#primaryimage\"},\"thumbnailUrl\":\"https:\/\/www.thebusinesscouncil.ca\/wp-content\/uploads\/2022\/07\/Press-Release_Generic_FR.png\",\"datePublished\":\"2026-04-01T10:00:00+00:00\",\"breadcrumb\":{\"@id\":\"https:\/\/www.thebusinesscouncil.ca\/fr\/publication\/marc-desormeaux-se-joint-au-conseil-canadien-des-affaires-a-titre-de-vice-president-politiques-et-economiste\/#breadcrumb\"},\"inLanguage\":\"fr-FR\",\"potentialAction\":[{\"@type\":\"ReadAction\",\"target\":[\"https:\/\/www.thebusinesscouncil.ca\/fr\/publication\/marc-desormeaux-se-joint-au-conseil-canadien-des-affaires-a-titre-de-vice-president-politiques-et-economiste\/\"]}]},{\"@type\":\"ImageObject\",\"inLanguage\":\"fr-FR\",\"@id\":\"https:\/\/www.thebusinesscouncil.ca\/fr\/publication\/marc-desormeaux-se-joint-au-conseil-canadien-des-affaires-a-titre-de-vice-president-politiques-et-economiste\/#primaryimage\",\"url\":\"https:\/\/www.thebusinesscouncil.ca\/wp-content\/uploads\/2022\/07\/Press-Release_Generic_FR.png\",\"contentUrl\":\"https:\/\/www.thebusinesscouncil.ca\/wp-content\/uploads\/2022\/07\/Press-Release_Generic_FR.png\",\"width\":1440,\"height\":900},{\"@type\":\"BreadcrumbList\",\"@id\":\"https:\/\/www.thebusinesscouncil.ca\/fr\/publication\/marc-desormeaux-se-joint-au-conseil-canadien-des-affaires-a-titre-de-vice-president-politiques-et-economiste\/#breadcrumb\",\"itemListElement\":[{\"@type\":\"ListItem\",\"position\":1,\"name\":\"Home\",\"item\":\"https:\/\/www.thebusinesscouncil.ca\/fr\/\"},{\"@type\":\"ListItem\",\"position\":2,\"name\":\"Marc Desormeaux se joint au Conseil canadien des affaires \u00e0 titre de vice-pr\u00e9sident, Politiques et \u00e9conomiste\"}]},{\"@type\":\"WebSite\",\"@id\":\"https:\/\/www.thebusinesscouncil.ca\/#website\",\"url\":\"https:\/\/www.thebusinesscouncil.ca\/\",\"name\":\"Business Council of Canada\",\"description\":\"\",\"publisher\":{\"@id\":\"https:\/\/www.thebusinesscouncil.ca\/#organization\"},\"potentialAction\":[{\"@type\":\"SearchAction\",\"target\":{\"@type\":\"EntryPoint\",\"urlTemplate\":\"https:\/\/www.thebusinesscouncil.ca\/?s={search_term_string}\"},\"query-input\":{\"@type\":\"PropertyValueSpecification\",\"valueRequired\":true,\"valueName\":\"search_term_string\"}}],\"inLanguage\":\"fr-FR\"},{\"@type\":\"Organization\",\"@id\":\"https:\/\/www.thebusinesscouncil.ca\/#organization\",\"name\":\"Business Council of Canada\",\"url\":\"https:\/\/www.thebusinesscouncil.ca\/\",\"logo\":{\"@type\":\"ImageObject\",\"inLanguage\":\"fr-FR\",\"@id\":\"https:\/\/www.thebusinesscouncil.ca\/#\/schema\/logo\/image\/\",\"url\":\"https:\/\/www.thebusinesscouncil.ca\/wp-content\/uploads\/2020\/10\/Business-Council-of-Canada-Generic.png\",\"contentUrl\":\"https:\/\/www.thebusinesscouncil.ca\/wp-content\/uploads\/2020\/10\/Business-Council-of-Canada-Generic.png\",\"width\":1440,\"height\":900,\"caption\":\"Business Council of Canada\"},\"image\":{\"@id\":\"https:\/\/www.thebusinesscouncil.ca\/#\/schema\/logo\/image\/\"},\"sameAs\":[\"https:\/\/x.com\/BizCouncilofCan\",\"https:\/\/www.linkedin.com\/company\/business-council-of-canda\",\"https:\/\/www.youtube.com\/user\/CdnCEOCouncil\"]}]}<\/script>\n<!-- \/ Yoast SEO plugin. -->","yoast_head_json":{"title":"Marc Desormeaux se joint au Conseil canadien des affaires \u00e0 titre de vice-pr\u00e9sident, Politiques et \u00e9conomiste | Business Council of Canada","robots":{"index":"index","follow":"follow","max-snippet":"max-snippet:-1","max-image-preview":"max-image-preview:large","max-video-preview":"max-video-preview:-1"},"canonical":"https:\/\/www.thebusinesscouncil.ca\/fr\/publication\/marc-desormeaux-se-joint-au-conseil-canadien-des-affaires-a-titre-de-vice-president-politiques-et-economiste\/","og_locale":"fr_FR","og_type":"article","og_title":"Marc Desormeaux se joint au Conseil canadien des affaires \u00e0 titre de vice-pr\u00e9sident, Politiques et \u00e9conomiste | Business Council of Canada","og_description":"Le Conseil canadien des affaires (CCA) est heureux d\u2019accueillir Marc Desormeaux \u00e0 titre de vice-pr\u00e9sident, Politiques et \u00e9conomiste. \u00c0 ce titre, Marc dirigera les travaux du Conseil sur les march\u00e9s du travail, la d\u00e9mographie et l\u2019intelligence artificielle. En tant qu\u2019\u00e9conomiste...","og_url":"https:\/\/www.thebusinesscouncil.ca\/fr\/publication\/marc-desormeaux-se-joint-au-conseil-canadien-des-affaires-a-titre-de-vice-president-politiques-et-economiste\/","og_site_name":"Business Council of Canada","og_image":[{"width":1440,"height":900,"url":"https:\/\/www.thebusinesscouncil.ca\/wp-content\/uploads\/2022\/07\/Press-Release_Generic_FR.png","type":"image\/png"}],"twitter_card":"summary_large_image","twitter_site":"@BizCouncilofCan","schema":{"@context":"https:\/\/schema.org","@graph":[{"@type":"WebPage","@id":"https:\/\/www.thebusinesscouncil.ca\/fr\/publication\/marc-desormeaux-se-joint-au-conseil-canadien-des-affaires-a-titre-de-vice-president-politiques-et-economiste\/","url":"https:\/\/www.thebusinesscouncil.ca\/fr\/publication\/marc-desormeaux-se-joint-au-conseil-canadien-des-affaires-a-titre-de-vice-president-politiques-et-economiste\/","name":"Marc Desormeaux se joint au Conseil canadien des affaires \u00e0 titre de vice-pr\u00e9sident, Politiques et \u00e9conomiste | Business Council of Canada","isPartOf":{"@id":"https:\/\/www.thebusinesscouncil.ca\/#website"},"primaryImageOfPage":{"@id":"https:\/\/www.thebusinesscouncil.ca\/fr\/publication\/marc-desormeaux-se-joint-au-conseil-canadien-des-affaires-a-titre-de-vice-president-politiques-et-economiste\/#primaryimage"},"image":{"@id":"https:\/\/www.thebusinesscouncil.ca\/fr\/publication\/marc-desormeaux-se-joint-au-conseil-canadien-des-affaires-a-titre-de-vice-president-politiques-et-economiste\/#primaryimage"},"thumbnailUrl":"https:\/\/www.thebusinesscouncil.ca\/wp-content\/uploads\/2022\/07\/Press-Release_Generic_FR.png","datePublished":"2026-04-01T10:00:00+00:00","breadcrumb":{"@id":"https:\/\/www.thebusinesscouncil.ca\/fr\/publication\/marc-desormeaux-se-joint-au-conseil-canadien-des-affaires-a-titre-de-vice-president-politiques-et-economiste\/#breadcrumb"},"inLanguage":"fr-FR","potentialAction":[{"@type":"ReadAction","target":["https:\/\/www.thebusinesscouncil.ca\/fr\/publication\/marc-desormeaux-se-joint-au-conseil-canadien-des-affaires-a-titre-de-vice-president-politiques-et-economiste\/"]}]},{"@type":"ImageObject","inLanguage":"fr-FR","@id":"https:\/\/www.thebusinesscouncil.ca\/fr\/publication\/marc-desormeaux-se-joint-au-conseil-canadien-des-affaires-a-titre-de-vice-president-politiques-et-economiste\/#primaryimage","url":"https:\/\/www.thebusinesscouncil.ca\/wp-content\/uploads\/2022\/07\/Press-Release_Generic_FR.png","contentUrl":"https:\/\/www.thebusinesscouncil.ca\/wp-content\/uploads\/2022\/07\/Press-Release_Generic_FR.png","width":1440,"height":900},{"@type":"BreadcrumbList","@id":"https:\/\/www.thebusinesscouncil.ca\/fr\/publication\/marc-desormeaux-se-joint-au-conseil-canadien-des-affaires-a-titre-de-vice-president-politiques-et-economiste\/#breadcrumb","itemListElement":[{"@type":"ListItem","position":1,"name":"Home","item":"https:\/\/www.thebusinesscouncil.ca\/fr\/"},{"@type":"ListItem","position":2,"name":"Marc Desormeaux se joint au Conseil canadien des affaires \u00e0 titre de vice-pr\u00e9sident, Politiques et \u00e9conomiste"}]},{"@type":"WebSite","@id":"https:\/\/www.thebusinesscouncil.ca\/#website","url":"https:\/\/www.thebusinesscouncil.ca\/","name":"Business Council of Canada","description":"","publisher":{"@id":"https:\/\/www.thebusinesscouncil.ca\/#organization"},"potentialAction":[{"@type":"SearchAction","target":{"@type":"EntryPoint","urlTemplate":"https:\/\/www.thebusinesscouncil.ca\/?s={search_term_string}"},"query-input":{"@type":"PropertyValueSpecification","valueRequired":true,"valueName":"search_term_string"}}],"inLanguage":"fr-FR"},{"@type":"Organization","@id":"https:\/\/www.thebusinesscouncil.ca\/#organization","name":"Business Council of Canada","url":"https:\/\/www.thebusinesscouncil.ca\/","logo":{"@type":"ImageObject","inLanguage":"fr-FR","@id":"https:\/\/www.thebusinesscouncil.ca\/#\/schema\/logo\/image\/","url":"https:\/\/www.thebusinesscouncil.ca\/wp-content\/uploads\/2020\/10\/Business-Council-of-Canada-Generic.png","contentUrl":"https:\/\/www.thebusinesscouncil.ca\/wp-content\/uploads\/2020\/10\/Business-Council-of-Canada-Generic.png","width":1440,"height":900,"caption":"Business Council of Canada"},"image":{"@id":"https:\/\/www.thebusinesscouncil.ca\/#\/schema\/logo\/image\/"},"sameAs":["https:\/\/x.com\/BizCouncilofCan","https:\/\/www.linkedin.com\/company\/business-council-of-canda","https:\/\/www.youtube.com\/user\/CdnCEOCouncil"]}]}},"publishpress_future_workflow_manual_trigger":{"enabledWorkflows":[]},"_links":{"self":[{"href":"https:\/\/www.thebusinesscouncil.ca\/fr\/wp-json\/wp\/v2\/publication\/24864","targetHints":{"allow":["GET"]}}],"collection":[{"href":"https:\/\/www.thebusinesscouncil.ca\/fr\/wp-json\/wp\/v2\/publication"}],"about":[{"href":"https:\/\/www.thebusinesscouncil.ca\/fr\/wp-json\/wp\/v2\/types\/publication"}],"author":[{"embeddable":true,"href":"https:\/\/www.thebusinesscouncil.ca\/fr\/wp-json\/wp\/v2\/users\/234"}],"wp:featuredmedia":[{"embeddable":true,"href":"https:\/\/www.thebusinesscouncil.ca\/fr\/wp-json\/wp\/v2\/media\/5430"}],"wp:attachment":[{"href":"https:\/\/www.thebusinesscouncil.ca\/fr\/wp-json\/wp\/v2\/media?parent=24864"}],"wp:term":[{"taxonomy":"post_types","embeddable":true,"href":"https:\/\/www.thebusinesscouncil.ca\/fr\/wp-json\/wp\/v2\/post_types?post=24864"},{"taxonomy":"topics","embeddable":true,"href":"https:\/\/www.thebusinesscouncil.ca\/fr\/wp-json\/wp\/v2\/topics?post=24864"}],"curies":[{"name":"wp","href":"https:\/\/api.w.org\/{rel}","templated":true}]}}