{"id":21431,"date":"2025-01-07T10:40:00","date_gmt":"2025-01-07T15:40:00","guid":{"rendered":"https:\/\/www.thebusinesscouncil.ca\/?post_type=publication&#038;p=21431"},"modified":"2025-03-10T10:49:15","modified_gmt":"2025-03-10T14:49:15","slug":"justin-trudeau-quitte-le-pouvoir-voici-ou-les-choses-ont-mal-tourne-avec-son-gouvernement","status":"publish","type":"publication","link":"https:\/\/www.thebusinesscouncil.ca\/fr\/publication\/justin-trudeau-quitte-le-pouvoir-voici-ou-les-choses-ont-mal-tourne-avec-son-gouvernement\/","title":{"rendered":"Justin Trudeau quitte le pouvoir \u2014 voici o\u00f9 les choses ont mal tourn\u00e9 avec son gouvernement"},"content":{"rendered":"\n<p class=\"has-background\" style=\"background-color:#e5ebee\">Comme publi\u00e9 dans <a href=\"https:\/\/thehub.ca\/2025\/01\/06\/robert-asselin-justin-trudeau-is-stepping-down-heres-where-things-went-wrong-with-his-government\/\" target=\"_blank\" rel=\"noreferrer noopener\"><em>Le Hub<\/em><\/a><\/p>\n\n\n\n<p>Lorsque Justin Trudeau est arriv\u00e9 au pouvoir en 2015, il incarnait le changement g\u00e9n\u00e9rationnel et promettait le renouveau, la transparence et l\u2019ambition. Les premi\u00e8res r\u00e9alisations, comme l\u2019Allocation canadienne pour enfants, qui a r\u00e9duit consid\u00e9rablement la pauvret\u00e9 chez les enfants, et les am\u00e9liorations au R\u00e9gime de pensions du Canada, qui ont assur\u00e9 de meilleures retraites aux g\u00e9n\u00e9rations futures, refl\u00e9taient cette promesse.<\/p>\n\n\n\n<p>Pourtant, au fil du temps, l\u2019\u00e9lan initial du gouvernement a c\u00e9d\u00e9 la place \u00e0 une trop grande importance accord\u00e9e \u00e0 l\u2019optique politique au d\u00e9triment de la substance. Son incapacit\u00e9 \u00e0 r\u00e9pondre aux attentes n\u2019est pas le r\u00e9sultat d\u2019un seul faux pas, mais plut\u00f4t de cons\u00e9quences cumul\u00e9es de faiblesses en mati\u00e8re de gouvernance, de sous-performance \u00e9conomique et d\u2019incoh\u00e9rence politique.<\/p>\n\n\n\n<p><strong>Gouvernance<\/strong><\/p>\n\n\n\n<p>Le gouvernement Trudeau a sem\u00e9 les graines de ce d\u00e9clin d\u00e8s les premiers jours de son mandat. D\u00e8s les premiers jours qui ont suivi l\u2019\u00e9lection d\u2019octobre 2015, il \u00e9tait \u00e9vident que la transition serait un test que le gouvernement n\u2019\u00e9tait pas pr\u00eat \u00e0 passer. Le recours \u00e0 des strat\u00e8ges de campagne \u2014 aptes \u00e0 gagner des \u00e9lections, mais mal \u00e9quip\u00e9s pour les complexit\u00e9s de la gouvernance \u2014 a cr\u00e9\u00e9 une base fragile. L\u2019expertise politique a \u00e9t\u00e9 facilement rejet\u00e9e, laissant les d\u00e9cisions cruciales entre les mains de ceux qui sont plus \u00e0 l\u2019\u00e9coute du th\u00e9\u00e2tre politique que des exigences nuanc\u00e9es li\u00e9es \u00e0 la gouvernance du pays.<\/p>\n\n\n\n<p>Cette erreur de calcul a donn\u00e9 le ton \u00e0 un gouvernement qui a souvent accord\u00e9 la priorit\u00e9 \u00e0 la performance politique plut\u00f4t qu\u2019\u00e0 sa pratique, o\u00f9 la forme a \u00e9clips\u00e9 la substance et o\u00f9 les victoires politiques imm\u00e9diates ont \u00e9t\u00e9 privil\u00e9gi\u00e9es au d\u00e9triment des strat\u00e9gies politiques \u00e0 long terme.<\/p>\n\n\n\n<p>La gouvernance n\u2019est pas qu\u2019une question de charisme : elle exige un dirigeant capable de naviguer dans les complexit\u00e9s de la politique et de responsabiliser ceux qui l\u2019entourent. Trudeau a souvent failli \u00e0 cette t\u00e2che, en s\u2019appuyant fortement sur un petit groupe de conseillers qui privil\u00e9giaient les discours politiques au d\u00e9triment de l\u2019\u00e9laboration de politiques efficaces et r\u00e9fl\u00e9chies.<\/p>\n\n\n\n<p>Cet exc\u00e8s de confiance \u2014 fond\u00e9 sur la conviction que seuls quelques conseillers politiques au plus haut niveau pouvaient g\u00e9rer l\u2019ensemble du programme gouvernemental de mani\u00e8re centralis\u00e9e \u2014 a conduit \u00e0 une approche autoritaire. Au lieu de mettre en place des syst\u00e8mes de gouvernance robustes et de renforcer les institutions, les d\u00e9cisions ont \u00e9t\u00e9 concentr\u00e9es entre les mains de quelques-uns. Cette approche a favoris\u00e9 l\u2019inefficacit\u00e9 et un style de gouvernance r\u00e9actif, incapable de relever efficacement les d\u00e9fis les plus urgents du pays. Les id\u00e9es prometteuses ont souvent \u00e9t\u00e9 sap\u00e9es par une mauvaise ex\u00e9cution et un manque d\u2019attention aux d\u00e9tails.<\/p>\n\n\n\n<p><strong>Le d\u00e9clin du gouvernement de Cabinet<\/strong><\/p>\n\n\n\n<p>Sous Trudeau, le mod\u00e8le traditionnel de gouvernement de cabinet \u2014 o\u00f9 les ministres dirigent leurs minist\u00e8res, lancent des politiques et sont responsables de leur mise en \u0153uvre \u2014 a consid\u00e9rablement r\u00e9gress\u00e9. Le pouvoir a \u00e9t\u00e9 largement centralis\u00e9 au sein du cabinet du premier ministre (CPM), de sorte que les ministres n\u2019avaient que peu d\u2019autorit\u00e9 pour fa\u00e7onner les politiques relevant de leur portefeuille. Trop souvent, ils ont \u00e9t\u00e9 r\u00e9duits \u00e0 un r\u00f4le de porte-parole charg\u00e9 de d\u00e9fendre les d\u00e9cisions d\u00e9j\u00e0 prises par le CPM plut\u00f4t que d\u2019y contribuer. Cette approche a entrav\u00e9 la collaboration, les ministres n\u2019\u00e9tant pas en mesure d\u2019apporter leur expertise \u00e0 la table des n\u00e9gociations.<\/p>\n\n\n\n<p>Cette centralisation a \u00e9galement affaibli la responsabilit\u00e9. Les ministres, limit\u00e9s par la domination du CPM, n\u2019ont pas pu s\u2019approprier les d\u00e9cisions cl\u00e9s. En cons\u00e9quence, la mise en \u0153uvre a souffert, et la responsabilit\u00e9 des \u00e9checs politiques n\u2019a souvent pas \u00e9t\u00e9 clairement \u00e9tablie, comme nous l\u2019avons constat\u00e9 r\u00e9cemment lors de la d\u00e9b\u00e2cle du cong\u00e9 de TPS ou de l\u2019annonce de la taxe sur le carbone pour le Canada atlantique.<\/p>\n\n\n\n<p><strong>\u00c9checs des politiques \u00e9conomiques<\/strong><\/p>\n\n\n\n<p>Le mandat de Trudeau a \u00e9t\u00e9 marqu\u00e9 par une p\u00e9riode de faible croissance, de baisse de la productivit\u00e9 et d\u2019aggravation des vuln\u00e9rabilit\u00e9s budg\u00e9taires. <\/p>\n\n\n\n<p>Le PIB par habitant, une mesure essentielle de la prosp\u00e9rit\u00e9, a \u00e9t\u00e9 n\u00e9gatif pendant huit des neuf derniers trimestres, accusant un retard par rapport \u00e0 des pays comparables, comme les \u00c9tats-Unis, et soulignant les difficult\u00e9s du Canada \u00e0 passer \u00e0 une \u00e9conomie \u00e0 forte valeur ajout\u00e9e et ax\u00e9e sur l\u2019innovation. L\u2019accent particulier mis sur le secteur des v\u00e9hicules \u00e9lectriques a r\u00e9p\u00e9t\u00e9 les erreurs historiques d\u2019une politique \u00e9conomique ax\u00e9e sur la recherche de rentes et les subventions. Les possibilit\u00e9s d\u2019exploiter les avantages naturels du Canada et de favoriser l\u2019innovation dans les domaines de l\u2019\u00e9nergie, de l\u2019agriculture, de la biotechnologie et des infrastructures de pointe ont \u00e9t\u00e9 n\u00e9glig\u00e9es au profit de mesures de politique industrielle inefficaces.<\/p>\n\n\n\n<p>La dette publique s\u2019est accrue \u00e0 un rythme , sans strat\u00e9gie coh\u00e9rente pour harmoniser les d\u00e9penses avec les pressions \u00e0 long terme, telles que le vieillissement de la population. Alors m\u00eame que les conditions \u00e9conomiques s\u2019am\u00e9lioraient apr\u00e8s la pand\u00e9mie, le gouvernement a constamment d\u00e9pass\u00e9 ses d\u00e9penses et manqu\u00e9 ses propres objectifs budg\u00e9taires, ce qui t\u00e9moigne d\u2019une absence de discipline et de responsabilit\u00e9. Dans le m\u00eame temps, la productivit\u00e9 du travail est rest\u00e9e obstin\u00e9ment faible, sympt\u00f4me d\u2019une innovation n\u00e9glig\u00e9e et de cadres r\u00e9glementaires d\u00e9pass\u00e9s.<\/p>\n\n\n\n<p>La hausse des niveaux d\u2019immigration ne s\u2019est pas accompagn\u00e9e d\u2019une augmentation correspondante de l\u2019offre de logements, ce qui a aggrav\u00e9 les probl\u00e8mes d\u2019accessibilit\u00e9 pour des millions de Canadiens.<\/p>\n\n\n\n<p><strong>Incoh\u00e9rence de la politique \u00e9trang\u00e8re<\/strong><\/p>\n\n\n\n<p>Sur la sc\u00e8ne internationale, le gouvernement Trudeau semblait souvent perdu. Malgr\u00e9 de grandes d\u00e9clarations sur le r\u00f4le du Canada en tant que champion du multilat\u00e9ralisme et des valeurs progressistes, sa politique \u00e9trang\u00e8re manquait de clart\u00e9, de coh\u00e9rence et d\u2019orientation strat\u00e9gique. Les relations avec les principaux alli\u00e9s ont souffert et l\u2019influence du Canada dans les institutions mondiales s\u2019est affaiblie, rendant le pays de plus en plus r\u00e9actif et mis \u00e0 l\u2019\u00e9cart des d\u00e9bats g\u00e9opolitiques cruciaux.<\/p>\n\n\n\n<p>Un \u00e9chec particuli\u00e8rement flagrant a \u00e9t\u00e9 l\u2019incapacit\u00e9 du Canada \u00e0 respecter son engagement envers l\u2019OTAN de d\u00e9penser 2 % du PIB pour la d\u00e9fense. Cette promesse, r\u00e9affirm\u00e9e par les \u00c9tats membres en 2014 en r\u00e9ponse \u00e0 la mont\u00e9e des menaces mondiales, \u00e9tait cens\u00e9e t\u00e9moigner de la solidarit\u00e9 et de la force collective des alli\u00e9s de l\u2019OTAN. Pourtant, dix ans plus tard, le Canada est rest\u00e9 bien en de\u00e7\u00e0 de ce seuil, consacrant environ 1,3 pour cent de son PIB \u00e0 la d\u00e9fense.<\/p>\n\n\n\n<p>Cet \u00e9chec est devenu tr\u00e8s probl\u00e9matique apr\u00e8s l\u2019invasion de l\u2019Ukraine par la Russie en 2022, une crise qui a soulign\u00e9 l\u2019urgence d\u2019une pr\u00e9paration militaire robuste et de la coh\u00e9sion de l\u2019alliance. Le d\u00e9ficit du Canada a non seulement mis \u00e0 mal sa cr\u00e9dibilit\u00e9 au sein de l\u2019OTAN, mais a \u00e9galement limit\u00e9 sa capacit\u00e9 \u00e0 contribuer de mani\u00e8re significative aux efforts de d\u00e9fense collective.<\/p>\n\n\n\n<p><strong>Politique climatique et \u00e9nerg\u00e9tique<\/strong><\/p>\n\n\n\n<p>Le changement climatique \u00e9tait une pierre angulaire de l\u2019identit\u00e9 politique de Trudeau, mais l\u2019approche de son gouvernement a \u00e9t\u00e9 marqu\u00e9e par des contradictions. Les remises de la taxe sur le carbone motiv\u00e9es par des consid\u00e9rations politiques ont sap\u00e9 l\u2019int\u00e9grit\u00e9 de son cadre de tarification, et la d\u00e9cision de plafonner la production de p\u00e9trole et de gaz au cours d\u2019une p\u00e9riode d\u2019ins\u00e9curit\u00e9 \u00e9nerg\u00e9tique mondiale a refl\u00e9t\u00e9 un d\u00e9calage entre les aspirations environnementales et les r\u00e9alit\u00e9s g\u00e9opolitiques et \u00e9conomiques.<\/p>\n\n\n\n<p><strong>L\u2019entente avec le NPD et la d\u00e9rive strat\u00e9gique <\/strong><\/p>\n\n\n\n<p>L\u2019accord de 2022 avec le Nouveau Parti d\u00e9mocratique, tout en assurant une stabilit\u00e9 politique temporaire, a marqu\u00e9 un virage \u00e0 gauche important. Cette r\u00e9orientation a ali\u00e9n\u00e9 les \u00e9lecteurs centristes, \u00e9rod\u00e9 l\u2019identit\u00e9 traditionnelle du Parti lib\u00e9ral et mis en \u00e9vidence un gouvernement de plus en plus ax\u00e9 sur la survie plut\u00f4t que sur une gouvernance fond\u00e9e sur des principes.<\/p>\n\n\n\n<p>En outrepassant son r\u00f4le et en agissant comme s\u2019il pouvait g\u00e9rer les gouvernements provinciaux par le biais de programmes tels que le r\u00e9gime d\u2019assurance-m\u00e9dicaments et les soins dentaires, le gouvernement f\u00e9d\u00e9ral a failli \u00e0 ses responsabilit\u00e9s de base. Le financement de ces initiatives par des emprunts a ajout\u00e9 une pression \u00e0 long terme sur les bilans des gouvernements f\u00e9d\u00e9ral et provinciaux, tout en mettant \u00e0 rude \u00e9preuve les relations f\u00e9d\u00e9rales-provinciales. Pendant ce temps, des priorit\u00e9s f\u00e9d\u00e9rales essentielles, telles que la strat\u00e9gie \u00e9conomique, la d\u00e9fense et l\u2019immigration, ont \u00e9t\u00e9 n\u00e9glig\u00e9es, ce qui a entra\u00een\u00e9 des dommages consid\u00e9rables en mati\u00e8re de politiques.<\/p>\n\n\n\n<p><strong>Le\u00e7ons pour les futurs gouvernements<\/strong><\/p>\n\n\n\n<p>Le mandat du gouvernement Trudeau a marqu\u00e9 le d\u00e9but d\u2019un chapitre d\u2019espoir dans la politique canadienne, en offrant une vision de renouveau et de progr\u00e8s qui a trouv\u00e9 un \u00e9cho profond aupr\u00e8s de l\u2019\u00e9lectorat. Pourtant, au fil des ann\u00e9es, cette promesse a \u00e9t\u00e9 \u00e9clips\u00e9e par les r\u00e9alit\u00e9s de la gouvernance \u2014 une sph\u00e8re qui exige non seulement des id\u00e9es politiques judicieuses, mais aussi les comp\u00e9tences, la discipline et la force institutionnelle n\u00e9cessaires pour les mener \u00e0 bien.<\/p>\n\n\n\n<p>Son mandat a \u00e9t\u00e9 marqu\u00e9 par des contradictions et des tensions inh\u00e9rentes : une ambition de jouer un r\u00f4le de premier plan dans la lutte contre les changements climatiques min\u00e9e par l\u2019incoh\u00e9rence des politiques\u2009; un v\u00e9ritable engagement en faveur de l\u2019inclusion et de la diversit\u00e9 \u00e9clips\u00e9 par la polarisation culturelle\u2009; et une pr\u00e9occupation pour la redistribution au d\u00e9triment de la croissance \u00e9conomique.<\/p>\n\n\n\n<p>Ces derni\u00e8res ann\u00e9es sont une mise en garde : le leadership dans une d\u00e9mocratie moderne exige un \u00e9quilibre d\u00e9licat entre l\u2019ambition, le pragmatisme et la bonne gouvernance.<\/p>\n\n\n\n<p>Les futurs gouvernements doivent tirer une le\u00e7on essentielle : s\u2019il est important de g\u00e9rer une communication efficace, la v\u00e9ritable mesure du succ\u00e8s r\u00e9side dans la comp\u00e9tence manag\u00e9riale et la mise en \u0153uvre pr\u00e9cise des politiques.<\/p>\n\n\n\n<p>L\u2019histoire ne doit pas se r\u00e9p\u00e9ter. L\u2019approche de Trudeau en tant que premier ministre \u00e9tait celle d\u2019un conteur et d\u2019un communicateur, donnant souvent l\u2019impression qu\u2019il jouait la com\u00e9die plut\u00f4t que de gouverner. Il a n\u00e9glig\u00e9 la rigueur politique et manag\u00e9riale qu\u2019exige ce r\u00f4le et ne s\u2019est pas adapt\u00e9 aux complexit\u00e9s de la gouvernance. Comme l\u2019a \u00e9crit Albert Camus : \u00ab\u2009La trag\u00e9die est facile et \u00e0 la port\u00e9e de l\u2019homme\u2009; le chef-d\u2019\u0153uvre exige toujours plus\u2009\u00bb.<\/p>\n","protected":false},"author":234,"featured_media":13278,"template":"","post_types":[99],"topics":[73,86,90,66,67],"class_list":["post-21431","publication","type-publication","status-publish","has-post-thumbnail","hentry","post_types-lettres-dopinion"],"acf":[],"yoast_head":"<!-- This site is optimized with the Yoast SEO plugin v27.1.1 - https:\/\/yoast.com\/product\/yoast-seo-wordpress\/ -->\n<title>Justin Trudeau quitte le pouvoir \u2014 voici o\u00f9 les choses ont mal tourn\u00e9 avec son gouvernement | Business Council of Canada<\/title>\n<meta name=\"robots\" content=\"index, follow, max-snippet:-1, max-image-preview:large, max-video-preview:-1\" \/>\n<link rel=\"canonical\" href=\"https:\/\/www.thebusinesscouncil.ca\/fr\/publication\/justin-trudeau-quitte-le-pouvoir-voici-ou-les-choses-ont-mal-tourne-avec-son-gouvernement\/\" \/>\n<meta property=\"og:locale\" content=\"fr_FR\" \/>\n<meta property=\"og:type\" content=\"article\" \/>\n<meta property=\"og:title\" content=\"Justin Trudeau quitte le pouvoir \u2014 voici o\u00f9 les choses ont mal tourn\u00e9 avec son gouvernement | Business Council of Canada\" \/>\n<meta property=\"og:description\" content=\"Comme publi\u00e9 dans Le Hub Lorsque Justin Trudeau est arriv\u00e9 au pouvoir en 2015, il incarnait le changement g\u00e9n\u00e9rationnel et promettait le renouveau, la transparence et l\u2019ambition. Les premi\u00e8res r\u00e9alisations, comme l\u2019Allocation canadienne pour enfants, qui a r\u00e9duit consid\u00e9rablement la...\" \/>\n<meta property=\"og:url\" content=\"https:\/\/www.thebusinesscouncil.ca\/fr\/publication\/justin-trudeau-quitte-le-pouvoir-voici-ou-les-choses-ont-mal-tourne-avec-son-gouvernement\/\" \/>\n<meta property=\"og:site_name\" content=\"Business Council of Canada\" \/>\n<meta property=\"article:modified_time\" content=\"2025-03-10T14:49:15+00:00\" \/>\n<meta property=\"og:image\" content=\"https:\/\/www.thebusinesscouncil.ca\/wp-content\/uploads\/2021\/03\/Opinion_Computer_RobertAsselin.png\" \/>\n\t<meta property=\"og:image:width\" content=\"1440\" \/>\n\t<meta property=\"og:image:height\" content=\"900\" \/>\n\t<meta property=\"og:image:type\" content=\"image\/png\" \/>\n<meta name=\"twitter:card\" content=\"summary_large_image\" \/>\n<meta name=\"twitter:site\" content=\"@BizCouncilofCan\" \/>\n<script type=\"application\/ld+json\" class=\"yoast-schema-graph\">{\"@context\":\"https:\/\/schema.org\",\"@graph\":[{\"@type\":\"WebPage\",\"@id\":\"https:\/\/www.thebusinesscouncil.ca\/fr\/publication\/justin-trudeau-quitte-le-pouvoir-voici-ou-les-choses-ont-mal-tourne-avec-son-gouvernement\/\",\"url\":\"https:\/\/www.thebusinesscouncil.ca\/fr\/publication\/justin-trudeau-quitte-le-pouvoir-voici-ou-les-choses-ont-mal-tourne-avec-son-gouvernement\/\",\"name\":\"Justin Trudeau quitte le pouvoir \u2014 voici o\u00f9 les choses ont mal tourn\u00e9 avec son gouvernement | Business Council of Canada\",\"isPartOf\":{\"@id\":\"https:\/\/www.thebusinesscouncil.ca\/#website\"},\"primaryImageOfPage\":{\"@id\":\"https:\/\/www.thebusinesscouncil.ca\/fr\/publication\/justin-trudeau-quitte-le-pouvoir-voici-ou-les-choses-ont-mal-tourne-avec-son-gouvernement\/#primaryimage\"},\"image\":{\"@id\":\"https:\/\/www.thebusinesscouncil.ca\/fr\/publication\/justin-trudeau-quitte-le-pouvoir-voici-ou-les-choses-ont-mal-tourne-avec-son-gouvernement\/#primaryimage\"},\"thumbnailUrl\":\"https:\/\/www.thebusinesscouncil.ca\/wp-content\/uploads\/2021\/03\/Opinion_Computer_RobertAsselin.png\",\"datePublished\":\"2025-01-07T15:40:00+00:00\",\"dateModified\":\"2025-03-10T14:49:15+00:00\",\"breadcrumb\":{\"@id\":\"https:\/\/www.thebusinesscouncil.ca\/fr\/publication\/justin-trudeau-quitte-le-pouvoir-voici-ou-les-choses-ont-mal-tourne-avec-son-gouvernement\/#breadcrumb\"},\"inLanguage\":\"fr-FR\",\"potentialAction\":[{\"@type\":\"ReadAction\",\"target\":[\"https:\/\/www.thebusinesscouncil.ca\/fr\/publication\/justin-trudeau-quitte-le-pouvoir-voici-ou-les-choses-ont-mal-tourne-avec-son-gouvernement\/\"]}]},{\"@type\":\"ImageObject\",\"inLanguage\":\"fr-FR\",\"@id\":\"https:\/\/www.thebusinesscouncil.ca\/fr\/publication\/justin-trudeau-quitte-le-pouvoir-voici-ou-les-choses-ont-mal-tourne-avec-son-gouvernement\/#primaryimage\",\"url\":\"https:\/\/www.thebusinesscouncil.ca\/wp-content\/uploads\/2021\/03\/Opinion_Computer_RobertAsselin.png\",\"contentUrl\":\"https:\/\/www.thebusinesscouncil.ca\/wp-content\/uploads\/2021\/03\/Opinion_Computer_RobertAsselin.png\",\"width\":1440,\"height\":900},{\"@type\":\"BreadcrumbList\",\"@id\":\"https:\/\/www.thebusinesscouncil.ca\/fr\/publication\/justin-trudeau-quitte-le-pouvoir-voici-ou-les-choses-ont-mal-tourne-avec-son-gouvernement\/#breadcrumb\",\"itemListElement\":[{\"@type\":\"ListItem\",\"position\":1,\"name\":\"Home\",\"item\":\"https:\/\/www.thebusinesscouncil.ca\/fr\/\"},{\"@type\":\"ListItem\",\"position\":2,\"name\":\"Justin Trudeau quitte le pouvoir \u2014 voici o\u00f9 les choses ont mal tourn\u00e9 avec son gouvernement\"}]},{\"@type\":\"WebSite\",\"@id\":\"https:\/\/www.thebusinesscouncil.ca\/#website\",\"url\":\"https:\/\/www.thebusinesscouncil.ca\/\",\"name\":\"Business Council of Canada\",\"description\":\"\",\"publisher\":{\"@id\":\"https:\/\/www.thebusinesscouncil.ca\/#organization\"},\"potentialAction\":[{\"@type\":\"SearchAction\",\"target\":{\"@type\":\"EntryPoint\",\"urlTemplate\":\"https:\/\/www.thebusinesscouncil.ca\/?s={search_term_string}\"},\"query-input\":{\"@type\":\"PropertyValueSpecification\",\"valueRequired\":true,\"valueName\":\"search_term_string\"}}],\"inLanguage\":\"fr-FR\"},{\"@type\":\"Organization\",\"@id\":\"https:\/\/www.thebusinesscouncil.ca\/#organization\",\"name\":\"Business Council of Canada\",\"url\":\"https:\/\/www.thebusinesscouncil.ca\/\",\"logo\":{\"@type\":\"ImageObject\",\"inLanguage\":\"fr-FR\",\"@id\":\"https:\/\/www.thebusinesscouncil.ca\/#\/schema\/logo\/image\/\",\"url\":\"https:\/\/www.thebusinesscouncil.ca\/wp-content\/uploads\/2020\/10\/Business-Council-of-Canada-Generic.png\",\"contentUrl\":\"https:\/\/www.thebusinesscouncil.ca\/wp-content\/uploads\/2020\/10\/Business-Council-of-Canada-Generic.png\",\"width\":1440,\"height\":900,\"caption\":\"Business Council of Canada\"},\"image\":{\"@id\":\"https:\/\/www.thebusinesscouncil.ca\/#\/schema\/logo\/image\/\"},\"sameAs\":[\"https:\/\/x.com\/BizCouncilofCan\",\"https:\/\/www.linkedin.com\/company\/business-council-of-canda\",\"https:\/\/www.youtube.com\/user\/CdnCEOCouncil\"]}]}<\/script>\n<!-- \/ Yoast SEO plugin. -->","yoast_head_json":{"title":"Justin Trudeau quitte le pouvoir \u2014 voici o\u00f9 les choses ont mal tourn\u00e9 avec son gouvernement | Business Council of Canada","robots":{"index":"index","follow":"follow","max-snippet":"max-snippet:-1","max-image-preview":"max-image-preview:large","max-video-preview":"max-video-preview:-1"},"canonical":"https:\/\/www.thebusinesscouncil.ca\/fr\/publication\/justin-trudeau-quitte-le-pouvoir-voici-ou-les-choses-ont-mal-tourne-avec-son-gouvernement\/","og_locale":"fr_FR","og_type":"article","og_title":"Justin Trudeau quitte le pouvoir \u2014 voici o\u00f9 les choses ont mal tourn\u00e9 avec son gouvernement | Business Council of Canada","og_description":"Comme publi\u00e9 dans Le Hub Lorsque Justin Trudeau est arriv\u00e9 au pouvoir en 2015, il incarnait le changement g\u00e9n\u00e9rationnel et promettait le renouveau, la transparence et l\u2019ambition. Les premi\u00e8res r\u00e9alisations, comme l\u2019Allocation canadienne pour enfants, qui a r\u00e9duit consid\u00e9rablement la...","og_url":"https:\/\/www.thebusinesscouncil.ca\/fr\/publication\/justin-trudeau-quitte-le-pouvoir-voici-ou-les-choses-ont-mal-tourne-avec-son-gouvernement\/","og_site_name":"Business Council of Canada","article_modified_time":"2025-03-10T14:49:15+00:00","og_image":[{"width":1440,"height":900,"url":"https:\/\/www.thebusinesscouncil.ca\/wp-content\/uploads\/2021\/03\/Opinion_Computer_RobertAsselin.png","type":"image\/png"}],"twitter_card":"summary_large_image","twitter_site":"@BizCouncilofCan","schema":{"@context":"https:\/\/schema.org","@graph":[{"@type":"WebPage","@id":"https:\/\/www.thebusinesscouncil.ca\/fr\/publication\/justin-trudeau-quitte-le-pouvoir-voici-ou-les-choses-ont-mal-tourne-avec-son-gouvernement\/","url":"https:\/\/www.thebusinesscouncil.ca\/fr\/publication\/justin-trudeau-quitte-le-pouvoir-voici-ou-les-choses-ont-mal-tourne-avec-son-gouvernement\/","name":"Justin Trudeau quitte le pouvoir \u2014 voici o\u00f9 les choses ont mal tourn\u00e9 avec son gouvernement | Business Council of Canada","isPartOf":{"@id":"https:\/\/www.thebusinesscouncil.ca\/#website"},"primaryImageOfPage":{"@id":"https:\/\/www.thebusinesscouncil.ca\/fr\/publication\/justin-trudeau-quitte-le-pouvoir-voici-ou-les-choses-ont-mal-tourne-avec-son-gouvernement\/#primaryimage"},"image":{"@id":"https:\/\/www.thebusinesscouncil.ca\/fr\/publication\/justin-trudeau-quitte-le-pouvoir-voici-ou-les-choses-ont-mal-tourne-avec-son-gouvernement\/#primaryimage"},"thumbnailUrl":"https:\/\/www.thebusinesscouncil.ca\/wp-content\/uploads\/2021\/03\/Opinion_Computer_RobertAsselin.png","datePublished":"2025-01-07T15:40:00+00:00","dateModified":"2025-03-10T14:49:15+00:00","breadcrumb":{"@id":"https:\/\/www.thebusinesscouncil.ca\/fr\/publication\/justin-trudeau-quitte-le-pouvoir-voici-ou-les-choses-ont-mal-tourne-avec-son-gouvernement\/#breadcrumb"},"inLanguage":"fr-FR","potentialAction":[{"@type":"ReadAction","target":["https:\/\/www.thebusinesscouncil.ca\/fr\/publication\/justin-trudeau-quitte-le-pouvoir-voici-ou-les-choses-ont-mal-tourne-avec-son-gouvernement\/"]}]},{"@type":"ImageObject","inLanguage":"fr-FR","@id":"https:\/\/www.thebusinesscouncil.ca\/fr\/publication\/justin-trudeau-quitte-le-pouvoir-voici-ou-les-choses-ont-mal-tourne-avec-son-gouvernement\/#primaryimage","url":"https:\/\/www.thebusinesscouncil.ca\/wp-content\/uploads\/2021\/03\/Opinion_Computer_RobertAsselin.png","contentUrl":"https:\/\/www.thebusinesscouncil.ca\/wp-content\/uploads\/2021\/03\/Opinion_Computer_RobertAsselin.png","width":1440,"height":900},{"@type":"BreadcrumbList","@id":"https:\/\/www.thebusinesscouncil.ca\/fr\/publication\/justin-trudeau-quitte-le-pouvoir-voici-ou-les-choses-ont-mal-tourne-avec-son-gouvernement\/#breadcrumb","itemListElement":[{"@type":"ListItem","position":1,"name":"Home","item":"https:\/\/www.thebusinesscouncil.ca\/fr\/"},{"@type":"ListItem","position":2,"name":"Justin Trudeau quitte le pouvoir \u2014 voici o\u00f9 les choses ont mal tourn\u00e9 avec son gouvernement"}]},{"@type":"WebSite","@id":"https:\/\/www.thebusinesscouncil.ca\/#website","url":"https:\/\/www.thebusinesscouncil.ca\/","name":"Business Council of Canada","description":"","publisher":{"@id":"https:\/\/www.thebusinesscouncil.ca\/#organization"},"potentialAction":[{"@type":"SearchAction","target":{"@type":"EntryPoint","urlTemplate":"https:\/\/www.thebusinesscouncil.ca\/?s={search_term_string}"},"query-input":{"@type":"PropertyValueSpecification","valueRequired":true,"valueName":"search_term_string"}}],"inLanguage":"fr-FR"},{"@type":"Organization","@id":"https:\/\/www.thebusinesscouncil.ca\/#organization","name":"Business Council of Canada","url":"https:\/\/www.thebusinesscouncil.ca\/","logo":{"@type":"ImageObject","inLanguage":"fr-FR","@id":"https:\/\/www.thebusinesscouncil.ca\/#\/schema\/logo\/image\/","url":"https:\/\/www.thebusinesscouncil.ca\/wp-content\/uploads\/2020\/10\/Business-Council-of-Canada-Generic.png","contentUrl":"https:\/\/www.thebusinesscouncil.ca\/wp-content\/uploads\/2020\/10\/Business-Council-of-Canada-Generic.png","width":1440,"height":900,"caption":"Business Council of Canada"},"image":{"@id":"https:\/\/www.thebusinesscouncil.ca\/#\/schema\/logo\/image\/"},"sameAs":["https:\/\/x.com\/BizCouncilofCan","https:\/\/www.linkedin.com\/company\/business-council-of-canda","https:\/\/www.youtube.com\/user\/CdnCEOCouncil"]}]}},"publishpress_future_workflow_manual_trigger":{"enabledWorkflows":[]},"_links":{"self":[{"href":"https:\/\/www.thebusinesscouncil.ca\/fr\/wp-json\/wp\/v2\/publication\/21431","targetHints":{"allow":["GET"]}}],"collection":[{"href":"https:\/\/www.thebusinesscouncil.ca\/fr\/wp-json\/wp\/v2\/publication"}],"about":[{"href":"https:\/\/www.thebusinesscouncil.ca\/fr\/wp-json\/wp\/v2\/types\/publication"}],"author":[{"embeddable":true,"href":"https:\/\/www.thebusinesscouncil.ca\/fr\/wp-json\/wp\/v2\/users\/234"}],"wp:featuredmedia":[{"embeddable":true,"href":"https:\/\/www.thebusinesscouncil.ca\/fr\/wp-json\/wp\/v2\/media\/13278"}],"wp:attachment":[{"href":"https:\/\/www.thebusinesscouncil.ca\/fr\/wp-json\/wp\/v2\/media?parent=21431"}],"wp:term":[{"taxonomy":"post_types","embeddable":true,"href":"https:\/\/www.thebusinesscouncil.ca\/fr\/wp-json\/wp\/v2\/post_types?post=21431"},{"taxonomy":"topics","embeddable":true,"href":"https:\/\/www.thebusinesscouncil.ca\/fr\/wp-json\/wp\/v2\/topics?post=21431"}],"curies":[{"name":"wp","href":"https:\/\/api.w.org\/{rel}","templated":true}]}}