{"id":20034,"date":"2024-05-09T16:25:00","date_gmt":"2024-05-09T20:25:00","guid":{"rendered":"https:\/\/www.thebusinesscouncil.ca\/?post_type=publication&#038;p=20034"},"modified":"2024-10-22T16:28:19","modified_gmt":"2024-10-22T20:28:19","slug":"laugmentation-du-taux-dimposition-des-gains-en-capital-nuit-a-la-competitivite","status":"publish","type":"publication","link":"https:\/\/www.thebusinesscouncil.ca\/fr\/publication\/laugmentation-du-taux-dimposition-des-gains-en-capital-nuit-a-la-competitivite\/","title":{"rendered":"L\u2019augmentation du taux d\u2019imposition des gains en capital nuit \u00e0 la comp\u00e9titivit\u00e9"},"content":{"rendered":"\n<p class=\"has-background\" style=\"background-color:#e5ebee\"><em>Lettre \u00e0 l\u2019honorable Chrystia Freeland, C.P., d\u00e9put\u00e9e, Vice-premi\u00e8re ministre et ministre des Finances, concernant les changements propos\u00e9s \u00e0 l\u2019imp\u00f4t sur les gains en capital au Canada.<\/em><\/p>\n\n\n\n<p>Madame la Vice-Premi\u00e8re Ministre,<\/p>\n\n\n\n<p>Nous vous \u00e9crivons pour ajouter notre voix \u00e0 celles des personnes plus directement touch\u00e9es par les changements propos\u00e9s \u00e0 l\u2019imp\u00f4t sur les gains en capital du Canada, tels qu\u2019ils ont \u00e9t\u00e9 annonc\u00e9s dans votre r\u00e9cent budget. Sur la base des informations fournies \u00e0 ce jour, nous craignons que les changements propos\u00e9s ne compromettent davantage la capacit\u00e9 du Canada \u00e0 attirer les investissements et les talents, ce qui aurait pour effet d\u2019entraver une croissance \u00e9conomique forte et soutenue.<\/p>\n\n\n\n<p>Plus important encore, nous estimons que le d\u00e9bat sur l\u2019imp\u00f4t sur les gains en capital occulte un probl\u00e8me encore plus pr\u00e9occupant, \u00e0 savoir que le cadre fiscal du gouvernement n\u2019est pas viable. Aucune augmentation d\u2019imp\u00f4t ne serait n\u00e9cessaire si le gouvernement r\u00e9duisait les d\u00e9penses pr\u00e9vues et prenait des mesures proactives pour stimuler la croissance, par exemple en supprimant les obstacles r\u00e9glementaires.<\/p>\n\n\n\n<p>Nous vous demandons donc \u00e0 nouveau de mettre en place un exercice rigoureux d\u2019examen des programmes afin d\u2019identifier les domaines dans lesquels les d\u00e9penses publiques peuvent \u00eatre r\u00e9duites ou supprim\u00e9es. Les chefs d\u2019entreprise sont pr\u00eats \u00e0 contribuer \u00e0 l\u2019\u00e9laboration d\u2019une strat\u00e9gie de croissance \u00e9conomique qui renforce la prosp\u00e9rit\u00e9 de tous les Canadiens.<\/p>\n\n\n\n<p>Sinc\u00e8rement,<\/p>\n\n\n\n<figure class=\"wp-block-image size-large is-resized\"><img loading=\"lazy\" decoding=\"async\" width=\"1024\" height=\"943\" src=\"https:\/\/www.thebusinesscouncil.ca\/wp-content\/uploads\/2023\/06\/BlueInk_GH_Signature_2023-1024x943.png\" alt=\"\" class=\"wp-image-17173\" style=\"width:138px;height:auto\" srcset=\"https:\/\/www.thebusinesscouncil.ca\/wp-content\/uploads\/2023\/06\/BlueInk_GH_Signature_2023-1024x943.png 1024w, https:\/\/www.thebusinesscouncil.ca\/wp-content\/uploads\/2023\/06\/BlueInk_GH_Signature_2023-300x276.png 300w, https:\/\/www.thebusinesscouncil.ca\/wp-content\/uploads\/2023\/06\/BlueInk_GH_Signature_2023-768x707.png 768w, https:\/\/www.thebusinesscouncil.ca\/wp-content\/uploads\/2023\/06\/BlueInk_GH_Signature_2023-1536x1415.png 1536w, https:\/\/www.thebusinesscouncil.ca\/wp-content\/uploads\/2023\/06\/BlueInk_GH_Signature_2023-217x200.png 217w, https:\/\/www.thebusinesscouncil.ca\/wp-content\/uploads\/2023\/06\/BlueInk_GH_Signature_2023.png 1581w\" sizes=\"auto, (max-width: 1024px) 100vw, 1024px\" \/><\/figure>\n\n\n\n<p>Goldy Hyder<\/p>\n","protected":false},"author":234,"featured_media":5444,"template":"","post_types":[97],"topics":[85,84,67],"class_list":["post-20034","publication","type-publication","status-publish","has-post-thumbnail","hentry","post_types-lettres"],"acf":[],"yoast_head":"<!-- This site is optimized with the Yoast SEO plugin v27.1.1 - https:\/\/yoast.com\/product\/yoast-seo-wordpress\/ -->\n<title>L\u2019augmentation du taux d\u2019imposition des gains en capital nuit \u00e0 la comp\u00e9titivit\u00e9 | Business Council of Canada<\/title>\n<meta name=\"robots\" content=\"index, follow, max-snippet:-1, max-image-preview:large, max-video-preview:-1\" \/>\n<link rel=\"canonical\" href=\"https:\/\/www.thebusinesscouncil.ca\/fr\/publication\/laugmentation-du-taux-dimposition-des-gains-en-capital-nuit-a-la-competitivite\/\" \/>\n<meta property=\"og:locale\" content=\"fr_FR\" \/>\n<meta property=\"og:type\" content=\"article\" \/>\n<meta property=\"og:title\" content=\"L\u2019augmentation du taux d\u2019imposition des gains en capital nuit \u00e0 la comp\u00e9titivit\u00e9 | Business Council of Canada\" \/>\n<meta property=\"og:description\" content=\"Lettre \u00e0 l\u2019honorable Chrystia Freeland, C.P., d\u00e9put\u00e9e, Vice-premi\u00e8re ministre et ministre des Finances, concernant les changements propos\u00e9s \u00e0 l\u2019imp\u00f4t sur les gains en capital au Canada. Madame la Vice-Premi\u00e8re Ministre, Nous vous \u00e9crivons pour ajouter notre voix \u00e0 celles des...\" \/>\n<meta property=\"og:url\" content=\"https:\/\/www.thebusinesscouncil.ca\/fr\/publication\/laugmentation-du-taux-dimposition-des-gains-en-capital-nuit-a-la-competitivite\/\" \/>\n<meta property=\"og:site_name\" content=\"Business Council of Canada\" \/>\n<meta property=\"article:modified_time\" content=\"2024-10-22T20:28:19+00:00\" \/>\n<meta property=\"og:image\" content=\"https:\/\/www.thebusinesscouncil.ca\/wp-content\/uploads\/2020\/10\/Lettres.png\" \/>\n\t<meta property=\"og:image:width\" content=\"1440\" \/>\n\t<meta property=\"og:image:height\" content=\"900\" \/>\n\t<meta property=\"og:image:type\" content=\"image\/png\" \/>\n<meta name=\"twitter:card\" content=\"summary_large_image\" \/>\n<meta name=\"twitter:site\" content=\"@BizCouncilofCan\" \/>\n<script type=\"application\/ld+json\" class=\"yoast-schema-graph\">{\"@context\":\"https:\/\/schema.org\",\"@graph\":[{\"@type\":\"WebPage\",\"@id\":\"https:\/\/www.thebusinesscouncil.ca\/fr\/publication\/laugmentation-du-taux-dimposition-des-gains-en-capital-nuit-a-la-competitivite\/\",\"url\":\"https:\/\/www.thebusinesscouncil.ca\/fr\/publication\/laugmentation-du-taux-dimposition-des-gains-en-capital-nuit-a-la-competitivite\/\",\"name\":\"L\u2019augmentation du taux d\u2019imposition des gains en capital nuit \u00e0 la comp\u00e9titivit\u00e9 | Business Council of Canada\",\"isPartOf\":{\"@id\":\"https:\/\/www.thebusinesscouncil.ca\/#website\"},\"primaryImageOfPage\":{\"@id\":\"https:\/\/www.thebusinesscouncil.ca\/fr\/publication\/laugmentation-du-taux-dimposition-des-gains-en-capital-nuit-a-la-competitivite\/#primaryimage\"},\"image\":{\"@id\":\"https:\/\/www.thebusinesscouncil.ca\/fr\/publication\/laugmentation-du-taux-dimposition-des-gains-en-capital-nuit-a-la-competitivite\/#primaryimage\"},\"thumbnailUrl\":\"https:\/\/www.thebusinesscouncil.ca\/wp-content\/uploads\/2020\/10\/Lettres.png\",\"datePublished\":\"2024-05-09T20:25:00+00:00\",\"dateModified\":\"2024-10-22T20:28:19+00:00\",\"breadcrumb\":{\"@id\":\"https:\/\/www.thebusinesscouncil.ca\/fr\/publication\/laugmentation-du-taux-dimposition-des-gains-en-capital-nuit-a-la-competitivite\/#breadcrumb\"},\"inLanguage\":\"fr-FR\",\"potentialAction\":[{\"@type\":\"ReadAction\",\"target\":[\"https:\/\/www.thebusinesscouncil.ca\/fr\/publication\/laugmentation-du-taux-dimposition-des-gains-en-capital-nuit-a-la-competitivite\/\"]}]},{\"@type\":\"ImageObject\",\"inLanguage\":\"fr-FR\",\"@id\":\"https:\/\/www.thebusinesscouncil.ca\/fr\/publication\/laugmentation-du-taux-dimposition-des-gains-en-capital-nuit-a-la-competitivite\/#primaryimage\",\"url\":\"https:\/\/www.thebusinesscouncil.ca\/wp-content\/uploads\/2020\/10\/Lettres.png\",\"contentUrl\":\"https:\/\/www.thebusinesscouncil.ca\/wp-content\/uploads\/2020\/10\/Lettres.png\",\"width\":1440,\"height\":900,\"caption\":\"Letters\"},{\"@type\":\"BreadcrumbList\",\"@id\":\"https:\/\/www.thebusinesscouncil.ca\/fr\/publication\/laugmentation-du-taux-dimposition-des-gains-en-capital-nuit-a-la-competitivite\/#breadcrumb\",\"itemListElement\":[{\"@type\":\"ListItem\",\"position\":1,\"name\":\"Home\",\"item\":\"https:\/\/www.thebusinesscouncil.ca\/fr\/\"},{\"@type\":\"ListItem\",\"position\":2,\"name\":\"L\u2019augmentation du taux d\u2019imposition des gains en capital nuit \u00e0 la comp\u00e9titivit\u00e9\"}]},{\"@type\":\"WebSite\",\"@id\":\"https:\/\/www.thebusinesscouncil.ca\/#website\",\"url\":\"https:\/\/www.thebusinesscouncil.ca\/\",\"name\":\"Business Council of Canada\",\"description\":\"\",\"publisher\":{\"@id\":\"https:\/\/www.thebusinesscouncil.ca\/#organization\"},\"potentialAction\":[{\"@type\":\"SearchAction\",\"target\":{\"@type\":\"EntryPoint\",\"urlTemplate\":\"https:\/\/www.thebusinesscouncil.ca\/?s={search_term_string}\"},\"query-input\":{\"@type\":\"PropertyValueSpecification\",\"valueRequired\":true,\"valueName\":\"search_term_string\"}}],\"inLanguage\":\"fr-FR\"},{\"@type\":\"Organization\",\"@id\":\"https:\/\/www.thebusinesscouncil.ca\/#organization\",\"name\":\"Business Council of Canada\",\"url\":\"https:\/\/www.thebusinesscouncil.ca\/\",\"logo\":{\"@type\":\"ImageObject\",\"inLanguage\":\"fr-FR\",\"@id\":\"https:\/\/www.thebusinesscouncil.ca\/#\/schema\/logo\/image\/\",\"url\":\"https:\/\/www.thebusinesscouncil.ca\/wp-content\/uploads\/2020\/10\/Business-Council-of-Canada-Generic.png\",\"contentUrl\":\"https:\/\/www.thebusinesscouncil.ca\/wp-content\/uploads\/2020\/10\/Business-Council-of-Canada-Generic.png\",\"width\":1440,\"height\":900,\"caption\":\"Business Council of Canada\"},\"image\":{\"@id\":\"https:\/\/www.thebusinesscouncil.ca\/#\/schema\/logo\/image\/\"},\"sameAs\":[\"https:\/\/x.com\/BizCouncilofCan\",\"https:\/\/www.linkedin.com\/company\/business-council-of-canda\",\"https:\/\/www.youtube.com\/user\/CdnCEOCouncil\"]}]}<\/script>\n<!-- \/ Yoast SEO plugin. -->","yoast_head_json":{"title":"L\u2019augmentation du taux d\u2019imposition des gains en capital nuit \u00e0 la comp\u00e9titivit\u00e9 | Business Council of Canada","robots":{"index":"index","follow":"follow","max-snippet":"max-snippet:-1","max-image-preview":"max-image-preview:large","max-video-preview":"max-video-preview:-1"},"canonical":"https:\/\/www.thebusinesscouncil.ca\/fr\/publication\/laugmentation-du-taux-dimposition-des-gains-en-capital-nuit-a-la-competitivite\/","og_locale":"fr_FR","og_type":"article","og_title":"L\u2019augmentation du taux d\u2019imposition des gains en capital nuit \u00e0 la comp\u00e9titivit\u00e9 | Business Council of Canada","og_description":"Lettre \u00e0 l\u2019honorable Chrystia Freeland, C.P., d\u00e9put\u00e9e, Vice-premi\u00e8re ministre et ministre des Finances, concernant les changements propos\u00e9s \u00e0 l\u2019imp\u00f4t sur les gains en capital au Canada. Madame la Vice-Premi\u00e8re Ministre, Nous vous \u00e9crivons pour ajouter notre voix \u00e0 celles des...","og_url":"https:\/\/www.thebusinesscouncil.ca\/fr\/publication\/laugmentation-du-taux-dimposition-des-gains-en-capital-nuit-a-la-competitivite\/","og_site_name":"Business Council of Canada","article_modified_time":"2024-10-22T20:28:19+00:00","og_image":[{"width":1440,"height":900,"url":"https:\/\/www.thebusinesscouncil.ca\/wp-content\/uploads\/2020\/10\/Lettres.png","type":"image\/png"}],"twitter_card":"summary_large_image","twitter_site":"@BizCouncilofCan","schema":{"@context":"https:\/\/schema.org","@graph":[{"@type":"WebPage","@id":"https:\/\/www.thebusinesscouncil.ca\/fr\/publication\/laugmentation-du-taux-dimposition-des-gains-en-capital-nuit-a-la-competitivite\/","url":"https:\/\/www.thebusinesscouncil.ca\/fr\/publication\/laugmentation-du-taux-dimposition-des-gains-en-capital-nuit-a-la-competitivite\/","name":"L\u2019augmentation du taux d\u2019imposition des gains en capital nuit \u00e0 la comp\u00e9titivit\u00e9 | Business Council of Canada","isPartOf":{"@id":"https:\/\/www.thebusinesscouncil.ca\/#website"},"primaryImageOfPage":{"@id":"https:\/\/www.thebusinesscouncil.ca\/fr\/publication\/laugmentation-du-taux-dimposition-des-gains-en-capital-nuit-a-la-competitivite\/#primaryimage"},"image":{"@id":"https:\/\/www.thebusinesscouncil.ca\/fr\/publication\/laugmentation-du-taux-dimposition-des-gains-en-capital-nuit-a-la-competitivite\/#primaryimage"},"thumbnailUrl":"https:\/\/www.thebusinesscouncil.ca\/wp-content\/uploads\/2020\/10\/Lettres.png","datePublished":"2024-05-09T20:25:00+00:00","dateModified":"2024-10-22T20:28:19+00:00","breadcrumb":{"@id":"https:\/\/www.thebusinesscouncil.ca\/fr\/publication\/laugmentation-du-taux-dimposition-des-gains-en-capital-nuit-a-la-competitivite\/#breadcrumb"},"inLanguage":"fr-FR","potentialAction":[{"@type":"ReadAction","target":["https:\/\/www.thebusinesscouncil.ca\/fr\/publication\/laugmentation-du-taux-dimposition-des-gains-en-capital-nuit-a-la-competitivite\/"]}]},{"@type":"ImageObject","inLanguage":"fr-FR","@id":"https:\/\/www.thebusinesscouncil.ca\/fr\/publication\/laugmentation-du-taux-dimposition-des-gains-en-capital-nuit-a-la-competitivite\/#primaryimage","url":"https:\/\/www.thebusinesscouncil.ca\/wp-content\/uploads\/2020\/10\/Lettres.png","contentUrl":"https:\/\/www.thebusinesscouncil.ca\/wp-content\/uploads\/2020\/10\/Lettres.png","width":1440,"height":900,"caption":"Letters"},{"@type":"BreadcrumbList","@id":"https:\/\/www.thebusinesscouncil.ca\/fr\/publication\/laugmentation-du-taux-dimposition-des-gains-en-capital-nuit-a-la-competitivite\/#breadcrumb","itemListElement":[{"@type":"ListItem","position":1,"name":"Home","item":"https:\/\/www.thebusinesscouncil.ca\/fr\/"},{"@type":"ListItem","position":2,"name":"L\u2019augmentation du taux d\u2019imposition des gains en capital nuit \u00e0 la comp\u00e9titivit\u00e9"}]},{"@type":"WebSite","@id":"https:\/\/www.thebusinesscouncil.ca\/#website","url":"https:\/\/www.thebusinesscouncil.ca\/","name":"Business Council of Canada","description":"","publisher":{"@id":"https:\/\/www.thebusinesscouncil.ca\/#organization"},"potentialAction":[{"@type":"SearchAction","target":{"@type":"EntryPoint","urlTemplate":"https:\/\/www.thebusinesscouncil.ca\/?s={search_term_string}"},"query-input":{"@type":"PropertyValueSpecification","valueRequired":true,"valueName":"search_term_string"}}],"inLanguage":"fr-FR"},{"@type":"Organization","@id":"https:\/\/www.thebusinesscouncil.ca\/#organization","name":"Business Council of Canada","url":"https:\/\/www.thebusinesscouncil.ca\/","logo":{"@type":"ImageObject","inLanguage":"fr-FR","@id":"https:\/\/www.thebusinesscouncil.ca\/#\/schema\/logo\/image\/","url":"https:\/\/www.thebusinesscouncil.ca\/wp-content\/uploads\/2020\/10\/Business-Council-of-Canada-Generic.png","contentUrl":"https:\/\/www.thebusinesscouncil.ca\/wp-content\/uploads\/2020\/10\/Business-Council-of-Canada-Generic.png","width":1440,"height":900,"caption":"Business Council of Canada"},"image":{"@id":"https:\/\/www.thebusinesscouncil.ca\/#\/schema\/logo\/image\/"},"sameAs":["https:\/\/x.com\/BizCouncilofCan","https:\/\/www.linkedin.com\/company\/business-council-of-canda","https:\/\/www.youtube.com\/user\/CdnCEOCouncil"]}]}},"publishpress_future_workflow_manual_trigger":{"enabledWorkflows":[]},"_links":{"self":[{"href":"https:\/\/www.thebusinesscouncil.ca\/fr\/wp-json\/wp\/v2\/publication\/20034","targetHints":{"allow":["GET"]}}],"collection":[{"href":"https:\/\/www.thebusinesscouncil.ca\/fr\/wp-json\/wp\/v2\/publication"}],"about":[{"href":"https:\/\/www.thebusinesscouncil.ca\/fr\/wp-json\/wp\/v2\/types\/publication"}],"author":[{"embeddable":true,"href":"https:\/\/www.thebusinesscouncil.ca\/fr\/wp-json\/wp\/v2\/users\/234"}],"wp:featuredmedia":[{"embeddable":true,"href":"https:\/\/www.thebusinesscouncil.ca\/fr\/wp-json\/wp\/v2\/media\/5444"}],"wp:attachment":[{"href":"https:\/\/www.thebusinesscouncil.ca\/fr\/wp-json\/wp\/v2\/media?parent=20034"}],"wp:term":[{"taxonomy":"post_types","embeddable":true,"href":"https:\/\/www.thebusinesscouncil.ca\/fr\/wp-json\/wp\/v2\/post_types?post=20034"},{"taxonomy":"topics","embeddable":true,"href":"https:\/\/www.thebusinesscouncil.ca\/fr\/wp-json\/wp\/v2\/topics?post=20034"}],"curies":[{"name":"wp","href":"https:\/\/api.w.org\/{rel}","templated":true}]}}