{"id":18542,"date":"2024-01-25T14:47:44","date_gmt":"2024-01-25T19:47:44","guid":{"rendered":"https:\/\/thebusinesscouncil.ca\/?post_type=publication&#038;p=18542"},"modified":"2024-03-21T15:01:23","modified_gmt":"2024-03-21T19:01:23","slug":"relier-lamerique-du-nord-keith-creel-du-cpkc","status":"publish","type":"publication","link":"https:\/\/www.thebusinesscouncil.ca\/fr\/publication\/relier-lamerique-du-nord-keith-creel-du-cpkc\/","title":{"rendered":"Relier l\u2019Am\u00e9rique du Nord\u00a0: Keith Creel du CPKC"},"content":{"rendered":"\n<iframe loading=\"lazy\" height=\"200px\" width=\"100%\" frameborder=\"no\" scrolling=\"no\" seamless src=\"https:\/\/player.simplecast.com\/f447261e-3c91-413b-b1ea-3437aa9acb7f?dark=false\"><\/iframe>\n\n\n\n<div style=\"height:65px\" aria-hidden=\"true\" class=\"wp-block-spacer\"><\/div>\n\n\n\n<p>Lorsque le dernier crampon a \u00e9t\u00e9 enfonc\u00e9 dans le Chemin de fer Canadien Pacifique le 7\u00a0novembre 1885 en Colombie-Britannique, le CP est devenu le premier chemin de fer transcontinental \u00e0 relier le Canada d\u2019est en ouest.\u00a0<\/p>\n\n\n\n<p>En avril dernier, l\u2019embl\u00e9matique compagnie canadienne a r\u00e9alis\u00e9 une autre premi\u00e8re, lorsqu\u2019\u00e0 Kansas City, dans le Missouri, un dernier crampon a reli\u00e9 le Canadien Pacifique au Kansas City Southern. Le nouveau chemin de fer, d\u00e9sormais appel\u00e9 CPKC, est devenu le premier et le seul chemin de fer \u00e0 ligne unique reliant le Canada, les \u00c9tats-Unis et le Mexique. Il s\u2019\u00e9tend sur plus de 32\u2009000&nbsp;kilom\u00e8tres de voies ferr\u00e9es et emploie 20\u2009000&nbsp;personnes.&nbsp;<\/p>\n\n\n\n<p>\u00ab\u2009Notre entreprise est habitu\u00e9e au changement\u2009\u00bb, explique Keith Creel, pr\u00e9sident-directeur g\u00e9n\u00e9ral du CPKC. \u00ab\u2009Nous sommes pr\u00eats \u00e0 l\u2019affronter, nous allons l\u2019accueillir et saisir les possibilit\u00e9s uniques que notre r\u00e9seau a cr\u00e9\u00e9es pour nous.\u2009\u00bb<\/p>\n\n\n<div class=\"wp-block-image\">\n<figure class=\"alignright size-large is-resized\"><img loading=\"lazy\" decoding=\"async\" width=\"1024\" height=\"576\" src=\"https:\/\/www.thebusinesscouncil.ca\/wp-content\/uploads\/2024\/01\/keith-and-goldy-screenshot-1024x576.png\" alt=\"\" class=\"wp-image-18293\" style=\"width:604px;height:auto\" srcset=\"https:\/\/www.thebusinesscouncil.ca\/wp-content\/uploads\/2024\/01\/keith-and-goldy-screenshot-1024x576.png 1024w, https:\/\/www.thebusinesscouncil.ca\/wp-content\/uploads\/2024\/01\/keith-and-goldy-screenshot-300x169.png 300w, https:\/\/www.thebusinesscouncil.ca\/wp-content\/uploads\/2024\/01\/keith-and-goldy-screenshot-768x432.png 768w, https:\/\/www.thebusinesscouncil.ca\/wp-content\/uploads\/2024\/01\/keith-and-goldy-screenshot-1536x864.png 1536w, https:\/\/www.thebusinesscouncil.ca\/wp-content\/uploads\/2024\/01\/keith-and-goldy-screenshot-356x200.png 356w, https:\/\/www.thebusinesscouncil.ca\/wp-content\/uploads\/2024\/01\/keith-and-goldy-screenshot.png 1920w\" sizes=\"auto, (max-width: 1024px) 100vw, 1024px\" \/><\/figure>\n<\/div>\n\n\n<p>Dans une entrevue avec Goldy Hyder sur le balado <em>Speaking of Business<\/em>, M.\u00a0Creel discute des avantages de la nouvelle ligne nord-am\u00e9ricaine et examine certains des d\u00e9fis li\u00e9s \u00e0 l\u2019exploitation d\u2019une entreprise dans trois pays.<\/p>\n\n\n\n<p>\u00ab\u2009Nous allons c\u00e9l\u00e9brer les points communs, reconna\u00eetre les diff\u00e9rences, ne jamais compromettre nos principes et cr\u00e9er une culture commune que j\u2019appelle la poursuite permanente de la s\u00e9curit\u00e9 et de l\u2019excellence op\u00e9rationnelle\u2009\u00bb, d\u00e9clare-t-il.<\/p>\n\n\n\n<p>\u00c9coutez l\u2019int\u00e9gralit\u00e9 de l\u2019entrevue, y compris ce que le service militaire lui a appris sur le leadership, sur le balado <em>Speaking of Business<\/em>.<\/p>\n","protected":false},"author":234,"featured_media":18291,"template":"","post_types":[100],"topics":[86,80,91,77,66,67],"class_list":["post-18542","publication","type-publication","status-publish","has-post-thumbnail","hentry","post_types-baladodiffusions"],"acf":[],"yoast_head":"<!-- This site is optimized with the Yoast SEO plugin v27.1.1 - https:\/\/yoast.com\/product\/yoast-seo-wordpress\/ -->\n<title>Relier l\u2019Am\u00e9rique du Nord\u00a0: Keith Creel du CPKC | Business Council of Canada<\/title>\n<meta name=\"robots\" content=\"index, follow, max-snippet:-1, max-image-preview:large, max-video-preview:-1\" \/>\n<link rel=\"canonical\" href=\"https:\/\/www.thebusinesscouncil.ca\/fr\/publication\/relier-lamerique-du-nord-keith-creel-du-cpkc\/\" \/>\n<meta property=\"og:locale\" content=\"fr_FR\" \/>\n<meta property=\"og:type\" content=\"article\" \/>\n<meta property=\"og:title\" content=\"Relier l\u2019Am\u00e9rique du Nord\u00a0: Keith Creel du CPKC | Business Council of Canada\" \/>\n<meta property=\"og:description\" content=\"Lorsque le dernier crampon a \u00e9t\u00e9 enfonc\u00e9 dans le Chemin de fer Canadien Pacifique le 7\u00a0novembre 1885 en Colombie-Britannique, le CP est devenu le premier chemin de fer transcontinental \u00e0 relier le Canada d\u2019est en ouest.\u00a0 En avril dernier, l\u2019embl\u00e9matique...\" \/>\n<meta property=\"og:url\" content=\"https:\/\/www.thebusinesscouncil.ca\/fr\/publication\/relier-lamerique-du-nord-keith-creel-du-cpkc\/\" \/>\n<meta property=\"og:site_name\" content=\"Business Council of Canada\" \/>\n<meta property=\"article:modified_time\" content=\"2024-03-21T19:01:23+00:00\" \/>\n<meta property=\"og:image\" content=\"https:\/\/thebusinesscouncil.ca\/wp-content\/uploads\/2024\/01\/Keith-creel-and-goldy-podcast.png\" \/>\n\t<meta property=\"og:image:width\" content=\"1440\" \/>\n\t<meta property=\"og:image:height\" content=\"900\" \/>\n\t<meta property=\"og:image:type\" content=\"image\/png\" \/>\n<meta name=\"twitter:card\" content=\"summary_large_image\" \/>\n<meta name=\"twitter:site\" content=\"@BizCouncilofCan\" \/>\n<script type=\"application\/ld+json\" class=\"yoast-schema-graph\">{\"@context\":\"https:\/\/schema.org\",\"@graph\":[{\"@type\":\"WebPage\",\"@id\":\"https:\/\/www.thebusinesscouncil.ca\/fr\/publication\/relier-lamerique-du-nord-keith-creel-du-cpkc\/\",\"url\":\"https:\/\/www.thebusinesscouncil.ca\/fr\/publication\/relier-lamerique-du-nord-keith-creel-du-cpkc\/\",\"name\":\"Relier l\u2019Am\u00e9rique du Nord\u00a0: Keith Creel du CPKC | Business Council of Canada\",\"isPartOf\":{\"@id\":\"https:\/\/www.thebusinesscouncil.ca\/#website\"},\"primaryImageOfPage\":{\"@id\":\"https:\/\/www.thebusinesscouncil.ca\/fr\/publication\/relier-lamerique-du-nord-keith-creel-du-cpkc\/#primaryimage\"},\"image\":{\"@id\":\"https:\/\/www.thebusinesscouncil.ca\/fr\/publication\/relier-lamerique-du-nord-keith-creel-du-cpkc\/#primaryimage\"},\"thumbnailUrl\":\"https:\/\/www.thebusinesscouncil.ca\/wp-content\/uploads\/2024\/01\/Keith-creel-and-goldy-podcast.png\",\"datePublished\":\"2024-01-25T19:47:44+00:00\",\"dateModified\":\"2024-03-21T19:01:23+00:00\",\"breadcrumb\":{\"@id\":\"https:\/\/www.thebusinesscouncil.ca\/fr\/publication\/relier-lamerique-du-nord-keith-creel-du-cpkc\/#breadcrumb\"},\"inLanguage\":\"fr-FR\",\"potentialAction\":[{\"@type\":\"ReadAction\",\"target\":[\"https:\/\/www.thebusinesscouncil.ca\/fr\/publication\/relier-lamerique-du-nord-keith-creel-du-cpkc\/\"]}]},{\"@type\":\"ImageObject\",\"inLanguage\":\"fr-FR\",\"@id\":\"https:\/\/www.thebusinesscouncil.ca\/fr\/publication\/relier-lamerique-du-nord-keith-creel-du-cpkc\/#primaryimage\",\"url\":\"https:\/\/www.thebusinesscouncil.ca\/wp-content\/uploads\/2024\/01\/Keith-creel-and-goldy-podcast.png\",\"contentUrl\":\"https:\/\/www.thebusinesscouncil.ca\/wp-content\/uploads\/2024\/01\/Keith-creel-and-goldy-podcast.png\",\"width\":1440,\"height\":900},{\"@type\":\"BreadcrumbList\",\"@id\":\"https:\/\/www.thebusinesscouncil.ca\/fr\/publication\/relier-lamerique-du-nord-keith-creel-du-cpkc\/#breadcrumb\",\"itemListElement\":[{\"@type\":\"ListItem\",\"position\":1,\"name\":\"Home\",\"item\":\"https:\/\/www.thebusinesscouncil.ca\/fr\/\"},{\"@type\":\"ListItem\",\"position\":2,\"name\":\"Relier l\u2019Am\u00e9rique du Nord\u00a0: Keith Creel du CPKC\"}]},{\"@type\":\"WebSite\",\"@id\":\"https:\/\/www.thebusinesscouncil.ca\/#website\",\"url\":\"https:\/\/www.thebusinesscouncil.ca\/\",\"name\":\"Business Council of Canada\",\"description\":\"\",\"publisher\":{\"@id\":\"https:\/\/www.thebusinesscouncil.ca\/#organization\"},\"potentialAction\":[{\"@type\":\"SearchAction\",\"target\":{\"@type\":\"EntryPoint\",\"urlTemplate\":\"https:\/\/www.thebusinesscouncil.ca\/?s={search_term_string}\"},\"query-input\":{\"@type\":\"PropertyValueSpecification\",\"valueRequired\":true,\"valueName\":\"search_term_string\"}}],\"inLanguage\":\"fr-FR\"},{\"@type\":\"Organization\",\"@id\":\"https:\/\/www.thebusinesscouncil.ca\/#organization\",\"name\":\"Business Council of Canada\",\"url\":\"https:\/\/www.thebusinesscouncil.ca\/\",\"logo\":{\"@type\":\"ImageObject\",\"inLanguage\":\"fr-FR\",\"@id\":\"https:\/\/www.thebusinesscouncil.ca\/#\/schema\/logo\/image\/\",\"url\":\"https:\/\/www.thebusinesscouncil.ca\/wp-content\/uploads\/2020\/10\/Business-Council-of-Canada-Generic.png\",\"contentUrl\":\"https:\/\/www.thebusinesscouncil.ca\/wp-content\/uploads\/2020\/10\/Business-Council-of-Canada-Generic.png\",\"width\":1440,\"height\":900,\"caption\":\"Business Council of Canada\"},\"image\":{\"@id\":\"https:\/\/www.thebusinesscouncil.ca\/#\/schema\/logo\/image\/\"},\"sameAs\":[\"https:\/\/x.com\/BizCouncilofCan\",\"https:\/\/www.linkedin.com\/company\/business-council-of-canda\",\"https:\/\/www.youtube.com\/user\/CdnCEOCouncil\"]}]}<\/script>\n<!-- \/ Yoast SEO plugin. -->","yoast_head_json":{"title":"Relier l\u2019Am\u00e9rique du Nord\u00a0: Keith Creel du CPKC | Business Council of Canada","robots":{"index":"index","follow":"follow","max-snippet":"max-snippet:-1","max-image-preview":"max-image-preview:large","max-video-preview":"max-video-preview:-1"},"canonical":"https:\/\/www.thebusinesscouncil.ca\/fr\/publication\/relier-lamerique-du-nord-keith-creel-du-cpkc\/","og_locale":"fr_FR","og_type":"article","og_title":"Relier l\u2019Am\u00e9rique du Nord\u00a0: Keith Creel du CPKC | Business Council of Canada","og_description":"Lorsque le dernier crampon a \u00e9t\u00e9 enfonc\u00e9 dans le Chemin de fer Canadien Pacifique le 7\u00a0novembre 1885 en Colombie-Britannique, le CP est devenu le premier chemin de fer transcontinental \u00e0 relier le Canada d\u2019est en ouest.\u00a0 En avril dernier, l\u2019embl\u00e9matique...","og_url":"https:\/\/www.thebusinesscouncil.ca\/fr\/publication\/relier-lamerique-du-nord-keith-creel-du-cpkc\/","og_site_name":"Business Council of Canada","article_modified_time":"2024-03-21T19:01:23+00:00","og_image":[{"width":1440,"height":900,"url":"https:\/\/thebusinesscouncil.ca\/wp-content\/uploads\/2024\/01\/Keith-creel-and-goldy-podcast.png","type":"image\/png"}],"twitter_card":"summary_large_image","twitter_site":"@BizCouncilofCan","schema":{"@context":"https:\/\/schema.org","@graph":[{"@type":"WebPage","@id":"https:\/\/www.thebusinesscouncil.ca\/fr\/publication\/relier-lamerique-du-nord-keith-creel-du-cpkc\/","url":"https:\/\/www.thebusinesscouncil.ca\/fr\/publication\/relier-lamerique-du-nord-keith-creel-du-cpkc\/","name":"Relier l\u2019Am\u00e9rique du Nord\u00a0: Keith Creel du CPKC | Business Council of Canada","isPartOf":{"@id":"https:\/\/www.thebusinesscouncil.ca\/#website"},"primaryImageOfPage":{"@id":"https:\/\/www.thebusinesscouncil.ca\/fr\/publication\/relier-lamerique-du-nord-keith-creel-du-cpkc\/#primaryimage"},"image":{"@id":"https:\/\/www.thebusinesscouncil.ca\/fr\/publication\/relier-lamerique-du-nord-keith-creel-du-cpkc\/#primaryimage"},"thumbnailUrl":"https:\/\/www.thebusinesscouncil.ca\/wp-content\/uploads\/2024\/01\/Keith-creel-and-goldy-podcast.png","datePublished":"2024-01-25T19:47:44+00:00","dateModified":"2024-03-21T19:01:23+00:00","breadcrumb":{"@id":"https:\/\/www.thebusinesscouncil.ca\/fr\/publication\/relier-lamerique-du-nord-keith-creel-du-cpkc\/#breadcrumb"},"inLanguage":"fr-FR","potentialAction":[{"@type":"ReadAction","target":["https:\/\/www.thebusinesscouncil.ca\/fr\/publication\/relier-lamerique-du-nord-keith-creel-du-cpkc\/"]}]},{"@type":"ImageObject","inLanguage":"fr-FR","@id":"https:\/\/www.thebusinesscouncil.ca\/fr\/publication\/relier-lamerique-du-nord-keith-creel-du-cpkc\/#primaryimage","url":"https:\/\/www.thebusinesscouncil.ca\/wp-content\/uploads\/2024\/01\/Keith-creel-and-goldy-podcast.png","contentUrl":"https:\/\/www.thebusinesscouncil.ca\/wp-content\/uploads\/2024\/01\/Keith-creel-and-goldy-podcast.png","width":1440,"height":900},{"@type":"BreadcrumbList","@id":"https:\/\/www.thebusinesscouncil.ca\/fr\/publication\/relier-lamerique-du-nord-keith-creel-du-cpkc\/#breadcrumb","itemListElement":[{"@type":"ListItem","position":1,"name":"Home","item":"https:\/\/www.thebusinesscouncil.ca\/fr\/"},{"@type":"ListItem","position":2,"name":"Relier l\u2019Am\u00e9rique du Nord\u00a0: Keith Creel du CPKC"}]},{"@type":"WebSite","@id":"https:\/\/www.thebusinesscouncil.ca\/#website","url":"https:\/\/www.thebusinesscouncil.ca\/","name":"Business Council of Canada","description":"","publisher":{"@id":"https:\/\/www.thebusinesscouncil.ca\/#organization"},"potentialAction":[{"@type":"SearchAction","target":{"@type":"EntryPoint","urlTemplate":"https:\/\/www.thebusinesscouncil.ca\/?s={search_term_string}"},"query-input":{"@type":"PropertyValueSpecification","valueRequired":true,"valueName":"search_term_string"}}],"inLanguage":"fr-FR"},{"@type":"Organization","@id":"https:\/\/www.thebusinesscouncil.ca\/#organization","name":"Business Council of Canada","url":"https:\/\/www.thebusinesscouncil.ca\/","logo":{"@type":"ImageObject","inLanguage":"fr-FR","@id":"https:\/\/www.thebusinesscouncil.ca\/#\/schema\/logo\/image\/","url":"https:\/\/www.thebusinesscouncil.ca\/wp-content\/uploads\/2020\/10\/Business-Council-of-Canada-Generic.png","contentUrl":"https:\/\/www.thebusinesscouncil.ca\/wp-content\/uploads\/2020\/10\/Business-Council-of-Canada-Generic.png","width":1440,"height":900,"caption":"Business Council of Canada"},"image":{"@id":"https:\/\/www.thebusinesscouncil.ca\/#\/schema\/logo\/image\/"},"sameAs":["https:\/\/x.com\/BizCouncilofCan","https:\/\/www.linkedin.com\/company\/business-council-of-canda","https:\/\/www.youtube.com\/user\/CdnCEOCouncil"]}]}},"publishpress_future_workflow_manual_trigger":{"enabledWorkflows":[]},"_links":{"self":[{"href":"https:\/\/www.thebusinesscouncil.ca\/fr\/wp-json\/wp\/v2\/publication\/18542","targetHints":{"allow":["GET"]}}],"collection":[{"href":"https:\/\/www.thebusinesscouncil.ca\/fr\/wp-json\/wp\/v2\/publication"}],"about":[{"href":"https:\/\/www.thebusinesscouncil.ca\/fr\/wp-json\/wp\/v2\/types\/publication"}],"author":[{"embeddable":true,"href":"https:\/\/www.thebusinesscouncil.ca\/fr\/wp-json\/wp\/v2\/users\/234"}],"wp:featuredmedia":[{"embeddable":true,"href":"https:\/\/www.thebusinesscouncil.ca\/fr\/wp-json\/wp\/v2\/media\/18291"}],"wp:attachment":[{"href":"https:\/\/www.thebusinesscouncil.ca\/fr\/wp-json\/wp\/v2\/media?parent=18542"}],"wp:term":[{"taxonomy":"post_types","embeddable":true,"href":"https:\/\/www.thebusinesscouncil.ca\/fr\/wp-json\/wp\/v2\/post_types?post=18542"},{"taxonomy":"topics","embeddable":true,"href":"https:\/\/www.thebusinesscouncil.ca\/fr\/wp-json\/wp\/v2\/topics?post=18542"}],"curies":[{"name":"wp","href":"https:\/\/api.w.org\/{rel}","templated":true}]}}