{"id":15311,"date":"2023-03-03T14:08:48","date_gmt":"2023-03-03T19:08:48","guid":{"rendered":"https:\/\/thebusinesscouncil.ca\/?post_type=publication&#038;p=15311"},"modified":"2023-04-19T14:31:21","modified_gmt":"2023-04-19T18:31:21","slug":"renforcer-lacces-a-des-services-de-sante-mentale-innovants","status":"publish","type":"publication","link":"https:\/\/www.thebusinesscouncil.ca\/fr\/publication\/renforcer-lacces-a-des-services-de-sante-mentale-innovants\/","title":{"rendered":"<strong>Renforcer l\u2019acc\u00e8s \u00e0 des services de sant\u00e9 mentale innovants<\/strong>"},"content":{"rendered":"\n<p>Darryl White et Mirko Bibic sont d\u2019avis que l\u2019acc\u00e8s \u00e0 des services de sant\u00e9 mentale s\u00fbrs et fiables peut \u00e9liminer les obstacles \u00e0 l\u2019inclusion et accro\u00eetre la qualit\u00e9 de vie de tous les Canadiens. Dans le cadre d\u2019un communiqu\u00e9 de presse, ils annoncent que BMO et Bell sont les partenaires fondateurs de la nouvelle initiative de Jeunesse, J\u2019\u00e9coute, <em>\u00ab\u2009Lib\u00e8re tes \u00e9motions\u2009\u00bb<\/em>, qui vise \u00e0 \u00e9tendre l\u2019acc\u00e8s aux services de sant\u00e9 mentale en ligne, et ce, gr\u00e2ce \u00e0 une contribution de 15 millions de dollars.\u00a0<\/p>\n\n\n\n<blockquote class=\"wp-block-quote is-layout-flow wp-block-quote-is-layout-flow\">\n<p>Bell est l\u00e0 depuis le d\u00e9but pour aider les jeunes de partout au Canada \u00e0 avoir acc\u00e8s \u00e0 du soutien et \u00e0 des services novateurs en mati\u00e8re de sant\u00e9 mentale.<\/p>\n<cite>Mirko Bibic, Pr\u00e9sident et chef de la direction, BCE et Bell Canada<\/cite><\/blockquote>\n\n\n\n<blockquote class=\"wp-block-quote is-layout-flow wp-block-quote-is-layout-flow\">\n<p>\u00a0En soutenant Jeunesse,\u00a0J\u2019\u00e9coute, nous combattons la crise de sant\u00e9 mentale \u00e0 laquelle les jeunes d\u2019aujourd\u2019hui sont confront\u00e9\u00b7e\u00b7s et investissons dans notre avenir commun.\u00a0<\/p>\n<cite>Darryl\u00a0White, Chef de la direction, BMO\u00a0Groupe financier<\/cite><\/blockquote>\n\n\n\n<div class=\"wp-block-buttons is-layout-flex wp-block-buttons-is-layout-flex\">\n<div class=\"wp-block-button\"><a class=\"wp-block-button__link wp-element-button\" href=\"https:\/\/jeunessejecoute.ca\/publications\/jeunesse-jecoute-lance-le-plus-grand-mouvement-pour-la-sante-mentale-des-jeunes-libere-tes-emotions-pour-repondre-a-la-crise-au-canada\/?_ga=2.26350778.64312167.1681928159-1529927411.1681928159\" target=\"_blank\" rel=\"noreferrer noopener\">Lire la suite<\/a><\/div>\n<\/div>\n","protected":false},"author":234,"featured_media":14842,"template":"","post_types":[98],"topics":[73,74,76],"class_list":["post-15311","publication","type-publication","status-publish","has-post-thumbnail","hentry","post_types-point-de-vue-des-membres"],"acf":[],"yoast_head":"<!-- This site is optimized with the Yoast SEO plugin v27.1.1 - https:\/\/yoast.com\/product\/yoast-seo-wordpress\/ -->\n<title>Renforcer l\u2019acc\u00e8s \u00e0 des services de sant\u00e9 mentale innovants | Business Council of Canada<\/title>\n<meta name=\"robots\" content=\"index, follow, max-snippet:-1, max-image-preview:large, max-video-preview:-1\" \/>\n<link rel=\"canonical\" href=\"https:\/\/www.thebusinesscouncil.ca\/fr\/publication\/renforcer-lacces-a-des-services-de-sante-mentale-innovants\/\" \/>\n<meta property=\"og:locale\" content=\"fr_FR\" \/>\n<meta property=\"og:type\" content=\"article\" \/>\n<meta property=\"og:title\" content=\"Renforcer l\u2019acc\u00e8s \u00e0 des services de sant\u00e9 mentale innovants | Business Council of Canada\" \/>\n<meta property=\"og:description\" content=\"Darryl White et Mirko Bibic sont d\u2019avis que l\u2019acc\u00e8s \u00e0 des services de sant\u00e9 mentale s\u00fbrs et fiables peut \u00e9liminer les obstacles \u00e0 l\u2019inclusion et accro\u00eetre la qualit\u00e9 de vie de tous les Canadiens. Dans le cadre d\u2019un communiqu\u00e9 de...\" \/>\n<meta property=\"og:url\" content=\"https:\/\/www.thebusinesscouncil.ca\/fr\/publication\/renforcer-lacces-a-des-services-de-sante-mentale-innovants\/\" \/>\n<meta property=\"og:site_name\" content=\"Business Council of Canada\" \/>\n<meta property=\"article:modified_time\" content=\"2023-04-19T18:31:21+00:00\" \/>\n<meta property=\"og:image\" content=\"https:\/\/thebusinesscouncil.ca\/wp-content\/uploads\/2023\/03\/MicrosoftTeams-image-8.png\" \/>\n\t<meta property=\"og:image:width\" content=\"1440\" \/>\n\t<meta property=\"og:image:height\" content=\"900\" \/>\n\t<meta property=\"og:image:type\" content=\"image\/png\" \/>\n<meta name=\"twitter:card\" content=\"summary_large_image\" \/>\n<meta name=\"twitter:site\" content=\"@BizCouncilofCan\" \/>\n<script type=\"application\/ld+json\" class=\"yoast-schema-graph\">{\"@context\":\"https:\/\/schema.org\",\"@graph\":[{\"@type\":\"WebPage\",\"@id\":\"https:\/\/www.thebusinesscouncil.ca\/fr\/publication\/renforcer-lacces-a-des-services-de-sante-mentale-innovants\/\",\"url\":\"https:\/\/www.thebusinesscouncil.ca\/fr\/publication\/renforcer-lacces-a-des-services-de-sante-mentale-innovants\/\",\"name\":\"Renforcer l\u2019acc\u00e8s \u00e0 des services de sant\u00e9 mentale innovants | Business Council of Canada\",\"isPartOf\":{\"@id\":\"https:\/\/www.thebusinesscouncil.ca\/#website\"},\"primaryImageOfPage\":{\"@id\":\"https:\/\/www.thebusinesscouncil.ca\/fr\/publication\/renforcer-lacces-a-des-services-de-sante-mentale-innovants\/#primaryimage\"},\"image\":{\"@id\":\"https:\/\/www.thebusinesscouncil.ca\/fr\/publication\/renforcer-lacces-a-des-services-de-sante-mentale-innovants\/#primaryimage\"},\"thumbnailUrl\":\"https:\/\/www.thebusinesscouncil.ca\/wp-content\/uploads\/2023\/03\/MicrosoftTeams-image-8.png\",\"datePublished\":\"2023-03-03T19:08:48+00:00\",\"dateModified\":\"2023-04-19T18:31:21+00:00\",\"breadcrumb\":{\"@id\":\"https:\/\/www.thebusinesscouncil.ca\/fr\/publication\/renforcer-lacces-a-des-services-de-sante-mentale-innovants\/#breadcrumb\"},\"inLanguage\":\"fr-FR\",\"potentialAction\":[{\"@type\":\"ReadAction\",\"target\":[\"https:\/\/www.thebusinesscouncil.ca\/fr\/publication\/renforcer-lacces-a-des-services-de-sante-mentale-innovants\/\"]}]},{\"@type\":\"ImageObject\",\"inLanguage\":\"fr-FR\",\"@id\":\"https:\/\/www.thebusinesscouncil.ca\/fr\/publication\/renforcer-lacces-a-des-services-de-sante-mentale-innovants\/#primaryimage\",\"url\":\"https:\/\/www.thebusinesscouncil.ca\/wp-content\/uploads\/2023\/03\/MicrosoftTeams-image-8.png\",\"contentUrl\":\"https:\/\/www.thebusinesscouncil.ca\/wp-content\/uploads\/2023\/03\/MicrosoftTeams-image-8.png\",\"width\":1440,\"height\":900},{\"@type\":\"BreadcrumbList\",\"@id\":\"https:\/\/www.thebusinesscouncil.ca\/fr\/publication\/renforcer-lacces-a-des-services-de-sante-mentale-innovants\/#breadcrumb\",\"itemListElement\":[{\"@type\":\"ListItem\",\"position\":1,\"name\":\"Home\",\"item\":\"https:\/\/www.thebusinesscouncil.ca\/fr\/\"},{\"@type\":\"ListItem\",\"position\":2,\"name\":\"Renforcer l\u2019acc\u00e8s \u00e0 des services de sant\u00e9 mentale innovants\"}]},{\"@type\":\"WebSite\",\"@id\":\"https:\/\/www.thebusinesscouncil.ca\/#website\",\"url\":\"https:\/\/www.thebusinesscouncil.ca\/\",\"name\":\"Business Council of Canada\",\"description\":\"\",\"publisher\":{\"@id\":\"https:\/\/www.thebusinesscouncil.ca\/#organization\"},\"potentialAction\":[{\"@type\":\"SearchAction\",\"target\":{\"@type\":\"EntryPoint\",\"urlTemplate\":\"https:\/\/www.thebusinesscouncil.ca\/?s={search_term_string}\"},\"query-input\":{\"@type\":\"PropertyValueSpecification\",\"valueRequired\":true,\"valueName\":\"search_term_string\"}}],\"inLanguage\":\"fr-FR\"},{\"@type\":\"Organization\",\"@id\":\"https:\/\/www.thebusinesscouncil.ca\/#organization\",\"name\":\"Business Council of Canada\",\"url\":\"https:\/\/www.thebusinesscouncil.ca\/\",\"logo\":{\"@type\":\"ImageObject\",\"inLanguage\":\"fr-FR\",\"@id\":\"https:\/\/www.thebusinesscouncil.ca\/#\/schema\/logo\/image\/\",\"url\":\"https:\/\/www.thebusinesscouncil.ca\/wp-content\/uploads\/2020\/10\/Business-Council-of-Canada-Generic.png\",\"contentUrl\":\"https:\/\/www.thebusinesscouncil.ca\/wp-content\/uploads\/2020\/10\/Business-Council-of-Canada-Generic.png\",\"width\":1440,\"height\":900,\"caption\":\"Business Council of Canada\"},\"image\":{\"@id\":\"https:\/\/www.thebusinesscouncil.ca\/#\/schema\/logo\/image\/\"},\"sameAs\":[\"https:\/\/x.com\/BizCouncilofCan\",\"https:\/\/www.linkedin.com\/company\/business-council-of-canda\",\"https:\/\/www.youtube.com\/user\/CdnCEOCouncil\"]}]}<\/script>\n<!-- \/ Yoast SEO plugin. -->","yoast_head_json":{"title":"Renforcer l\u2019acc\u00e8s \u00e0 des services de sant\u00e9 mentale innovants | Business Council of Canada","robots":{"index":"index","follow":"follow","max-snippet":"max-snippet:-1","max-image-preview":"max-image-preview:large","max-video-preview":"max-video-preview:-1"},"canonical":"https:\/\/www.thebusinesscouncil.ca\/fr\/publication\/renforcer-lacces-a-des-services-de-sante-mentale-innovants\/","og_locale":"fr_FR","og_type":"article","og_title":"Renforcer l\u2019acc\u00e8s \u00e0 des services de sant\u00e9 mentale innovants | Business Council of Canada","og_description":"Darryl White et Mirko Bibic sont d\u2019avis que l\u2019acc\u00e8s \u00e0 des services de sant\u00e9 mentale s\u00fbrs et fiables peut \u00e9liminer les obstacles \u00e0 l\u2019inclusion et accro\u00eetre la qualit\u00e9 de vie de tous les Canadiens. Dans le cadre d\u2019un communiqu\u00e9 de...","og_url":"https:\/\/www.thebusinesscouncil.ca\/fr\/publication\/renforcer-lacces-a-des-services-de-sante-mentale-innovants\/","og_site_name":"Business Council of Canada","article_modified_time":"2023-04-19T18:31:21+00:00","og_image":[{"width":1440,"height":900,"url":"https:\/\/thebusinesscouncil.ca\/wp-content\/uploads\/2023\/03\/MicrosoftTeams-image-8.png","type":"image\/png"}],"twitter_card":"summary_large_image","twitter_site":"@BizCouncilofCan","schema":{"@context":"https:\/\/schema.org","@graph":[{"@type":"WebPage","@id":"https:\/\/www.thebusinesscouncil.ca\/fr\/publication\/renforcer-lacces-a-des-services-de-sante-mentale-innovants\/","url":"https:\/\/www.thebusinesscouncil.ca\/fr\/publication\/renforcer-lacces-a-des-services-de-sante-mentale-innovants\/","name":"Renforcer l\u2019acc\u00e8s \u00e0 des services de sant\u00e9 mentale innovants | Business Council of Canada","isPartOf":{"@id":"https:\/\/www.thebusinesscouncil.ca\/#website"},"primaryImageOfPage":{"@id":"https:\/\/www.thebusinesscouncil.ca\/fr\/publication\/renforcer-lacces-a-des-services-de-sante-mentale-innovants\/#primaryimage"},"image":{"@id":"https:\/\/www.thebusinesscouncil.ca\/fr\/publication\/renforcer-lacces-a-des-services-de-sante-mentale-innovants\/#primaryimage"},"thumbnailUrl":"https:\/\/www.thebusinesscouncil.ca\/wp-content\/uploads\/2023\/03\/MicrosoftTeams-image-8.png","datePublished":"2023-03-03T19:08:48+00:00","dateModified":"2023-04-19T18:31:21+00:00","breadcrumb":{"@id":"https:\/\/www.thebusinesscouncil.ca\/fr\/publication\/renforcer-lacces-a-des-services-de-sante-mentale-innovants\/#breadcrumb"},"inLanguage":"fr-FR","potentialAction":[{"@type":"ReadAction","target":["https:\/\/www.thebusinesscouncil.ca\/fr\/publication\/renforcer-lacces-a-des-services-de-sante-mentale-innovants\/"]}]},{"@type":"ImageObject","inLanguage":"fr-FR","@id":"https:\/\/www.thebusinesscouncil.ca\/fr\/publication\/renforcer-lacces-a-des-services-de-sante-mentale-innovants\/#primaryimage","url":"https:\/\/www.thebusinesscouncil.ca\/wp-content\/uploads\/2023\/03\/MicrosoftTeams-image-8.png","contentUrl":"https:\/\/www.thebusinesscouncil.ca\/wp-content\/uploads\/2023\/03\/MicrosoftTeams-image-8.png","width":1440,"height":900},{"@type":"BreadcrumbList","@id":"https:\/\/www.thebusinesscouncil.ca\/fr\/publication\/renforcer-lacces-a-des-services-de-sante-mentale-innovants\/#breadcrumb","itemListElement":[{"@type":"ListItem","position":1,"name":"Home","item":"https:\/\/www.thebusinesscouncil.ca\/fr\/"},{"@type":"ListItem","position":2,"name":"Renforcer l\u2019acc\u00e8s \u00e0 des services de sant\u00e9 mentale innovants"}]},{"@type":"WebSite","@id":"https:\/\/www.thebusinesscouncil.ca\/#website","url":"https:\/\/www.thebusinesscouncil.ca\/","name":"Business Council of Canada","description":"","publisher":{"@id":"https:\/\/www.thebusinesscouncil.ca\/#organization"},"potentialAction":[{"@type":"SearchAction","target":{"@type":"EntryPoint","urlTemplate":"https:\/\/www.thebusinesscouncil.ca\/?s={search_term_string}"},"query-input":{"@type":"PropertyValueSpecification","valueRequired":true,"valueName":"search_term_string"}}],"inLanguage":"fr-FR"},{"@type":"Organization","@id":"https:\/\/www.thebusinesscouncil.ca\/#organization","name":"Business Council of Canada","url":"https:\/\/www.thebusinesscouncil.ca\/","logo":{"@type":"ImageObject","inLanguage":"fr-FR","@id":"https:\/\/www.thebusinesscouncil.ca\/#\/schema\/logo\/image\/","url":"https:\/\/www.thebusinesscouncil.ca\/wp-content\/uploads\/2020\/10\/Business-Council-of-Canada-Generic.png","contentUrl":"https:\/\/www.thebusinesscouncil.ca\/wp-content\/uploads\/2020\/10\/Business-Council-of-Canada-Generic.png","width":1440,"height":900,"caption":"Business Council of Canada"},"image":{"@id":"https:\/\/www.thebusinesscouncil.ca\/#\/schema\/logo\/image\/"},"sameAs":["https:\/\/x.com\/BizCouncilofCan","https:\/\/www.linkedin.com\/company\/business-council-of-canda","https:\/\/www.youtube.com\/user\/CdnCEOCouncil"]}]}},"publishpress_future_workflow_manual_trigger":{"enabledWorkflows":[]},"_links":{"self":[{"href":"https:\/\/www.thebusinesscouncil.ca\/fr\/wp-json\/wp\/v2\/publication\/15311","targetHints":{"allow":["GET"]}}],"collection":[{"href":"https:\/\/www.thebusinesscouncil.ca\/fr\/wp-json\/wp\/v2\/publication"}],"about":[{"href":"https:\/\/www.thebusinesscouncil.ca\/fr\/wp-json\/wp\/v2\/types\/publication"}],"author":[{"embeddable":true,"href":"https:\/\/www.thebusinesscouncil.ca\/fr\/wp-json\/wp\/v2\/users\/234"}],"wp:featuredmedia":[{"embeddable":true,"href":"https:\/\/www.thebusinesscouncil.ca\/fr\/wp-json\/wp\/v2\/media\/14842"}],"wp:attachment":[{"href":"https:\/\/www.thebusinesscouncil.ca\/fr\/wp-json\/wp\/v2\/media?parent=15311"}],"wp:term":[{"taxonomy":"post_types","embeddable":true,"href":"https:\/\/www.thebusinesscouncil.ca\/fr\/wp-json\/wp\/v2\/post_types?post=15311"},{"taxonomy":"topics","embeddable":true,"href":"https:\/\/www.thebusinesscouncil.ca\/fr\/wp-json\/wp\/v2\/topics?post=15311"}],"curies":[{"name":"wp","href":"https:\/\/api.w.org\/{rel}","templated":true}]}}