{"id":14327,"date":"2023-01-05T12:03:00","date_gmt":"2023-01-05T17:03:00","guid":{"rendered":"https:\/\/thebusinesscouncil.ca\/?post_type=publication&#038;p=14327"},"modified":"2023-01-06T12:03:42","modified_gmt":"2023-01-06T17:03:42","slug":"ce-que-nous-reserve-2023","status":"publish","type":"publication","link":"https:\/\/www.thebusinesscouncil.ca\/fr\/publication\/ce-que-nous-reserve-2023\/","title":{"rendered":"Ce que nous r\u00e9serve 2023"},"content":{"rendered":"\n<p class=\"has-background\" style=\"background-color:#e5ebee\"><em>Publi\u00e9 sur <a href=\"https:\/\/www.linkedin.com\/posts\/victordodig_jai-le-privil%C3%A8ge-dinteragir-directement-activity-7016792775199244288-x47i?utm_source=share&amp;utm_medium=member_desktop\" target=\"_blank\" rel=\"noreferrer noopener\">LinkedIn<\/a><\/em><\/p>\n\n\n\n<p>J\u2019ai le privil\u00e8ge d\u2019interagir directement avec les clients, les membres d\u2019\u00e9quipe et d\u2019autres parties prenantes et je les \u00e9coute parler de leurs ambitions pour l\u2019avenir. Cela me permet d\u2019apprendre d\u2019un large \u00e9ventail de personnes qui ont des perspectives uniques sur des questions importantes ici et ailleurs. Alors que la nouvelle ann\u00e9e commence, un des points essentiels pour moi est que nous avons tous int\u00e9r\u00eat \u00e0 int\u00e9grer l\u2019inclusion dans notre fa\u00e7on d\u2019aborder les enjeux et les possibilit\u00e9s.<\/p>\n\n\n\n<p>C\u2019est un th\u00e8me qui est revenu dans les nombreuses conversations que j\u2019ai eues l\u2019ann\u00e9e derni\u00e8re \u2013 que ce soit \u00e0 l\u2019occasion de l\u2019inauguration de l\u2019espace Legacy \u00e0 CIBC Square, d\u00e9di\u00e9 \u00e0 la promotion du dialogue entre les peuples autochtones et non autochtones, ou de la Conf\u00e9rence mon\u00e9taire internationale de 2022 qui a rassembl\u00e9 des dirigeants du secteur des services financiers du monde entier pour discuter de l\u2019avenir. Lors de ces interactions, un des th\u00e8mes r\u00e9currents \u00e9tait le pouvoir de l\u2019inclusion intentionnelle dans notre progression, que ce soit sur le plan social ou \u00e9conomique.<\/p>\n\n\n\n<p>Une visite sur la c\u00f4te Est au courant de l\u2019ann\u00e9e m\u2019a particuli\u00e8rement frapp\u00e9. Les habitants de la c\u00f4te Est se sont rassembl\u00e9s pour s\u2019entraider et tout reconstruire apr\u00e8s l\u2019ouragan Fiona. Et ce faisant, ils ont continu\u00e9 \u00e0 viser la croissance sans jamais oublier l\u2019inclusion, attirant des jeunes et des nouveaux arrivants pour stimuler leur \u00e9conomie, reconnaissant l\u2019importance de la technologie au profit de la prosp\u00e9rit\u00e9, m\u00eame si cela se traduit par des changements.<\/p>\n\n\n\n<p>Le Canada se trouve \u00e0 un moment charni\u00e8re de son avenir \u00e9conomique et nous devons penser de fa\u00e7on plus inclusive pour \u00eatre les chefs de file de demain. Les secteurs traditionnels se transforment pour relever les d\u00e9fis climatiques d\u2019aujourd\u2019hui. Notre prosp\u00e9rit\u00e9 est mise \u00e0 l\u2019\u00e9preuve par l\u2019abordabilit\u00e9 du logement, y compris pour les nouveaux arrivants et les jeunes Canadiens. Malgr\u00e9 les avantages \u00e9vidents de faire de l\u2019inclusion une priorit\u00e9, de nombreuses communaut\u00e9s continuent d\u2019\u00eatre sous-repr\u00e9sent\u00e9es dans des r\u00f4les cl\u00e9s.<\/p>\n\n\n\n<p>Pour continuer d\u2019innover, d\u2019attirer des investissements et, surtout, de garder notre nation \u00e9conomiquement prosp\u00e8re et d\u2019en faire un pays o\u00f9 les id\u00e9es de tous peuvent devenir une r\u00e9alit\u00e9, d\u00e9lib\u00e9r\u00e9ment choisir l\u2019inclusion sera \u00e0 la base de notre succ\u00e8s. En toute franchise, nous n\u2019y sommes pas encore, mais nous avons fait des progr\u00e8s.<\/p>\n\n\n\n<p>Pour 2023, quelles que soient vos fonctions \u2013 dans le secteur priv\u00e9, le secteur public ou tout autre r\u00f4le o\u00f9 vous pouvez influencer et diriger les autres \u2013 je vous prie d\u2019aborder chaque occasion sous l\u2019angle de l\u2019inclusion. Il est imp\u00e9ratif qu\u2019en tant que nation, nous \u00e9coutions et donnions une place aux voix qui, historiquement, n\u2019ont pas \u00e9t\u00e9 entendues. Faciliter l\u2019acc\u00e8s aux possibilit\u00e9s et cr\u00e9er une soci\u00e9t\u00e9 inclusive qui tire parti de l\u2019ensemble de notre capital humain nous rendront plus concurrentiels et plus forts.<\/p>\n\n\n\n<p>Que l\u2019ann\u00e9e 2023 vous soit prosp\u00e8re.<\/p>\n\n\n\n<p>Victor<\/p>\n","protected":false},"author":234,"featured_media":8500,"template":"","post_types":[98],"topics":[73,74,83,67],"class_list":["post-14327","publication","type-publication","status-publish","has-post-thumbnail","hentry","post_types-point-de-vue-des-membres"],"acf":[],"yoast_head":"<!-- This site is optimized with the Yoast SEO plugin v27.1.1 - https:\/\/yoast.com\/product\/yoast-seo-wordpress\/ -->\n<title>Ce que nous r\u00e9serve 2023 | Business Council of Canada<\/title>\n<meta name=\"robots\" content=\"index, follow, max-snippet:-1, max-image-preview:large, max-video-preview:-1\" \/>\n<link rel=\"canonical\" href=\"https:\/\/www.thebusinesscouncil.ca\/fr\/publication\/ce-que-nous-reserve-2023\/\" \/>\n<meta property=\"og:locale\" content=\"fr_FR\" \/>\n<meta property=\"og:type\" content=\"article\" \/>\n<meta property=\"og:title\" content=\"Ce que nous r\u00e9serve 2023 | Business Council of Canada\" \/>\n<meta property=\"og:description\" content=\"Publi\u00e9 sur LinkedIn J\u2019ai le privil\u00e8ge d\u2019interagir directement avec les clients, les membres d\u2019\u00e9quipe et d\u2019autres parties prenantes et je les \u00e9coute parler de leurs ambitions pour l\u2019avenir. Cela me permet d\u2019apprendre d\u2019un large \u00e9ventail de personnes qui ont des...\" \/>\n<meta property=\"og:url\" content=\"https:\/\/www.thebusinesscouncil.ca\/fr\/publication\/ce-que-nous-reserve-2023\/\" \/>\n<meta property=\"og:site_name\" content=\"Business Council of Canada\" \/>\n<meta property=\"article:modified_time\" content=\"2023-01-06T17:03:42+00:00\" \/>\n<meta property=\"og:image\" content=\"https:\/\/www.thebusinesscouncil.ca\/wp-content\/uploads\/2022\/07\/BCC_MemberPerspectives_Victor-Dodig_FR.jpg\" \/>\n\t<meta property=\"og:image:width\" content=\"1440\" \/>\n\t<meta property=\"og:image:height\" content=\"900\" \/>\n\t<meta property=\"og:image:type\" content=\"image\/jpeg\" \/>\n<meta name=\"twitter:card\" content=\"summary_large_image\" \/>\n<meta name=\"twitter:site\" content=\"@BizCouncilofCan\" \/>\n<script type=\"application\/ld+json\" class=\"yoast-schema-graph\">{\"@context\":\"https:\/\/schema.org\",\"@graph\":[{\"@type\":\"WebPage\",\"@id\":\"https:\/\/www.thebusinesscouncil.ca\/fr\/publication\/ce-que-nous-reserve-2023\/\",\"url\":\"https:\/\/www.thebusinesscouncil.ca\/fr\/publication\/ce-que-nous-reserve-2023\/\",\"name\":\"Ce que nous r\u00e9serve 2023 | Business Council of Canada\",\"isPartOf\":{\"@id\":\"https:\/\/www.thebusinesscouncil.ca\/#website\"},\"primaryImageOfPage\":{\"@id\":\"https:\/\/www.thebusinesscouncil.ca\/fr\/publication\/ce-que-nous-reserve-2023\/#primaryimage\"},\"image\":{\"@id\":\"https:\/\/www.thebusinesscouncil.ca\/fr\/publication\/ce-que-nous-reserve-2023\/#primaryimage\"},\"thumbnailUrl\":\"https:\/\/www.thebusinesscouncil.ca\/wp-content\/uploads\/2022\/07\/BCC_MemberPerspectives_Victor-Dodig_FR.jpg\",\"datePublished\":\"2023-01-05T17:03:00+00:00\",\"dateModified\":\"2023-01-06T17:03:42+00:00\",\"breadcrumb\":{\"@id\":\"https:\/\/www.thebusinesscouncil.ca\/fr\/publication\/ce-que-nous-reserve-2023\/#breadcrumb\"},\"inLanguage\":\"fr-FR\",\"potentialAction\":[{\"@type\":\"ReadAction\",\"target\":[\"https:\/\/www.thebusinesscouncil.ca\/fr\/publication\/ce-que-nous-reserve-2023\/\"]}]},{\"@type\":\"ImageObject\",\"inLanguage\":\"fr-FR\",\"@id\":\"https:\/\/www.thebusinesscouncil.ca\/fr\/publication\/ce-que-nous-reserve-2023\/#primaryimage\",\"url\":\"https:\/\/www.thebusinesscouncil.ca\/wp-content\/uploads\/2022\/07\/BCC_MemberPerspectives_Victor-Dodig_FR.jpg\",\"contentUrl\":\"https:\/\/www.thebusinesscouncil.ca\/wp-content\/uploads\/2022\/07\/BCC_MemberPerspectives_Victor-Dodig_FR.jpg\",\"width\":1440,\"height\":900},{\"@type\":\"BreadcrumbList\",\"@id\":\"https:\/\/www.thebusinesscouncil.ca\/fr\/publication\/ce-que-nous-reserve-2023\/#breadcrumb\",\"itemListElement\":[{\"@type\":\"ListItem\",\"position\":1,\"name\":\"Home\",\"item\":\"https:\/\/www.thebusinesscouncil.ca\/fr\/\"},{\"@type\":\"ListItem\",\"position\":2,\"name\":\"Ce que nous r\u00e9serve 2023\"}]},{\"@type\":\"WebSite\",\"@id\":\"https:\/\/www.thebusinesscouncil.ca\/#website\",\"url\":\"https:\/\/www.thebusinesscouncil.ca\/\",\"name\":\"Business Council of Canada\",\"description\":\"\",\"publisher\":{\"@id\":\"https:\/\/www.thebusinesscouncil.ca\/#organization\"},\"potentialAction\":[{\"@type\":\"SearchAction\",\"target\":{\"@type\":\"EntryPoint\",\"urlTemplate\":\"https:\/\/www.thebusinesscouncil.ca\/?s={search_term_string}\"},\"query-input\":{\"@type\":\"PropertyValueSpecification\",\"valueRequired\":true,\"valueName\":\"search_term_string\"}}],\"inLanguage\":\"fr-FR\"},{\"@type\":\"Organization\",\"@id\":\"https:\/\/www.thebusinesscouncil.ca\/#organization\",\"name\":\"Business Council of Canada\",\"url\":\"https:\/\/www.thebusinesscouncil.ca\/\",\"logo\":{\"@type\":\"ImageObject\",\"inLanguage\":\"fr-FR\",\"@id\":\"https:\/\/www.thebusinesscouncil.ca\/#\/schema\/logo\/image\/\",\"url\":\"https:\/\/www.thebusinesscouncil.ca\/wp-content\/uploads\/2020\/10\/Business-Council-of-Canada-Generic.png\",\"contentUrl\":\"https:\/\/www.thebusinesscouncil.ca\/wp-content\/uploads\/2020\/10\/Business-Council-of-Canada-Generic.png\",\"width\":1440,\"height\":900,\"caption\":\"Business Council of Canada\"},\"image\":{\"@id\":\"https:\/\/www.thebusinesscouncil.ca\/#\/schema\/logo\/image\/\"},\"sameAs\":[\"https:\/\/x.com\/BizCouncilofCan\",\"https:\/\/www.linkedin.com\/company\/business-council-of-canda\",\"https:\/\/www.youtube.com\/user\/CdnCEOCouncil\"]}]}<\/script>\n<!-- \/ Yoast SEO plugin. -->","yoast_head_json":{"title":"Ce que nous r\u00e9serve 2023 | Business Council of Canada","robots":{"index":"index","follow":"follow","max-snippet":"max-snippet:-1","max-image-preview":"max-image-preview:large","max-video-preview":"max-video-preview:-1"},"canonical":"https:\/\/www.thebusinesscouncil.ca\/fr\/publication\/ce-que-nous-reserve-2023\/","og_locale":"fr_FR","og_type":"article","og_title":"Ce que nous r\u00e9serve 2023 | Business Council of Canada","og_description":"Publi\u00e9 sur LinkedIn J\u2019ai le privil\u00e8ge d\u2019interagir directement avec les clients, les membres d\u2019\u00e9quipe et d\u2019autres parties prenantes et je les \u00e9coute parler de leurs ambitions pour l\u2019avenir. Cela me permet d\u2019apprendre d\u2019un large \u00e9ventail de personnes qui ont des...","og_url":"https:\/\/www.thebusinesscouncil.ca\/fr\/publication\/ce-que-nous-reserve-2023\/","og_site_name":"Business Council of Canada","article_modified_time":"2023-01-06T17:03:42+00:00","og_image":[{"width":1440,"height":900,"url":"https:\/\/www.thebusinesscouncil.ca\/wp-content\/uploads\/2022\/07\/BCC_MemberPerspectives_Victor-Dodig_FR.jpg","type":"image\/jpeg"}],"twitter_card":"summary_large_image","twitter_site":"@BizCouncilofCan","schema":{"@context":"https:\/\/schema.org","@graph":[{"@type":"WebPage","@id":"https:\/\/www.thebusinesscouncil.ca\/fr\/publication\/ce-que-nous-reserve-2023\/","url":"https:\/\/www.thebusinesscouncil.ca\/fr\/publication\/ce-que-nous-reserve-2023\/","name":"Ce que nous r\u00e9serve 2023 | Business Council of Canada","isPartOf":{"@id":"https:\/\/www.thebusinesscouncil.ca\/#website"},"primaryImageOfPage":{"@id":"https:\/\/www.thebusinesscouncil.ca\/fr\/publication\/ce-que-nous-reserve-2023\/#primaryimage"},"image":{"@id":"https:\/\/www.thebusinesscouncil.ca\/fr\/publication\/ce-que-nous-reserve-2023\/#primaryimage"},"thumbnailUrl":"https:\/\/www.thebusinesscouncil.ca\/wp-content\/uploads\/2022\/07\/BCC_MemberPerspectives_Victor-Dodig_FR.jpg","datePublished":"2023-01-05T17:03:00+00:00","dateModified":"2023-01-06T17:03:42+00:00","breadcrumb":{"@id":"https:\/\/www.thebusinesscouncil.ca\/fr\/publication\/ce-que-nous-reserve-2023\/#breadcrumb"},"inLanguage":"fr-FR","potentialAction":[{"@type":"ReadAction","target":["https:\/\/www.thebusinesscouncil.ca\/fr\/publication\/ce-que-nous-reserve-2023\/"]}]},{"@type":"ImageObject","inLanguage":"fr-FR","@id":"https:\/\/www.thebusinesscouncil.ca\/fr\/publication\/ce-que-nous-reserve-2023\/#primaryimage","url":"https:\/\/www.thebusinesscouncil.ca\/wp-content\/uploads\/2022\/07\/BCC_MemberPerspectives_Victor-Dodig_FR.jpg","contentUrl":"https:\/\/www.thebusinesscouncil.ca\/wp-content\/uploads\/2022\/07\/BCC_MemberPerspectives_Victor-Dodig_FR.jpg","width":1440,"height":900},{"@type":"BreadcrumbList","@id":"https:\/\/www.thebusinesscouncil.ca\/fr\/publication\/ce-que-nous-reserve-2023\/#breadcrumb","itemListElement":[{"@type":"ListItem","position":1,"name":"Home","item":"https:\/\/www.thebusinesscouncil.ca\/fr\/"},{"@type":"ListItem","position":2,"name":"Ce que nous r\u00e9serve 2023"}]},{"@type":"WebSite","@id":"https:\/\/www.thebusinesscouncil.ca\/#website","url":"https:\/\/www.thebusinesscouncil.ca\/","name":"Business Council of Canada","description":"","publisher":{"@id":"https:\/\/www.thebusinesscouncil.ca\/#organization"},"potentialAction":[{"@type":"SearchAction","target":{"@type":"EntryPoint","urlTemplate":"https:\/\/www.thebusinesscouncil.ca\/?s={search_term_string}"},"query-input":{"@type":"PropertyValueSpecification","valueRequired":true,"valueName":"search_term_string"}}],"inLanguage":"fr-FR"},{"@type":"Organization","@id":"https:\/\/www.thebusinesscouncil.ca\/#organization","name":"Business Council of Canada","url":"https:\/\/www.thebusinesscouncil.ca\/","logo":{"@type":"ImageObject","inLanguage":"fr-FR","@id":"https:\/\/www.thebusinesscouncil.ca\/#\/schema\/logo\/image\/","url":"https:\/\/www.thebusinesscouncil.ca\/wp-content\/uploads\/2020\/10\/Business-Council-of-Canada-Generic.png","contentUrl":"https:\/\/www.thebusinesscouncil.ca\/wp-content\/uploads\/2020\/10\/Business-Council-of-Canada-Generic.png","width":1440,"height":900,"caption":"Business Council of Canada"},"image":{"@id":"https:\/\/www.thebusinesscouncil.ca\/#\/schema\/logo\/image\/"},"sameAs":["https:\/\/x.com\/BizCouncilofCan","https:\/\/www.linkedin.com\/company\/business-council-of-canda","https:\/\/www.youtube.com\/user\/CdnCEOCouncil"]}]}},"publishpress_future_workflow_manual_trigger":{"enabledWorkflows":[]},"_links":{"self":[{"href":"https:\/\/www.thebusinesscouncil.ca\/fr\/wp-json\/wp\/v2\/publication\/14327","targetHints":{"allow":["GET"]}}],"collection":[{"href":"https:\/\/www.thebusinesscouncil.ca\/fr\/wp-json\/wp\/v2\/publication"}],"about":[{"href":"https:\/\/www.thebusinesscouncil.ca\/fr\/wp-json\/wp\/v2\/types\/publication"}],"author":[{"embeddable":true,"href":"https:\/\/www.thebusinesscouncil.ca\/fr\/wp-json\/wp\/v2\/users\/234"}],"wp:featuredmedia":[{"embeddable":true,"href":"https:\/\/www.thebusinesscouncil.ca\/fr\/wp-json\/wp\/v2\/media\/8500"}],"wp:attachment":[{"href":"https:\/\/www.thebusinesscouncil.ca\/fr\/wp-json\/wp\/v2\/media?parent=14327"}],"wp:term":[{"taxonomy":"post_types","embeddable":true,"href":"https:\/\/www.thebusinesscouncil.ca\/fr\/wp-json\/wp\/v2\/post_types?post=14327"},{"taxonomy":"topics","embeddable":true,"href":"https:\/\/www.thebusinesscouncil.ca\/fr\/wp-json\/wp\/v2\/topics?post=14327"}],"curies":[{"name":"wp","href":"https:\/\/api.w.org\/{rel}","templated":true}]}}