{"id":11356,"date":"2021-11-29T11:06:41","date_gmt":"2021-11-29T11:06:41","guid":{"rendered":"https:\/\/thebusinesscouncil.ca\/?post_type=publication&#038;p=11356"},"modified":"2021-11-29T11:06:42","modified_gmt":"2021-11-29T11:06:42","slug":"le-secteur-automobile-canadien-reclame-une-riposte","status":"publish","type":"publication","link":"https:\/\/www.thebusinesscouncil.ca\/fr\/publication\/le-secteur-automobile-canadien-reclame-une-riposte\/","title":{"rendered":"Le secteur automobile canadien r\u00e9clame une riposte"},"content":{"rendered":"\n<p>Robert Asselin discute du cr\u00e9dit d\u2019imp\u00f4t am\u00e9ricain sur les v\u00e9hicules z\u00e9ro \u00e9mission (VZE) avec La Presse et dit qu&#8217;il est temps de prendre acte du changement de paradigme dans nos relations commerciales avec les \u00c9tats-Unis.<\/p>\n\n\n\n<blockquote class=\"wp-block-quote is-layout-flow wp-block-quote-is-layout-flow\"><p>&lt;&lt;\u00a0Il faut avoir cette m\u00eame approche d\u2019urgence, des menaces de repr\u00e9sailles, en faire un genre d\u2019obsession quotidienne. Il faut parler \u00e0 tous les gouverneurs des \u00c9tats importants, les membres du Congr\u00e8s.>>\u00a0<\/p><\/blockquote>\n\n\n\n<div class=\"wp-block-buttons is-layout-flex wp-block-buttons-is-layout-flex\">\n<div class=\"wp-block-button\"><a class=\"wp-block-button__link\" href=\"https:\/\/www.lapresse.ca\/affaires\/economie\/2021-11-25\/credit-d-impot-americain-sur-les-vehicules-zero-emission\/le-secteur-automobile-canadien-reclame-une-riposte.php?utm_source=dlvr.it&amp;utm_medium=twitter\" target=\"_blank\" rel=\"noreferrer noopener\">Lisez ici<\/a><\/div>\n<\/div>\n","protected":false},"author":3,"featured_media":8600,"template":"","post_types":[95],"topics":[80,91,93],"class_list":["post-11356","publication","type-publication","status-publish","has-post-thumbnail","hentry","post_types-dans-lactualite"],"acf":[],"yoast_head":"<!-- This site is optimized with the Yoast SEO plugin v27.1.1 - https:\/\/yoast.com\/product\/yoast-seo-wordpress\/ -->\n<title>Le secteur automobile canadien r\u00e9clame une riposte | Business Council of Canada<\/title>\n<meta name=\"robots\" content=\"index, follow, max-snippet:-1, max-image-preview:large, max-video-preview:-1\" \/>\n<link rel=\"canonical\" href=\"https:\/\/www.thebusinesscouncil.ca\/fr\/publication\/le-secteur-automobile-canadien-reclame-une-riposte\/\" \/>\n<meta property=\"og:locale\" content=\"fr_FR\" \/>\n<meta property=\"og:type\" content=\"article\" \/>\n<meta property=\"og:title\" content=\"Le secteur automobile canadien r\u00e9clame une riposte | Business Council of Canada\" \/>\n<meta property=\"og:description\" content=\"Robert Asselin discute du cr\u00e9dit d\u2019imp\u00f4t am\u00e9ricain sur les v\u00e9hicules z\u00e9ro \u00e9mission (VZE) avec La Presse et dit qu&#8217;il est temps de prendre acte du changement de paradigme dans nos relations commerciales avec les \u00c9tats-Unis. &lt;&lt;\u00a0Il faut avoir cette m\u00eame...\" \/>\n<meta property=\"og:url\" content=\"https:\/\/www.thebusinesscouncil.ca\/fr\/publication\/le-secteur-automobile-canadien-reclame-une-riposte\/\" \/>\n<meta property=\"og:site_name\" content=\"Business Council of Canada\" \/>\n<meta property=\"article:modified_time\" content=\"2021-11-29T11:06:42+00:00\" \/>\n<meta property=\"og:image\" content=\"https:\/\/thebusinesscouncil.ca\/wp-content\/uploads\/2022\/07\/In-The-News_Computer_RobertAsselin.png\" \/>\n\t<meta property=\"og:image:width\" content=\"1440\" \/>\n\t<meta property=\"og:image:height\" content=\"900\" \/>\n\t<meta property=\"og:image:type\" content=\"image\/png\" \/>\n<meta name=\"twitter:card\" content=\"summary_large_image\" \/>\n<meta name=\"twitter:site\" content=\"@BizCouncilofCan\" \/>\n<script type=\"application\/ld+json\" class=\"yoast-schema-graph\">{\"@context\":\"https:\/\/schema.org\",\"@graph\":[{\"@type\":\"WebPage\",\"@id\":\"https:\/\/www.thebusinesscouncil.ca\/fr\/publication\/le-secteur-automobile-canadien-reclame-une-riposte\/\",\"url\":\"https:\/\/www.thebusinesscouncil.ca\/fr\/publication\/le-secteur-automobile-canadien-reclame-une-riposte\/\",\"name\":\"Le secteur automobile canadien r\u00e9clame une riposte | Business Council of Canada\",\"isPartOf\":{\"@id\":\"https:\/\/www.thebusinesscouncil.ca\/#website\"},\"primaryImageOfPage\":{\"@id\":\"https:\/\/www.thebusinesscouncil.ca\/fr\/publication\/le-secteur-automobile-canadien-reclame-une-riposte\/#primaryimage\"},\"image\":{\"@id\":\"https:\/\/www.thebusinesscouncil.ca\/fr\/publication\/le-secteur-automobile-canadien-reclame-une-riposte\/#primaryimage\"},\"thumbnailUrl\":\"https:\/\/www.thebusinesscouncil.ca\/wp-content\/uploads\/2022\/07\/In-The-News_Computer_RobertAsselin.png\",\"datePublished\":\"2021-11-29T11:06:41+00:00\",\"dateModified\":\"2021-11-29T11:06:42+00:00\",\"breadcrumb\":{\"@id\":\"https:\/\/www.thebusinesscouncil.ca\/fr\/publication\/le-secteur-automobile-canadien-reclame-une-riposte\/#breadcrumb\"},\"inLanguage\":\"fr-FR\",\"potentialAction\":[{\"@type\":\"ReadAction\",\"target\":[\"https:\/\/www.thebusinesscouncil.ca\/fr\/publication\/le-secteur-automobile-canadien-reclame-une-riposte\/\"]}]},{\"@type\":\"ImageObject\",\"inLanguage\":\"fr-FR\",\"@id\":\"https:\/\/www.thebusinesscouncil.ca\/fr\/publication\/le-secteur-automobile-canadien-reclame-une-riposte\/#primaryimage\",\"url\":\"https:\/\/www.thebusinesscouncil.ca\/wp-content\/uploads\/2022\/07\/In-The-News_Computer_RobertAsselin.png\",\"contentUrl\":\"https:\/\/www.thebusinesscouncil.ca\/wp-content\/uploads\/2022\/07\/In-The-News_Computer_RobertAsselin.png\",\"width\":1440,\"height\":900},{\"@type\":\"BreadcrumbList\",\"@id\":\"https:\/\/www.thebusinesscouncil.ca\/fr\/publication\/le-secteur-automobile-canadien-reclame-une-riposte\/#breadcrumb\",\"itemListElement\":[{\"@type\":\"ListItem\",\"position\":1,\"name\":\"Home\",\"item\":\"https:\/\/www.thebusinesscouncil.ca\/fr\/\"},{\"@type\":\"ListItem\",\"position\":2,\"name\":\"Le secteur automobile canadien r\u00e9clame une riposte\"}]},{\"@type\":\"WebSite\",\"@id\":\"https:\/\/www.thebusinesscouncil.ca\/#website\",\"url\":\"https:\/\/www.thebusinesscouncil.ca\/\",\"name\":\"Business Council of Canada\",\"description\":\"\",\"publisher\":{\"@id\":\"https:\/\/www.thebusinesscouncil.ca\/#organization\"},\"potentialAction\":[{\"@type\":\"SearchAction\",\"target\":{\"@type\":\"EntryPoint\",\"urlTemplate\":\"https:\/\/www.thebusinesscouncil.ca\/?s={search_term_string}\"},\"query-input\":{\"@type\":\"PropertyValueSpecification\",\"valueRequired\":true,\"valueName\":\"search_term_string\"}}],\"inLanguage\":\"fr-FR\"},{\"@type\":\"Organization\",\"@id\":\"https:\/\/www.thebusinesscouncil.ca\/#organization\",\"name\":\"Business Council of Canada\",\"url\":\"https:\/\/www.thebusinesscouncil.ca\/\",\"logo\":{\"@type\":\"ImageObject\",\"inLanguage\":\"fr-FR\",\"@id\":\"https:\/\/www.thebusinesscouncil.ca\/#\/schema\/logo\/image\/\",\"url\":\"https:\/\/www.thebusinesscouncil.ca\/wp-content\/uploads\/2020\/10\/Business-Council-of-Canada-Generic.png\",\"contentUrl\":\"https:\/\/www.thebusinesscouncil.ca\/wp-content\/uploads\/2020\/10\/Business-Council-of-Canada-Generic.png\",\"width\":1440,\"height\":900,\"caption\":\"Business Council of Canada\"},\"image\":{\"@id\":\"https:\/\/www.thebusinesscouncil.ca\/#\/schema\/logo\/image\/\"},\"sameAs\":[\"https:\/\/x.com\/BizCouncilofCan\",\"https:\/\/www.linkedin.com\/company\/business-council-of-canda\",\"https:\/\/www.youtube.com\/user\/CdnCEOCouncil\"]}]}<\/script>\n<!-- \/ Yoast SEO plugin. -->","yoast_head_json":{"title":"Le secteur automobile canadien r\u00e9clame une riposte | Business Council of Canada","robots":{"index":"index","follow":"follow","max-snippet":"max-snippet:-1","max-image-preview":"max-image-preview:large","max-video-preview":"max-video-preview:-1"},"canonical":"https:\/\/www.thebusinesscouncil.ca\/fr\/publication\/le-secteur-automobile-canadien-reclame-une-riposte\/","og_locale":"fr_FR","og_type":"article","og_title":"Le secteur automobile canadien r\u00e9clame une riposte | Business Council of Canada","og_description":"Robert Asselin discute du cr\u00e9dit d\u2019imp\u00f4t am\u00e9ricain sur les v\u00e9hicules z\u00e9ro \u00e9mission (VZE) avec La Presse et dit qu&#8217;il est temps de prendre acte du changement de paradigme dans nos relations commerciales avec les \u00c9tats-Unis. &lt;&lt;\u00a0Il faut avoir cette m\u00eame...","og_url":"https:\/\/www.thebusinesscouncil.ca\/fr\/publication\/le-secteur-automobile-canadien-reclame-une-riposte\/","og_site_name":"Business Council of Canada","article_modified_time":"2021-11-29T11:06:42+00:00","og_image":[{"width":1440,"height":900,"url":"https:\/\/thebusinesscouncil.ca\/wp-content\/uploads\/2022\/07\/In-The-News_Computer_RobertAsselin.png","type":"image\/png"}],"twitter_card":"summary_large_image","twitter_site":"@BizCouncilofCan","schema":{"@context":"https:\/\/schema.org","@graph":[{"@type":"WebPage","@id":"https:\/\/www.thebusinesscouncil.ca\/fr\/publication\/le-secteur-automobile-canadien-reclame-une-riposte\/","url":"https:\/\/www.thebusinesscouncil.ca\/fr\/publication\/le-secteur-automobile-canadien-reclame-une-riposte\/","name":"Le secteur automobile canadien r\u00e9clame une riposte | Business Council of Canada","isPartOf":{"@id":"https:\/\/www.thebusinesscouncil.ca\/#website"},"primaryImageOfPage":{"@id":"https:\/\/www.thebusinesscouncil.ca\/fr\/publication\/le-secteur-automobile-canadien-reclame-une-riposte\/#primaryimage"},"image":{"@id":"https:\/\/www.thebusinesscouncil.ca\/fr\/publication\/le-secteur-automobile-canadien-reclame-une-riposte\/#primaryimage"},"thumbnailUrl":"https:\/\/www.thebusinesscouncil.ca\/wp-content\/uploads\/2022\/07\/In-The-News_Computer_RobertAsselin.png","datePublished":"2021-11-29T11:06:41+00:00","dateModified":"2021-11-29T11:06:42+00:00","breadcrumb":{"@id":"https:\/\/www.thebusinesscouncil.ca\/fr\/publication\/le-secteur-automobile-canadien-reclame-une-riposte\/#breadcrumb"},"inLanguage":"fr-FR","potentialAction":[{"@type":"ReadAction","target":["https:\/\/www.thebusinesscouncil.ca\/fr\/publication\/le-secteur-automobile-canadien-reclame-une-riposte\/"]}]},{"@type":"ImageObject","inLanguage":"fr-FR","@id":"https:\/\/www.thebusinesscouncil.ca\/fr\/publication\/le-secteur-automobile-canadien-reclame-une-riposte\/#primaryimage","url":"https:\/\/www.thebusinesscouncil.ca\/wp-content\/uploads\/2022\/07\/In-The-News_Computer_RobertAsselin.png","contentUrl":"https:\/\/www.thebusinesscouncil.ca\/wp-content\/uploads\/2022\/07\/In-The-News_Computer_RobertAsselin.png","width":1440,"height":900},{"@type":"BreadcrumbList","@id":"https:\/\/www.thebusinesscouncil.ca\/fr\/publication\/le-secteur-automobile-canadien-reclame-une-riposte\/#breadcrumb","itemListElement":[{"@type":"ListItem","position":1,"name":"Home","item":"https:\/\/www.thebusinesscouncil.ca\/fr\/"},{"@type":"ListItem","position":2,"name":"Le secteur automobile canadien r\u00e9clame une riposte"}]},{"@type":"WebSite","@id":"https:\/\/www.thebusinesscouncil.ca\/#website","url":"https:\/\/www.thebusinesscouncil.ca\/","name":"Business Council of Canada","description":"","publisher":{"@id":"https:\/\/www.thebusinesscouncil.ca\/#organization"},"potentialAction":[{"@type":"SearchAction","target":{"@type":"EntryPoint","urlTemplate":"https:\/\/www.thebusinesscouncil.ca\/?s={search_term_string}"},"query-input":{"@type":"PropertyValueSpecification","valueRequired":true,"valueName":"search_term_string"}}],"inLanguage":"fr-FR"},{"@type":"Organization","@id":"https:\/\/www.thebusinesscouncil.ca\/#organization","name":"Business Council of Canada","url":"https:\/\/www.thebusinesscouncil.ca\/","logo":{"@type":"ImageObject","inLanguage":"fr-FR","@id":"https:\/\/www.thebusinesscouncil.ca\/#\/schema\/logo\/image\/","url":"https:\/\/www.thebusinesscouncil.ca\/wp-content\/uploads\/2020\/10\/Business-Council-of-Canada-Generic.png","contentUrl":"https:\/\/www.thebusinesscouncil.ca\/wp-content\/uploads\/2020\/10\/Business-Council-of-Canada-Generic.png","width":1440,"height":900,"caption":"Business Council of Canada"},"image":{"@id":"https:\/\/www.thebusinesscouncil.ca\/#\/schema\/logo\/image\/"},"sameAs":["https:\/\/x.com\/BizCouncilofCan","https:\/\/www.linkedin.com\/company\/business-council-of-canda","https:\/\/www.youtube.com\/user\/CdnCEOCouncil"]}]}},"publishpress_future_workflow_manual_trigger":{"enabledWorkflows":[]},"_links":{"self":[{"href":"https:\/\/www.thebusinesscouncil.ca\/fr\/wp-json\/wp\/v2\/publication\/11356","targetHints":{"allow":["GET"]}}],"collection":[{"href":"https:\/\/www.thebusinesscouncil.ca\/fr\/wp-json\/wp\/v2\/publication"}],"about":[{"href":"https:\/\/www.thebusinesscouncil.ca\/fr\/wp-json\/wp\/v2\/types\/publication"}],"author":[{"embeddable":true,"href":"https:\/\/www.thebusinesscouncil.ca\/fr\/wp-json\/wp\/v2\/users\/3"}],"wp:featuredmedia":[{"embeddable":true,"href":"https:\/\/www.thebusinesscouncil.ca\/fr\/wp-json\/wp\/v2\/media\/8600"}],"wp:attachment":[{"href":"https:\/\/www.thebusinesscouncil.ca\/fr\/wp-json\/wp\/v2\/media?parent=11356"}],"wp:term":[{"taxonomy":"post_types","embeddable":true,"href":"https:\/\/www.thebusinesscouncil.ca\/fr\/wp-json\/wp\/v2\/post_types?post=11356"},{"taxonomy":"topics","embeddable":true,"href":"https:\/\/www.thebusinesscouncil.ca\/fr\/wp-json\/wp\/v2\/topics?post=11356"}],"curies":[{"name":"wp","href":"https:\/\/api.w.org\/{rel}","templated":true}]}}