{"id":21530,"date":"2025-01-01T10:59:00","date_gmt":"2025-01-01T15:59:00","guid":{"rendered":"https:\/\/www.thebusinesscouncil.ca\/?page_id=21530"},"modified":"2025-04-07T11:07:24","modified_gmt":"2025-04-07T15:07:24","slug":"initiatives-passees","status":"publish","type":"page","link":"https:\/\/www.thebusinesscouncil.ca\/fr\/initiatives\/initiatives-passees\/","title":{"rendered":"Initiatives pass\u00e9es"},"content":{"rendered":"\n<div class=\"wp-block-media-text alignwide is-stacked-on-mobile\" style=\"grid-template-columns:24% auto\"><figure class=\"wp-block-media-text__media\"><img loading=\"lazy\" decoding=\"async\" width=\"1024\" height=\"640\" src=\"https:\/\/www.thebusinesscouncil.ca\/wp-content\/uploads\/2025\/04\/POST-Promise-1024x640.png\" alt=\"\" class=\"wp-image-21513 size-full\" srcset=\"https:\/\/www.thebusinesscouncil.ca\/wp-content\/uploads\/2025\/04\/POST-Promise-1024x640.png 1024w, https:\/\/www.thebusinesscouncil.ca\/wp-content\/uploads\/2025\/04\/POST-Promise-300x188.png 300w, https:\/\/www.thebusinesscouncil.ca\/wp-content\/uploads\/2025\/04\/POST-Promise-768x480.png 768w, https:\/\/www.thebusinesscouncil.ca\/wp-content\/uploads\/2025\/04\/POST-Promise-600x375.png 600w, https:\/\/www.thebusinesscouncil.ca\/wp-content\/uploads\/2025\/04\/POST-Promise-320x200.png 320w, https:\/\/www.thebusinesscouncil.ca\/wp-content\/uploads\/2025\/04\/POST-Promise.png 1440w\" sizes=\"auto, (max-width: 1024px) 100vw, 1024px\" \/><\/figure><div class=\"wp-block-media-text__content\">\n<h3 class=\"wp-block-heading\"><strong>Promesse POST<\/strong><\/h3>\n\n\n\n<p>En tant que commanditaire fondateur, le Conseil s&#8217;est joint \u00e0 d&#8217;autres organisations pour lancer une campagne pancanadienne de sensibilisation \u00e0 la COVID-19 afin de contribuer \u00e0 la s\u00e9curit\u00e9 des clients, des employ\u00e9s et des communaut\u00e9s pendant la relance \u00e9conomique.<\/p>\n\n\n\n<p>La \u00ab&nbsp;promesse POST&nbsp;\u00bb invitait les propri\u00e9taires et les gestionnaires d&#8217;entreprises de tout le pays \u00e0 respecter cinq mesures cl\u00e9s pour contribuer \u00e0 freiner la propagation du coronavirus&nbsp;: maintenir la distanciation physique, se laver et se d\u00e9sinfecter les mains, garder les lieux de travail propres et d\u00e9sinfect\u00e9s, rester \u00e0 la maison en cas de malaise et respecter l&#8217;\u00e9tiquette respiratoire, notamment le port du masque lorsque cela est recommand\u00e9.<\/p>\n<\/div><\/div>\n\n\n\n<div style=\"height:51px\" aria-hidden=\"true\" class=\"wp-block-spacer\"><\/div>\n\n\n\n<div class=\"wp-block-media-text alignwide is-stacked-on-mobile\" style=\"grid-template-columns:24% auto\"><figure class=\"wp-block-media-text__media\"><img loading=\"lazy\" decoding=\"async\" width=\"1024\" height=\"640\" src=\"https:\/\/www.thebusinesscouncil.ca\/wp-content\/uploads\/2020\/03\/Data-Driven-1024x640.png\" alt=\"\" class=\"wp-image-684 size-full\" srcset=\"https:\/\/www.thebusinesscouncil.ca\/wp-content\/uploads\/2020\/03\/Data-Driven-1024x640.png 1024w, https:\/\/www.thebusinesscouncil.ca\/wp-content\/uploads\/2020\/03\/Data-Driven-300x188.png 300w, https:\/\/www.thebusinesscouncil.ca\/wp-content\/uploads\/2020\/03\/Data-Driven-768x480.png 768w, https:\/\/www.thebusinesscouncil.ca\/wp-content\/uploads\/2020\/03\/Data-Driven-600x375.png 600w, https:\/\/www.thebusinesscouncil.ca\/wp-content\/uploads\/2020\/03\/Data-Driven-320x200.png 320w, https:\/\/www.thebusinesscouncil.ca\/wp-content\/uploads\/2020\/03\/Data-Driven.png 1440w\" sizes=\"auto, (max-width: 1024px) 100vw, 1024px\" \/><\/figure><div class=\"wp-block-media-text__content\">\n<h3 class=\"wp-block-heading\"><strong>Propuls\u00e9 par les donn\u00e9es<\/strong><\/h3>\n\n\n\n<p>Les donn\u00e9es sont une ressource \u00e9conomique vitale. Avec l&#8217;\u00e9volution constante de la technologie, nous avons besoin de politiques qui exploitent pleinement la valeur des donn\u00e9es au profit de tous les Canadiens. Propuls\u00e9 par les donn\u00e9es est un projet men\u00e9 par des entreprises visant \u00e0 trouver les solutions adapt\u00e9es \u00e0 un monde ax\u00e9 sur les donn\u00e9es.<\/p>\n\n\n\n<div class=\"wp-block-buttons is-layout-flex wp-block-buttons-is-layout-flex\"><\/div>\n<\/div><\/div>\n\n\n\n<div style=\"height:51px\" aria-hidden=\"true\" class=\"wp-block-spacer\"><\/div>\n\n\n\n<div class=\"wp-block-media-text alignwide is-stacked-on-mobile\" style=\"grid-template-columns:24% auto\"><figure class=\"wp-block-media-text__media\"><img loading=\"lazy\" decoding=\"async\" width=\"1024\" height=\"640\" src=\"https:\/\/www.thebusinesscouncil.ca\/wp-content\/uploads\/2020\/10\/COVID-Cover-1024x640.png\" alt=\"\" class=\"wp-image-3400 size-full\" srcset=\"https:\/\/www.thebusinesscouncil.ca\/wp-content\/uploads\/2020\/10\/COVID-Cover-1024x640.png 1024w, https:\/\/www.thebusinesscouncil.ca\/wp-content\/uploads\/2020\/10\/COVID-Cover-300x188.png 300w, https:\/\/www.thebusinesscouncil.ca\/wp-content\/uploads\/2020\/10\/COVID-Cover-768x480.png 768w, https:\/\/www.thebusinesscouncil.ca\/wp-content\/uploads\/2020\/10\/COVID-Cover-600x375.png 600w, https:\/\/www.thebusinesscouncil.ca\/wp-content\/uploads\/2020\/10\/COVID-Cover-320x200.png 320w, https:\/\/www.thebusinesscouncil.ca\/wp-content\/uploads\/2020\/10\/COVID-Cover.png 1440w\" sizes=\"auto, (max-width: 1024px) 100vw, 1024px\" \/><\/figure><div class=\"wp-block-media-text__content\">\n<h3 class=\"wp-block-heading\"><strong>COVID-19&nbsp;: Les entreprises et les dirigeants d\u2019entreprise canadiens redoublent d\u2019efforts<\/strong><\/h3>\n\n\n\n<p>Les entreprises et les dirigeants d\u2019entreprise canadiens ont intensifi\u00e9 leurs efforts dans la lutte contre la COVID-19.<\/p>\n\n\n\n<p>Pour certains, cela s\u2019est traduit par le lancement de nouvelles initiatives philanthropiques pour aider les personnes dans le besoin ou par la r\u00e9orientation des cha\u00eenes de production pour fabriquer des \u00e9quipements de protection individuelle et des dispositifs m\u00e9dicaux indispensables. Pour d\u2019autres, cela s\u2019est traduit par le maintien de l\u2019acc\u00e8s des Canadiens \u00e0 l\u2019\u00e9picerie, aux m\u00e9dicaments, aux communications, aux ressources financi\u00e8res et aux services essentiels, et par un r\u00f4le cl\u00e9 dans le soutien des efforts de vaccination des collectivit\u00e9s avoisinantes et la mise en place de d\u00e9pistages rapides sur les lieux de travail.<\/p>\n\n\n\n<div class=\"wp-block-buttons is-layout-flex wp-block-buttons-is-layout-flex\"><\/div>\n<\/div><\/div>\n\n\n\n<div style=\"height:51px\" aria-hidden=\"true\" class=\"wp-block-spacer\"><\/div>\n\n\n\n<div class=\"wp-block-media-text alignwide is-stacked-on-mobile\" style=\"grid-template-columns:24% auto\"><figure class=\"wp-block-media-text__media\"><img loading=\"lazy\" decoding=\"async\" width=\"1024\" height=\"640\" src=\"https:\/\/www.thebusinesscouncil.ca\/wp-content\/uploads\/2020\/08\/Task-Force-1024x640.png\" alt=\"\" class=\"wp-image-2949 size-full\" srcset=\"https:\/\/www.thebusinesscouncil.ca\/wp-content\/uploads\/2020\/08\/Task-Force-1024x640.png 1024w, https:\/\/www.thebusinesscouncil.ca\/wp-content\/uploads\/2020\/08\/Task-Force-300x188.png 300w, https:\/\/www.thebusinesscouncil.ca\/wp-content\/uploads\/2020\/08\/Task-Force-768x480.png 768w, https:\/\/www.thebusinesscouncil.ca\/wp-content\/uploads\/2020\/08\/Task-Force-600x375.png 600w, https:\/\/www.thebusinesscouncil.ca\/wp-content\/uploads\/2020\/08\/Task-Force-320x200.png 320w, https:\/\/www.thebusinesscouncil.ca\/wp-content\/uploads\/2020\/08\/Task-Force.png 1440w\" sizes=\"auto, (max-width: 1024px) 100vw, 1024px\" \/><\/figure><div class=\"wp-block-media-text__content\">\n<h3 class=\"wp-block-heading\"><strong><strong><strong>Groupe de travail sur l&#8217;avenir \u00e9conomique du Canada<\/strong><\/strong><\/strong><\/h3>\n\n\n\n<p>Le Conseil canadien des affaires a lanc\u00e9 le Groupe de travail sur l&#8217;avenir \u00e9conomique du Canada, qui a mobilis\u00e9 les Canadiens de partout au pays pour promouvoir des politiques favorisant la croissance et assurant un avenir meilleur pour tous.<\/p>\n\n\n\n<div class=\"wp-block-buttons is-layout-flex wp-block-buttons-is-layout-flex\"><\/div>\n<\/div><\/div>\n\n\n\n<div style=\"height:51px\" aria-hidden=\"true\" class=\"wp-block-spacer\"><\/div>\n\n\n\n<div class=\"wp-block-media-text alignwide is-stacked-on-mobile\" style=\"grid-template-columns:24% auto\"><figure class=\"wp-block-media-text__media\"><img loading=\"lazy\" decoding=\"async\" width=\"800\" height=\"582\" src=\"https:\/\/www.thebusinesscouncil.ca\/wp-content\/uploads\/2020\/10\/Womens-Council.png\" alt=\"\" class=\"wp-image-4486 size-full\" srcset=\"https:\/\/www.thebusinesscouncil.ca\/wp-content\/uploads\/2020\/10\/Womens-Council.png 800w, https:\/\/www.thebusinesscouncil.ca\/wp-content\/uploads\/2020\/10\/Womens-Council-300x218.png 300w, https:\/\/www.thebusinesscouncil.ca\/wp-content\/uploads\/2020\/10\/Womens-Council-768x559.png 768w, https:\/\/www.thebusinesscouncil.ca\/wp-content\/uploads\/2020\/10\/Womens-Council-275x200.png 275w\" sizes=\"auto, (max-width: 800px) 100vw, 800px\" \/><\/figure><div class=\"wp-block-media-text__content\">\n<h3 class=\"wp-block-heading\"><strong><strong><strong>Conseil canado-am\u00e9ricain pour l\u2019avancement des femmes entrepreneures et chefs d\u2019entreprises<\/strong><\/strong><\/strong><p class=\"MsoNormal\" style=\"margin: 0cm 0cm 8pt; line-height: 18.4px; font-size: 12pt; font-family: Aptos, sans-serif; font-weight: 400; white-space-collapse: collapse;\"><span lang=\"FR-CA\"><\/span><\/p><\/h3>\n\n\n\n<p>En f\u00e9vrier 2017, le Conseil a appuy\u00e9 la cr\u00e9ation d\u2019un groupe ind\u00e9pendant et autonome qui a r\u00e9uni des femmes chefs d\u2019entreprises des \u00c9tats-Unis et du Canada pour formuler des conseils en vue de stimuler l\u2019engagement \u00e9conomique des femmes. Plusieurs des recommandations du groupe ont \u00e9t\u00e9 mises en \u0153uvre, y compris la toute premi\u00e8re Strat\u00e9gie pour les femmes en entrepreneuriat mise en place par le gouvernement du Canada, ainsi que l\u2019initiative&nbsp;<em>See It Be It STEM It<\/em>&nbsp;pilot\u00e9e par des entreprises.<\/p>\n<\/div><\/div>\n\n\n\n<div style=\"height:51px\" aria-hidden=\"true\" class=\"wp-block-spacer\"><\/div>\n\n\n\n<div class=\"wp-block-media-text alignwide is-stacked-on-mobile\" style=\"grid-template-columns:24% auto\"><figure class=\"wp-block-media-text__media\"><img loading=\"lazy\" decoding=\"async\" width=\"800\" height=\"582\" src=\"https:\/\/www.thebusinesscouncil.ca\/wp-content\/uploads\/2020\/10\/Taking-Action-for-Canada.png\" alt=\"\" class=\"wp-image-4481 size-full\" srcset=\"https:\/\/www.thebusinesscouncil.ca\/wp-content\/uploads\/2020\/10\/Taking-Action-for-Canada.png 800w, https:\/\/www.thebusinesscouncil.ca\/wp-content\/uploads\/2020\/10\/Taking-Action-for-Canada-300x218.png 300w, https:\/\/www.thebusinesscouncil.ca\/wp-content\/uploads\/2020\/10\/Taking-Action-for-Canada-768x559.png 768w, https:\/\/www.thebusinesscouncil.ca\/wp-content\/uploads\/2020\/10\/Taking-Action-for-Canada-275x200.png 275w\" sizes=\"auto, (max-width: 800px) 100vw, 800px\" \/><\/figure><div class=\"wp-block-media-text__content\">\n<h3 class=\"wp-block-heading\"><strong>Agir pour le Canada&nbsp;: Emplois et comp\u00e9tences pour le 21e&nbsp;si\u00e8cle<\/strong><p class=\"MsoNormal\" style=\"margin: 0cm 0cm 8pt; line-height: 18.4px; font-size: 12pt; font-family: Aptos, sans-serif; font-weight: 400; white-space-collapse: collapse;\"><span lang=\"FR-CA\"><\/span><\/p><\/h3>\n\n\n\n<p>Lanc\u00e9e en 2013, cette initiative pluriannuelle \u00e9tait la premi\u00e8re en son genre \u00e0 rassembler les dirigeants des secteurs des affaires, du gouvernement et de l\u2019\u00e9ducation autour de l\u2019objectif commun de s\u2019assurer que les dipl\u00f4m\u00e9s canadiens sont dot\u00e9s de la bonne combinaison de comp\u00e9tences et d\u2019exp\u00e9rience pour r\u00e9ussir dans le contexte d\u2019un march\u00e9 du travail en pleine \u00e9volution. Cette initiative a donn\u00e9 lieu \u00e0 la cr\u00e9ation de la Table ronde du milieu des affaires et de l\u2019enseignement sup\u00e9rieur, laquelle constitue pr\u00e9sentement le principal outil utilis\u00e9 pour organiser l\u2019apprentissage int\u00e9gr\u00e9 au travail partout au Canada, afin&nbsp;que tous aient l\u2019occasion d\u2019atteindre leur plein potentiel.<\/p>\n<\/div><\/div>\n\n\n\n<div style=\"height:51px\" aria-hidden=\"true\" class=\"wp-block-spacer\"><\/div>\n\n\n\n<div class=\"wp-block-media-text alignwide is-stacked-on-mobile\" style=\"grid-template-columns:24% auto\"><figure class=\"wp-block-media-text__media\"><img loading=\"lazy\" decoding=\"async\" width=\"800\" height=\"582\" src=\"https:\/\/www.thebusinesscouncil.ca\/wp-content\/uploads\/2020\/10\/Canada-in-the-Pacific-Century.png\" alt=\"\" class=\"wp-image-4484 size-full\" srcset=\"https:\/\/www.thebusinesscouncil.ca\/wp-content\/uploads\/2020\/10\/Canada-in-the-Pacific-Century.png 800w, https:\/\/www.thebusinesscouncil.ca\/wp-content\/uploads\/2020\/10\/Canada-in-the-Pacific-Century-300x218.png 300w, https:\/\/www.thebusinesscouncil.ca\/wp-content\/uploads\/2020\/10\/Canada-in-the-Pacific-Century-768x559.png 768w, https:\/\/www.thebusinesscouncil.ca\/wp-content\/uploads\/2020\/10\/Canada-in-the-Pacific-Century-275x200.png 275w\" sizes=\"auto, (max-width: 800px) 100vw, 800px\" \/><\/figure><div class=\"wp-block-media-text__content\">\n<h3 class=\"wp-block-heading\"><strong><strong>Le Canada \u00e0 l\u2019\u00e8re du Pacifique<\/strong><\/strong><p class=\"MsoNormal\" style=\"margin: 0cm 0cm 8pt; line-height: 18.4px; font-size: 12pt; font-family: Aptos, sans-serif; font-weight: 400; white-space-collapse: collapse;\"><span lang=\"FR-CA\"><\/span><\/p><\/h3>\n\n\n\n<p>Lanc\u00e9e en 2011, cette initiative pluriannuelle a permis de r\u00e9unir des dirigeants d\u2019entreprise, des d\u00e9cideurs et des universitaires dont le but commun est de faire en sorte que la prosp\u00e9rit\u00e9 soutenue du Canada en tant que puissance \u00e9conomique se tourne vers l\u2019Asie. Une des principales recommandations appelait le Canada \u00e0 se joindre au projet d\u2019accord commercial Asie-Pacifique et, huit ans plus tard (le 30&nbsp;d\u00e9cembre 2018), les exportateurs canadiens ont c\u00e9l\u00e9br\u00e9 la mise en \u0153uvre de l\u2019Accord de partenariat transpacifique global et progressiste (PTPGP).<\/p>\n<\/div><\/div>\n\n\n\n<div style=\"height:51px\" aria-hidden=\"true\" class=\"wp-block-spacer\"><\/div>\n","protected":false},"excerpt":{"rendered":"<p>Promesse POST En tant que commanditaire fondateur, le Conseil s&#8217;est joint \u00e0 d&#8217;autres organisations pour lancer une campagne pancanadienne de sensibilisation \u00e0 la COVID-19 afin de contribuer \u00e0 la s\u00e9curit\u00e9 des clients, des employ\u00e9s et des communaut\u00e9s pendant la relance&#8230;<\/p>\n","protected":false},"author":3,"featured_media":0,"parent":3375,"menu_order":0,"comment_status":"closed","ping_status":"closed","template":"","meta":{"_acf_changed":true,"inline_featured_image":false,"footnotes":""},"post_types":[96,96],"topics":[],"wf_page_folders":[],"class_list":["post-21530","page","type-page","status-publish","hentry","post_types-initiatives-fr"],"acf":[],"yoast_head":"<!-- This site is optimized with the Yoast SEO plugin v27.1.1 - https:\/\/yoast.com\/product\/yoast-seo-wordpress\/ -->\n<title>Initiatives pass\u00e9es | Business Council of Canada<\/title>\n<meta name=\"robots\" content=\"index, follow, max-snippet:-1, max-image-preview:large, max-video-preview:-1\" \/>\n<link rel=\"canonical\" href=\"https:\/\/www.thebusinesscouncil.ca\/fr\/initiatives\/initiatives-passees\/\" \/>\n<meta property=\"og:locale\" content=\"fr_FR\" \/>\n<meta property=\"og:type\" content=\"article\" \/>\n<meta property=\"og:title\" content=\"Initiatives pass\u00e9es | Business Council of Canada\" \/>\n<meta property=\"og:description\" content=\"Promesse POST En tant que commanditaire fondateur, le Conseil s&#8217;est joint \u00e0 d&#8217;autres organisations pour lancer une campagne pancanadienne de sensibilisation \u00e0 la COVID-19 afin de contribuer \u00e0 la s\u00e9curit\u00e9 des clients, des employ\u00e9s et des communaut\u00e9s pendant la relance...\" \/>\n<meta property=\"og:url\" content=\"https:\/\/www.thebusinesscouncil.ca\/fr\/initiatives\/initiatives-passees\/\" \/>\n<meta property=\"og:site_name\" content=\"Business Council of Canada\" \/>\n<meta property=\"article:modified_time\" content=\"2025-04-07T15:07:24+00:00\" \/>\n<meta property=\"og:image\" content=\"https:\/\/www.thebusinesscouncil.ca\/wp-content\/uploads\/2025\/04\/POST-Promise.png\" \/>\n\t<meta property=\"og:image:width\" content=\"1440\" \/>\n\t<meta property=\"og:image:height\" content=\"900\" \/>\n\t<meta property=\"og:image:type\" content=\"image\/png\" \/>\n<meta name=\"twitter:card\" content=\"summary_large_image\" \/>\n<meta name=\"twitter:site\" content=\"@BizCouncilofCan\" \/>\n<script type=\"application\/ld+json\" class=\"yoast-schema-graph\">{\"@context\":\"https:\/\/schema.org\",\"@graph\":[{\"@type\":\"WebPage\",\"@id\":\"https:\/\/www.thebusinesscouncil.ca\/fr\/initiatives\/initiatives-passees\/\",\"url\":\"https:\/\/www.thebusinesscouncil.ca\/fr\/initiatives\/initiatives-passees\/\",\"name\":\"Initiatives pass\u00e9es | Business Council of Canada\",\"isPartOf\":{\"@id\":\"https:\/\/www.thebusinesscouncil.ca\/#website\"},\"primaryImageOfPage\":{\"@id\":\"https:\/\/www.thebusinesscouncil.ca\/fr\/initiatives\/initiatives-passees\/#primaryimage\"},\"image\":{\"@id\":\"https:\/\/www.thebusinesscouncil.ca\/fr\/initiatives\/initiatives-passees\/#primaryimage\"},\"thumbnailUrl\":\"https:\/\/www.thebusinesscouncil.ca\/wp-content\/uploads\/2025\/04\/POST-Promise-1024x640.png\",\"datePublished\":\"2025-01-01T15:59:00+00:00\",\"dateModified\":\"2025-04-07T15:07:24+00:00\",\"breadcrumb\":{\"@id\":\"https:\/\/www.thebusinesscouncil.ca\/fr\/initiatives\/initiatives-passees\/#breadcrumb\"},\"inLanguage\":\"fr-FR\",\"potentialAction\":[{\"@type\":\"ReadAction\",\"target\":[\"https:\/\/www.thebusinesscouncil.ca\/fr\/initiatives\/initiatives-passees\/\"]}]},{\"@type\":\"ImageObject\",\"inLanguage\":\"fr-FR\",\"@id\":\"https:\/\/www.thebusinesscouncil.ca\/fr\/initiatives\/initiatives-passees\/#primaryimage\",\"url\":\"https:\/\/www.thebusinesscouncil.ca\/wp-content\/uploads\/2025\/04\/POST-Promise-1024x640.png\",\"contentUrl\":\"https:\/\/www.thebusinesscouncil.ca\/wp-content\/uploads\/2025\/04\/POST-Promise-1024x640.png\"},{\"@type\":\"BreadcrumbList\",\"@id\":\"https:\/\/www.thebusinesscouncil.ca\/fr\/initiatives\/initiatives-passees\/#breadcrumb\",\"itemListElement\":[{\"@type\":\"ListItem\",\"position\":1,\"name\":\"Home\",\"item\":\"https:\/\/www.thebusinesscouncil.ca\/fr\/\"},{\"@type\":\"ListItem\",\"position\":2,\"name\":\"Initiatives\",\"item\":\"https:\/\/www.thebusinesscouncil.ca\/initiatives\/\"},{\"@type\":\"ListItem\",\"position\":3,\"name\":\"Initiatives pass\u00e9es\"}]},{\"@type\":\"WebSite\",\"@id\":\"https:\/\/www.thebusinesscouncil.ca\/#website\",\"url\":\"https:\/\/www.thebusinesscouncil.ca\/\",\"name\":\"Business Council of Canada\",\"description\":\"\",\"publisher\":{\"@id\":\"https:\/\/www.thebusinesscouncil.ca\/#organization\"},\"potentialAction\":[{\"@type\":\"SearchAction\",\"target\":{\"@type\":\"EntryPoint\",\"urlTemplate\":\"https:\/\/www.thebusinesscouncil.ca\/?s={search_term_string}\"},\"query-input\":{\"@type\":\"PropertyValueSpecification\",\"valueRequired\":true,\"valueName\":\"search_term_string\"}}],\"inLanguage\":\"fr-FR\"},{\"@type\":\"Organization\",\"@id\":\"https:\/\/www.thebusinesscouncil.ca\/#organization\",\"name\":\"Business Council of Canada\",\"url\":\"https:\/\/www.thebusinesscouncil.ca\/\",\"logo\":{\"@type\":\"ImageObject\",\"inLanguage\":\"fr-FR\",\"@id\":\"https:\/\/www.thebusinesscouncil.ca\/#\/schema\/logo\/image\/\",\"url\":\"https:\/\/www.thebusinesscouncil.ca\/wp-content\/uploads\/2020\/10\/Business-Council-of-Canada-Generic.png\",\"contentUrl\":\"https:\/\/www.thebusinesscouncil.ca\/wp-content\/uploads\/2020\/10\/Business-Council-of-Canada-Generic.png\",\"width\":1440,\"height\":900,\"caption\":\"Business Council of Canada\"},\"image\":{\"@id\":\"https:\/\/www.thebusinesscouncil.ca\/#\/schema\/logo\/image\/\"},\"sameAs\":[\"https:\/\/x.com\/BizCouncilofCan\",\"https:\/\/www.linkedin.com\/company\/business-council-of-canda\",\"https:\/\/www.youtube.com\/user\/CdnCEOCouncil\"]}]}<\/script>\n<!-- \/ Yoast SEO plugin. -->","yoast_head_json":{"title":"Initiatives pass\u00e9es | Business Council of Canada","robots":{"index":"index","follow":"follow","max-snippet":"max-snippet:-1","max-image-preview":"max-image-preview:large","max-video-preview":"max-video-preview:-1"},"canonical":"https:\/\/www.thebusinesscouncil.ca\/fr\/initiatives\/initiatives-passees\/","og_locale":"fr_FR","og_type":"article","og_title":"Initiatives pass\u00e9es | Business Council of Canada","og_description":"Promesse POST En tant que commanditaire fondateur, le Conseil s&#8217;est joint \u00e0 d&#8217;autres organisations pour lancer une campagne pancanadienne de sensibilisation \u00e0 la COVID-19 afin de contribuer \u00e0 la s\u00e9curit\u00e9 des clients, des employ\u00e9s et des communaut\u00e9s pendant la relance...","og_url":"https:\/\/www.thebusinesscouncil.ca\/fr\/initiatives\/initiatives-passees\/","og_site_name":"Business Council of Canada","article_modified_time":"2025-04-07T15:07:24+00:00","og_image":[{"width":1440,"height":900,"url":"https:\/\/www.thebusinesscouncil.ca\/wp-content\/uploads\/2025\/04\/POST-Promise.png","type":"image\/png"}],"twitter_card":"summary_large_image","twitter_site":"@BizCouncilofCan","schema":{"@context":"https:\/\/schema.org","@graph":[{"@type":"WebPage","@id":"https:\/\/www.thebusinesscouncil.ca\/fr\/initiatives\/initiatives-passees\/","url":"https:\/\/www.thebusinesscouncil.ca\/fr\/initiatives\/initiatives-passees\/","name":"Initiatives pass\u00e9es | Business Council of Canada","isPartOf":{"@id":"https:\/\/www.thebusinesscouncil.ca\/#website"},"primaryImageOfPage":{"@id":"https:\/\/www.thebusinesscouncil.ca\/fr\/initiatives\/initiatives-passees\/#primaryimage"},"image":{"@id":"https:\/\/www.thebusinesscouncil.ca\/fr\/initiatives\/initiatives-passees\/#primaryimage"},"thumbnailUrl":"https:\/\/www.thebusinesscouncil.ca\/wp-content\/uploads\/2025\/04\/POST-Promise-1024x640.png","datePublished":"2025-01-01T15:59:00+00:00","dateModified":"2025-04-07T15:07:24+00:00","breadcrumb":{"@id":"https:\/\/www.thebusinesscouncil.ca\/fr\/initiatives\/initiatives-passees\/#breadcrumb"},"inLanguage":"fr-FR","potentialAction":[{"@type":"ReadAction","target":["https:\/\/www.thebusinesscouncil.ca\/fr\/initiatives\/initiatives-passees\/"]}]},{"@type":"ImageObject","inLanguage":"fr-FR","@id":"https:\/\/www.thebusinesscouncil.ca\/fr\/initiatives\/initiatives-passees\/#primaryimage","url":"https:\/\/www.thebusinesscouncil.ca\/wp-content\/uploads\/2025\/04\/POST-Promise-1024x640.png","contentUrl":"https:\/\/www.thebusinesscouncil.ca\/wp-content\/uploads\/2025\/04\/POST-Promise-1024x640.png"},{"@type":"BreadcrumbList","@id":"https:\/\/www.thebusinesscouncil.ca\/fr\/initiatives\/initiatives-passees\/#breadcrumb","itemListElement":[{"@type":"ListItem","position":1,"name":"Home","item":"https:\/\/www.thebusinesscouncil.ca\/fr\/"},{"@type":"ListItem","position":2,"name":"Initiatives","item":"https:\/\/www.thebusinesscouncil.ca\/initiatives\/"},{"@type":"ListItem","position":3,"name":"Initiatives pass\u00e9es"}]},{"@type":"WebSite","@id":"https:\/\/www.thebusinesscouncil.ca\/#website","url":"https:\/\/www.thebusinesscouncil.ca\/","name":"Business Council of Canada","description":"","publisher":{"@id":"https:\/\/www.thebusinesscouncil.ca\/#organization"},"potentialAction":[{"@type":"SearchAction","target":{"@type":"EntryPoint","urlTemplate":"https:\/\/www.thebusinesscouncil.ca\/?s={search_term_string}"},"query-input":{"@type":"PropertyValueSpecification","valueRequired":true,"valueName":"search_term_string"}}],"inLanguage":"fr-FR"},{"@type":"Organization","@id":"https:\/\/www.thebusinesscouncil.ca\/#organization","name":"Business Council of Canada","url":"https:\/\/www.thebusinesscouncil.ca\/","logo":{"@type":"ImageObject","inLanguage":"fr-FR","@id":"https:\/\/www.thebusinesscouncil.ca\/#\/schema\/logo\/image\/","url":"https:\/\/www.thebusinesscouncil.ca\/wp-content\/uploads\/2020\/10\/Business-Council-of-Canada-Generic.png","contentUrl":"https:\/\/www.thebusinesscouncil.ca\/wp-content\/uploads\/2020\/10\/Business-Council-of-Canada-Generic.png","width":1440,"height":900,"caption":"Business Council of Canada"},"image":{"@id":"https:\/\/www.thebusinesscouncil.ca\/#\/schema\/logo\/image\/"},"sameAs":["https:\/\/x.com\/BizCouncilofCan","https:\/\/www.linkedin.com\/company\/business-council-of-canda","https:\/\/www.youtube.com\/user\/CdnCEOCouncil"]}]}},"publishpress_future_action":{"enabled":false,"date":"2026-05-07 18:07:03","action":"change-status","newStatus":"draft","terms":[],"taxonomy":"translation_priority","extraData":[]},"publishpress_future_workflow_manual_trigger":{"enabledWorkflows":[]},"_links":{"self":[{"href":"https:\/\/www.thebusinesscouncil.ca\/fr\/wp-json\/wp\/v2\/pages\/21530","targetHints":{"allow":["GET"]}}],"collection":[{"href":"https:\/\/www.thebusinesscouncil.ca\/fr\/wp-json\/wp\/v2\/pages"}],"about":[{"href":"https:\/\/www.thebusinesscouncil.ca\/fr\/wp-json\/wp\/v2\/types\/page"}],"author":[{"embeddable":true,"href":"https:\/\/www.thebusinesscouncil.ca\/fr\/wp-json\/wp\/v2\/users\/3"}],"replies":[{"embeddable":true,"href":"https:\/\/www.thebusinesscouncil.ca\/fr\/wp-json\/wp\/v2\/comments?post=21530"}],"version-history":[{"count":0,"href":"https:\/\/www.thebusinesscouncil.ca\/fr\/wp-json\/wp\/v2\/pages\/21530\/revisions"}],"up":[{"embeddable":true,"href":"https:\/\/www.thebusinesscouncil.ca\/fr\/wp-json\/wp\/v2\/pages\/3375"}],"wp:attachment":[{"href":"https:\/\/www.thebusinesscouncil.ca\/fr\/wp-json\/wp\/v2\/media?parent=21530"}],"wp:term":[{"taxonomy":"post_types","embeddable":true,"href":"https:\/\/www.thebusinesscouncil.ca\/fr\/wp-json\/wp\/v2\/post_types?post=21530"},{"taxonomy":"topics","embeddable":true,"href":"https:\/\/www.thebusinesscouncil.ca\/fr\/wp-json\/wp\/v2\/topics?post=21530"},{"taxonomy":"wf_page_folders","embeddable":true,"href":"https:\/\/www.thebusinesscouncil.ca\/fr\/wp-json\/wp\/v2\/wf_page_folders?post=21530"}],"curies":[{"name":"wp","href":"https:\/\/api.w.org\/{rel}","templated":true}]}}